{"id":780,"date":"2020-01-05T15:14:49","date_gmt":"2020-01-05T14:14:49","guid":{"rendered":"https:\/\/imagoalexandri.es\/?page_id=780"},"modified":"2020-03-19T18:35:24","modified_gmt":"2020-03-19T17:35:24","slug":"alejandro-con-diadema-acunado-en-alejandria-de-isos","status":"publish","type":"page","link":"https:\/\/imagoalexandri.es\/?page_id=780","title":{"rendered":"Alejandro con Diadema acu\u00f1ado en Alejandr\u00eda de Isos"},"content":{"rendered":"\t\t<div data-elementor-type=\"wp-page\" data-elementor-id=\"780\" class=\"elementor elementor-780\">\n\t\t\t\t\t\t<section class=\"elementor-section elementor-top-section elementor-element elementor-element-bd27223 elementor-section-boxed elementor-section-height-default elementor-section-height-default wpr-particle-no wpr-jarallax-no wpr-parallax-no wpr-sticky-section-no\" data-id=\"bd27223\" data-element_type=\"section\" data-e-type=\"section\">\n\t\t\t\t\t\t<div class=\"elementor-container elementor-column-gap-default\">\n\t\t\t\t\t<div class=\"elementor-column elementor-col-100 elementor-top-column elementor-element elementor-element-9d15394\" data-id=\"9d15394\" data-element_type=\"column\" data-e-type=\"column\">\n\t\t\t<div class=\"elementor-widget-wrap elementor-element-populated\">\n\t\t\t\t\t\t<div class=\"elementor-element elementor-element-9455336 elementor-widget elementor-widget-image\" data-id=\"9455336\" data-element_type=\"widget\" data-e-type=\"widget\" data-widget_type=\"image.default\">\n\t\t\t\t<div class=\"elementor-widget-container\">\n\t\t\t\t\t\t\t\t\t\t\t\t<figure class=\"wp-caption\">\n\t\t\t\t\t\t\t\t\t\t<img decoding=\"async\" width=\"234\" height=\"111\" src=\"https:\/\/imagoalexandri.es\/wp-content\/uploads\/2020\/01\/Alejandro-con-Diadema-acu\u00f1ado-en-Alejandr\u00eda-de-Isos.jpg\" class=\"attachment-medium size-medium wp-image-783\" alt=\"\" \/>\t\t\t\t\t\t\t\t\t\t\t<figcaption class=\"widget-image-caption wp-caption-text\">Fotograf\u00eda en K. Dahmen 2007 pl 11.2<\/figcaption>\n\t\t\t\t\t\t\t\t\t\t<\/figure>\n\t\t\t\t\t\t\t\t\t<\/div>\n\t\t\t\t<\/div>\n\t\t\t\t\t<\/div>\n\t\t<\/div>\n\t\t\t\t\t<\/div>\n\t\t<\/section>\n\t\t\t\t<section class=\"elementor-section elementor-top-section elementor-element elementor-element-e78b06b elementor-section-boxed elementor-section-height-default elementor-section-height-default wpr-particle-no wpr-jarallax-no wpr-parallax-no wpr-sticky-section-no\" data-id=\"e78b06b\" data-element_type=\"section\" data-e-type=\"section\">\n\t\t\t\t\t\t<div class=\"elementor-container elementor-column-gap-default\">\n\t\t\t\t\t<div class=\"elementor-column elementor-col-100 elementor-top-column elementor-element elementor-element-a10e5ad\" data-id=\"a10e5ad\" data-element_type=\"column\" data-e-type=\"column\">\n\t\t\t<div class=\"elementor-widget-wrap elementor-element-populated\">\n\t\t\t\t\t\t<div class=\"elementor-element elementor-element-5626642 elementor-tabs-view-horizontal elementor-widget elementor-widget-tabs\" data-id=\"5626642\" data-element_type=\"widget\" data-e-type=\"widget\" data-widget_type=\"tabs.default\">\n\t\t\t\t<div class=\"elementor-widget-container\">\n\t\t\t\t\t\t\t<div class=\"elementor-tabs\">\n\t\t\t<div class=\"elementor-tabs-wrapper\" role=\"tablist\" >\n\t\t\t\t\t\t\t\t\t<div id=\"elementor-tab-title-9031\" class=\"elementor-tab-title elementor-tab-desktop-title\" aria-selected=\"true\" data-tab=\"1\" role=\"tab\" tabindex=\"0\" aria-controls=\"elementor-tab-content-9031\" aria-expanded=\"false\">Datos B\u00e1sicos<\/div>\n\t\t\t\t\t\t\t\t\t<div id=\"elementor-tab-title-9032\" class=\"elementor-tab-title elementor-tab-desktop-title\" aria-selected=\"false\" data-tab=\"2\" role=\"tab\" tabindex=\"-1\" aria-controls=\"elementor-tab-content-9032\" aria-expanded=\"false\">Bibliograf\u00eda e Informaci\u00f3n Web<\/div>\n\t\t\t\t\t\t\t\t\t<div id=\"elementor-tab-title-9033\" class=\"elementor-tab-title elementor-tab-desktop-title\" aria-selected=\"false\" data-tab=\"3\" role=\"tab\" tabindex=\"-1\" aria-controls=\"elementor-tab-content-9033\" aria-expanded=\"false\">Cronolog\u00eda<\/div>\n\t\t\t\t\t\t\t<\/div>\n\t\t\t<div class=\"elementor-tabs-content-wrapper\" role=\"tablist\" aria-orientation=\"vertical\">\n\t\t\t\t\t\t\t\t\t<div class=\"elementor-tab-title elementor-tab-mobile-title\" aria-selected=\"true\" data-tab=\"1\" role=\"tab\" tabindex=\"0\" aria-controls=\"elementor-tab-content-9031\" aria-expanded=\"false\">Datos B\u00e1sicos<\/div>\n\t\t\t\t\t<div id=\"elementor-tab-content-9031\" class=\"elementor-tab-content elementor-clearfix\" data-tab=\"1\" role=\"tabpanel\" aria-labelledby=\"elementor-tab-title-9031\" tabindex=\"0\" hidden=\"false\"><p>Material: Bronce<\/p><p>Ceca:\u00a0Alejandria de Isos (Cilicia)<\/p><\/div>\n\t\t\t\t\t\t\t\t\t<div class=\"elementor-tab-title elementor-tab-mobile-title\" aria-selected=\"false\" data-tab=\"2\" role=\"tab\" tabindex=\"-1\" aria-controls=\"elementor-tab-content-9032\" aria-expanded=\"false\">Bibliograf\u00eda e Informaci\u00f3n Web<\/div>\n\t\t\t\t\t<div id=\"elementor-tab-content-9032\" class=\"elementor-tab-content elementor-clearfix\" data-tab=\"2\" role=\"tabpanel\" aria-labelledby=\"elementor-tab-title-9032\" tabindex=\"0\" hidden=\"hidden\"><p>Bibliograf\u00eda o Referencias:<\/p><p>DAHMEN, K. (2007) <em>The legend of Alexander the Great on Greek and Roman Coins<\/em>\u00a0:22, 123-124. Londres\/New York.<\/p><p>\u00a0SNG Cilicie no 2416 (Referencia proporcionada por Dahmen)<\/p><p>\u00a0<\/p><\/div>\n\t\t\t\t\t\t\t\t\t<div class=\"elementor-tab-title elementor-tab-mobile-title\" aria-selected=\"false\" data-tab=\"3\" role=\"tab\" tabindex=\"-1\" aria-controls=\"elementor-tab-content-9033\" aria-expanded=\"false\">Cronolog\u00eda<\/div>\n\t\t\t\t\t<div id=\"elementor-tab-content-9033\" class=\"elementor-tab-content elementor-clearfix\" data-tab=\"3\" role=\"tabpanel\" aria-labelledby=\"elementor-tab-title-9033\" tabindex=\"0\" hidden=\"hidden\"><p>Fecha:\u00a043\/44 d.C.<\/p><p>Per\u00edodo:\u00a0Imperio<\/p><p>\u00c9poca de la Pieza:\u00a0Dinast\u00eda Julio-Claudia<\/p><\/div>\n\t\t\t\t\t\t\t<\/div>\n\t\t<\/div>\n\t\t\t\t\t\t<\/div>\n\t\t\t\t<\/div>\n\t\t\t\t\t<\/div>\n\t\t<\/div>\n\t\t\t\t\t<\/div>\n\t\t<\/section>\n\t\t\t\t<section class=\"elementor-section elementor-top-section elementor-element elementor-element-e7cc38d elementor-section-boxed elementor-section-height-default elementor-section-height-default wpr-particle-no wpr-jarallax-no wpr-parallax-no wpr-sticky-section-no\" data-id=\"e7cc38d\" data-element_type=\"section\" data-e-type=\"section\">\n\t\t\t\t\t\t<div class=\"elementor-container elementor-column-gap-default\">\n\t\t\t\t\t<div class=\"elementor-column elementor-col-100 elementor-top-column elementor-element elementor-element-64ba4da\" data-id=\"64ba4da\" data-element_type=\"column\" data-e-type=\"column\">\n\t\t\t<div class=\"elementor-widget-wrap elementor-element-populated\">\n\t\t\t\t\t\t<div class=\"elementor-element elementor-element-47463d8 elementor-widget elementor-widget-text-editor\" data-id=\"47463d8\" data-element_type=\"widget\" data-e-type=\"widget\" data-widget_type=\"text-editor.default\">\n\t\t\t\t<div class=\"elementor-widget-container\">\n\t\t\t\t\t\t\t\t\t\n<p align=\"justify\">Moneda acu\u00f1ada en Alejandr\u00eda de Isos (Cilicia)\n<ul>\n \t<li>Anverso: Retrato Alejandro de mirando a la derecha de con diadema.<\/li>\n \t<li>Reverso: Figura masculina apoyada en una lanza y un fiale con leyenda: ET IP A\u039bE\u039eAN\u2013\u0394PE\u03a9N<\/li>\n<\/ul>\nNos encontramos ante una emisi\u00f3n de car\u00e1cter regional , para la cual se utiliza al macedonio como principal referente. Alejandro porta al contrario que en las\u00a0<a href=\"https:\/\/imagoalexandri.es\/?page_id=481\" target=\"_blank\" rel=\"noopener\">acu\u00f1aciones de tipo Aesillas<\/a>, la diadema que muestra un car\u00e1cter mon\u00e1rquico de su figura, posiblemente el hecho de que nos encontremos en unas acu\u00f1aciones fuera de Roma, y que se est\u00e1 asentando el car\u00e1cter hereditario del imperio, una imagen de este tipo ser\u00eda m\u00e1s aceptable que en el per\u00edodo republicano.\nJunto a ello tenemos que hacer menci\u00f3n a la ceca de emisi\u00f3n, Alejandr\u00eda de Isos, sin duda la figura del hijo de Filipo, en esta ciudad era importante al ser una de sus fundaciones.<\/p>\t\t\t\t\t\t\t\t<\/div>\n\t\t\t\t<\/div>\n\t\t\t\t\t<\/div>\n\t\t<\/div>\n\t\t\t\t\t<\/div>\n\t\t<\/section>\n\t\t\t\t<section class=\"elementor-section elementor-top-section elementor-element elementor-element-e464af9 elementor-section-boxed elementor-section-height-default elementor-section-height-default wpr-particle-no wpr-jarallax-no wpr-parallax-no wpr-sticky-section-no\" data-id=\"e464af9\" data-element_type=\"section\" data-e-type=\"section\">\n\t\t\t\t\t\t<div class=\"elementor-container elementor-column-gap-default\">\n\t\t\t\t\t<div class=\"elementor-column elementor-col-100 elementor-top-column elementor-element elementor-element-ba7b73d\" data-id=\"ba7b73d\" data-element_type=\"column\" data-e-type=\"column\">\n\t\t\t<div class=\"elementor-widget-wrap elementor-element-populated\">\n\t\t\t\t\t\t<div class=\"elementor-element elementor-element-273a1e3 elementor-widget elementor-widget-image-gallery\" data-id=\"273a1e3\" data-element_type=\"widget\" data-e-type=\"widget\" data-widget_type=\"image-gallery.default\">\n\t\t\t\t<div class=\"elementor-widget-container\">\n\t\t\t\t\t\t\t<div class=\"elementor-image-gallery\">\n\t\t\t<div id='gallery-1' class='gallery galleryid-780 gallery-columns-2 gallery-size-medium'><figure class='gallery-item'>\n\t\t\t<div class='gallery-icon landscape'>\n\t\t\t\t<a data-elementor-open-lightbox=\"yes\" data-elementor-lightbox-slideshow=\"273a1e3\" data-elementor-lightbox-title=\"Alejandro con Diadema acu\u00f1ado en Alejandr\u00eda de Isos anverso\" data-e-action-hash=\"#elementor-action%3Aaction%3Dlightbox%26settings%3DeyJpZCI6Nzg0LCJ1cmwiOiJodHRwczpcL1wvaW1hZ29hbGV4YW5kcmkuZXNcL3dwLWNvbnRlbnRcL3VwbG9hZHNcLzIwMjBcLzAxXC9BbGVqYW5kcm8tY29uLURpYWRlbWEtYWN1XHUwMGYxYWRvLWVuLUFsZWphbmRyXHUwMGVkYS1kZS1Jc29zLWFudmVyc28uanBnIiwic2xpZGVzaG93IjoiMjczYTFlMyJ9\" href='https:\/\/imagoalexandri.es\/wp-content\/uploads\/2020\/01\/Alejandro-con-Diadema-acu\u00f1ado-en-Alejandr\u00eda-de-Isos-anverso.jpg'><img fetchpriority=\"high\" decoding=\"async\" width=\"256\" height=\"228\" src=\"https:\/\/imagoalexandri.es\/wp-content\/uploads\/2020\/01\/Alejandro-con-Diadema-acu\u00f1ado-en-Alejandr\u00eda-de-Isos-anverso.jpg\" class=\"attachment-medium size-medium\" alt=\"\" aria-describedby=\"gallery-1-784\" \/><\/a>\n\t\t\t<\/div>\n\t\t\t\t<figcaption class='wp-caption-text gallery-caption' id='gallery-1-784'>\n\t\t\t\tFotograf\u00eda en K.Dahmen 2007 pl 11.2\n\t\t\t\t<\/figcaption><\/figure><figure class='gallery-item'>\n\t\t\t<div class='gallery-icon landscape'>\n\t\t\t\t<a data-elementor-open-lightbox=\"yes\" data-elementor-lightbox-slideshow=\"273a1e3\" data-elementor-lightbox-title=\"Alejandro con Diadema acu\u00f1ado en Alejandr\u00eda de Isos reverso\" data-e-action-hash=\"#elementor-action%3Aaction%3Dlightbox%26settings%3DeyJpZCI6Nzg1LCJ1cmwiOiJodHRwczpcL1wvaW1hZ29hbGV4YW5kcmkuZXNcL3dwLWNvbnRlbnRcL3VwbG9hZHNcLzIwMjBcLzAxXC9BbGVqYW5kcm8tY29uLURpYWRlbWEtYWN1XHUwMGYxYWRvLWVuLUFsZWphbmRyXHUwMGVkYS1kZS1Jc29zLXJldmVyc28uanBnIiwic2xpZGVzaG93IjoiMjczYTFlMyJ9\" href='https:\/\/imagoalexandri.es\/wp-content\/uploads\/2020\/01\/Alejandro-con-Diadema-acu\u00f1ado-en-Alejandr\u00eda-de-Isos-reverso.jpg'><img decoding=\"async\" width=\"255\" height=\"232\" src=\"https:\/\/imagoalexandri.es\/wp-content\/uploads\/2020\/01\/Alejandro-con-Diadema-acu\u00f1ado-en-Alejandr\u00eda-de-Isos-reverso.jpg\" class=\"attachment-medium size-medium\" alt=\"\" aria-describedby=\"gallery-1-785\" \/><\/a>\n\t\t\t<\/div>\n\t\t\t\t<figcaption class='wp-caption-text gallery-caption' id='gallery-1-785'>\n\t\t\t\tFotograf\u00eda en K.Dahmen 2007 pl 11.2\n\t\t\t\t<\/figcaption><\/figure>\n\t\t<\/div>\n\t\t<\/div>\n\t\t\t\t\t\t<\/div>\n\t\t\t\t<\/div>\n\t\t\t\t\t<\/div>\n\t\t<\/div>\n\t\t\t\t\t<\/div>\n\t\t<\/section>\n\t\t\t\t<\/div>\n\t\t","protected":false},"excerpt":{"rendered":"<p>Fotograf\u00eda en K. Dahmen 2007 pl 11.2 Datos B\u00e1sicos Bibliograf\u00eda e Informaci\u00f3n Web Cronolog\u00eda Datos B\u00e1sicos Material: Bronce Ceca:\u00a0Alejandria de Isos (Cilicia) Bibliograf\u00eda e Informaci\u00f3n Web Bibliograf\u00eda o Referencias: DAHMEN, K. (2007) The legend of Alexander the Great on Greek and Roman Coins\u00a0:22, 123-124. Londres\/New York. \u00a0SNG Cilicie no 2416 (Referencia proporcionada por Dahmen) \u00a0 Cronolog\u00eda Fecha:\u00a043\/44 d.C. Per\u00edodo:\u00a0Imperio \u00c9poca de la Pieza:\u00a0Dinast\u00eda Julio-Claudia Moneda acu\u00f1ada en Alejandr\u00eda de Isos (Cilicia) Anverso: Retrato Alejandro de mirando a la derecha de con diadema. Reverso: Figura masculina apoyada en una lanza y un fiale con leyenda: ET IP A\u039bE\u039eAN\u2013\u0394PE\u03a9N Nos encontramos ante una emisi\u00f3n de car\u00e1cter regional , para la cual se utiliza al macedonio como principal referente. Alejandro porta al contrario que en las\u00a0acu\u00f1aciones de tipo Aesillas, la diadema que muestra un car\u00e1cter mon\u00e1rquico de su figura, posiblemente el hecho de que nos encontremos en unas acu\u00f1aciones fuera de Roma, y que se est\u00e1 asentando el car\u00e1cter hereditario del imperio, una imagen de este tipo ser\u00eda m\u00e1s aceptable que en el per\u00edodo republicano. Junto a ello tenemos que hacer menci\u00f3n a la ceca de emisi\u00f3n, Alejandr\u00eda de Isos, sin duda la figura del hijo de Filipo, en esta ciudad era importante al ser una de sus fundaciones. Fotograf\u00eda en K.Dahmen 2007 pl 11.2 Fotograf\u00eda en K.Dahmen 2007 pl 11.2<\/p>\n","protected":false},"author":2,"featured_media":0,"parent":0,"menu_order":0,"comment_status":"closed","ping_status":"closed","template":"","meta":{"footnotes":""},"class_list":{"0":"post-780","1":"page","2":"type-page","3":"status-publish","5":"ceca-alejandria-de-isos-cilicia","6":"materiales-bronce","7":"materiales-plata","8":"periodo-dinastia-julio-claudia","9":"periodo-imperio","10":"periodo-republica-siglo-i-a-c","11":"tipologia-moneda","12":"tipologia-numismatica"},"_links":{"self":[{"href":"https:\/\/imagoalexandri.es\/index.php?rest_route=\/wp\/v2\/pages\/780","targetHints":{"allow":["GET"]}}],"collection":[{"href":"https:\/\/imagoalexandri.es\/index.php?rest_route=\/wp\/v2\/pages"}],"about":[{"href":"https:\/\/imagoalexandri.es\/index.php?rest_route=\/wp\/v2\/types\/page"}],"author":[{"embeddable":true,"href":"https:\/\/imagoalexandri.es\/index.php?rest_route=\/wp\/v2\/users\/2"}],"replies":[{"embeddable":true,"href":"https:\/\/imagoalexandri.es\/index.php?rest_route=%2Fwp%2Fv2%2Fcomments&post=780"}],"version-history":[{"count":0,"href":"https:\/\/imagoalexandri.es\/index.php?rest_route=\/wp\/v2\/pages\/780\/revisions"}],"wp:attachment":[{"href":"https:\/\/imagoalexandri.es\/index.php?rest_route=%2Fwp%2Fv2%2Fmedia&parent=780"}],"curies":[{"name":"wp","href":"https:\/\/api.w.org\/{rel}","templated":true}]}}