{"id":760,"date":"2020-01-05T11:13:34","date_gmt":"2020-01-05T10:13:34","guid":{"rendered":"https:\/\/imagoalexandri.es\/?page_id=760"},"modified":"2020-03-19T18:29:58","modified_gmt":"2020-03-19T17:29:58","slug":"alejandro-nelidow","status":"publish","type":"page","link":"https:\/\/imagoalexandri.es\/?page_id=760","title":{"rendered":"Alejandro Nelidow"},"content":{"rendered":"\t\t<div data-elementor-type=\"wp-page\" data-elementor-id=\"760\" class=\"elementor elementor-760\">\n\t\t\t\t\t\t<section class=\"elementor-section elementor-top-section elementor-element elementor-element-bd27223 elementor-section-boxed elementor-section-height-default elementor-section-height-default wpr-particle-no wpr-jarallax-no wpr-parallax-no wpr-sticky-section-no\" data-id=\"bd27223\" data-element_type=\"section\" data-e-type=\"section\">\n\t\t\t\t\t\t<div class=\"elementor-container elementor-column-gap-default\">\n\t\t\t\t\t<div class=\"elementor-column elementor-col-100 elementor-top-column elementor-element elementor-element-9d15394\" data-id=\"9d15394\" data-element_type=\"column\" data-e-type=\"column\">\n\t\t\t<div class=\"elementor-widget-wrap elementor-element-populated\">\n\t\t\t\t\t\t<div class=\"elementor-element elementor-element-185fd32 elementor-widget elementor-widget-image\" data-id=\"185fd32\" data-element_type=\"widget\" data-e-type=\"widget\" data-widget_type=\"image.default\">\n\t\t\t\t<div class=\"elementor-widget-container\">\n\t\t\t\t\t\t\t\t\t\t\t\t<figure class=\"wp-caption\">\n\t\t\t\t\t\t\t\t\t\t<img fetchpriority=\"high\" decoding=\"async\" width=\"768\" height=\"1153\" src=\"https:\/\/imagoalexandri.es\/wp-content\/uploads\/2020\/01\/47335177-768x1153.jpg\" class=\"attachment-medium_large size-medium_large wp-image-725\" alt=\"\" srcset=\"https:\/\/imagoalexandri.es\/wp-content\/uploads\/2020\/01\/47335177-768x1153.jpg 768w, https:\/\/imagoalexandri.es\/wp-content\/uploads\/2020\/01\/47335177-200x300.jpg 200w, https:\/\/imagoalexandri.es\/wp-content\/uploads\/2020\/01\/47335177-682x1024.jpg 682w, https:\/\/imagoalexandri.es\/wp-content\/uploads\/2020\/01\/47335177-1023x1536.jpg 1023w, https:\/\/imagoalexandri.es\/wp-content\/uploads\/2020\/01\/47335177-1364x2048.jpg 1364w, https:\/\/imagoalexandri.es\/wp-content\/uploads\/2020\/01\/47335177.jpg 1599w\" sizes=\"(max-width: 768px) 100vw, 768px\" \/>\t\t\t\t\t\t\t\t\t\t\t<figcaption class=\"widget-image-caption wp-caption-text\">Fotograf\u00eda de la p\u00e1gina web de Harvard Art museums<\/figcaption>\n\t\t\t\t\t\t\t\t\t\t<\/figure>\n\t\t\t\t\t\t\t\t\t<\/div>\n\t\t\t\t<\/div>\n\t\t\t\t\t<\/div>\n\t\t<\/div>\n\t\t\t\t\t<\/div>\n\t\t<\/section>\n\t\t\t\t<section class=\"elementor-section elementor-top-section elementor-element elementor-element-e78b06b elementor-section-boxed elementor-section-height-default elementor-section-height-default wpr-particle-no wpr-jarallax-no wpr-parallax-no wpr-sticky-section-no\" data-id=\"e78b06b\" data-element_type=\"section\" data-e-type=\"section\">\n\t\t\t\t\t\t<div class=\"elementor-container elementor-column-gap-default\">\n\t\t\t\t\t<div class=\"elementor-column elementor-col-100 elementor-top-column elementor-element elementor-element-a10e5ad\" data-id=\"a10e5ad\" data-element_type=\"column\" data-e-type=\"column\">\n\t\t\t<div class=\"elementor-widget-wrap elementor-element-populated\">\n\t\t\t\t\t\t<div class=\"elementor-element elementor-element-5626642 elementor-tabs-view-horizontal elementor-widget elementor-widget-tabs\" data-id=\"5626642\" data-element_type=\"widget\" data-e-type=\"widget\" data-widget_type=\"tabs.default\">\n\t\t\t\t<div class=\"elementor-widget-container\">\n\t\t\t\t\t\t\t<div class=\"elementor-tabs\">\n\t\t\t<div class=\"elementor-tabs-wrapper\" role=\"tablist\" >\n\t\t\t\t\t\t\t\t\t<div id=\"elementor-tab-title-9031\" class=\"elementor-tab-title elementor-tab-desktop-title\" aria-selected=\"true\" data-tab=\"1\" role=\"tab\" tabindex=\"0\" aria-controls=\"elementor-tab-content-9031\" aria-expanded=\"false\">Datos B\u00e1sicos<\/div>\n\t\t\t\t\t\t\t\t\t<div id=\"elementor-tab-title-9032\" class=\"elementor-tab-title elementor-tab-desktop-title\" aria-selected=\"false\" data-tab=\"2\" role=\"tab\" tabindex=\"-1\" aria-controls=\"elementor-tab-content-9032\" aria-expanded=\"false\">Bibliograf\u00eda e Informaci\u00f3n Web<\/div>\n\t\t\t\t\t\t\t\t\t<div id=\"elementor-tab-title-9033\" class=\"elementor-tab-title elementor-tab-desktop-title\" aria-selected=\"false\" data-tab=\"3\" role=\"tab\" tabindex=\"-1\" aria-controls=\"elementor-tab-content-9033\" aria-expanded=\"false\">Medidas<\/div>\n\t\t\t\t\t\t\t\t\t<div id=\"elementor-tab-title-9034\" class=\"elementor-tab-title elementor-tab-desktop-title\" aria-selected=\"false\" data-tab=\"4\" role=\"tab\" tabindex=\"-1\" aria-controls=\"elementor-tab-content-9034\" aria-expanded=\"false\">Cronolog\u00eda<\/div>\n\t\t\t\t\t\t\t<\/div>\n\t\t\t<div class=\"elementor-tabs-content-wrapper\" role=\"tablist\" aria-orientation=\"vertical\">\n\t\t\t\t\t\t\t\t\t<div class=\"elementor-tab-title elementor-tab-mobile-title\" aria-selected=\"true\" data-tab=\"1\" role=\"tab\" tabindex=\"0\" aria-controls=\"elementor-tab-content-9031\" aria-expanded=\"false\">Datos B\u00e1sicos<\/div>\n\t\t\t\t\t<div id=\"elementor-tab-content-9031\" class=\"elementor-tab-content elementor-clearfix\" data-tab=\"1\" role=\"tabpanel\" aria-labelledby=\"elementor-tab-title-9031\" tabindex=\"0\" hidden=\"false\"><p>Museo Actual:\u00a0Foog Art Museum<\/p><p>Inventario Museo:\u00a01956.20<\/p><p>Material: Bronce<\/p><\/div>\n\t\t\t\t\t\t\t\t\t<div class=\"elementor-tab-title elementor-tab-mobile-title\" aria-selected=\"false\" data-tab=\"2\" role=\"tab\" tabindex=\"-1\" aria-controls=\"elementor-tab-content-9032\" aria-expanded=\"false\">Bibliograf\u00eda e Informaci\u00f3n Web<\/div>\n\t\t\t\t\t<div id=\"elementor-tab-content-9032\" class=\"elementor-tab-content elementor-clearfix\" data-tab=\"2\" role=\"tabpanel\" aria-labelledby=\"elementor-tab-title-9032\" tabindex=\"0\" hidden=\"hidden\"><p>Bibliograf\u00eda o Referencias:\u00a0<\/p><p>FURTW\u00c4NGLER,A. (1901) \u201cAncient Sculptures at Chatsworth House\u201d <i>JHS<\/i> 21:213.<\/p><p>DE UJFALVY, C. (1902)\u00a0<i>Le type phisique d\u2019 Alexandre le Grand<\/i>:109.Par\u00eds.\u00a0<\/p><p>\u00a0<\/p><p>BUITRON,D. M. (1973)\u201cThe Alexander Nelidow. A Reinassance bronce?\u201d <i>ABull <\/i>55:393-400.<\/p><p>STEWART, A.\u00a0(1993)\u00a0 <i>Faces of Power<\/i>\u00a0:163,169-170<\/p><p>RIDGWAY, S.B. (2001)\u00a0<i>Hellenistic Sculpture I. The Styles of ca 331-200 B.C<\/i>.:115, 139-140. Madison.<\/p><p>Informaci\u00f3n Web:\u00a0<a href=\"http:\/\/www.harvardartmuseums.org\/art\/312306\" target=\"_blank\" rel=\"noopener\">P\u00e1gina del Museo<\/a><\/p><\/div>\n\t\t\t\t\t\t\t\t\t<div class=\"elementor-tab-title elementor-tab-mobile-title\" aria-selected=\"false\" data-tab=\"3\" role=\"tab\" tabindex=\"-1\" aria-controls=\"elementor-tab-content-9033\" aria-expanded=\"false\">Medidas<\/div>\n\t\t\t\t\t<div id=\"elementor-tab-content-9033\" class=\"elementor-tab-content elementor-clearfix\" data-tab=\"3\" role=\"tabpanel\" aria-labelledby=\"elementor-tab-title-9033\" tabindex=\"0\" hidden=\"hidden\"><p>Alto:\u00a0 \u00a012 cm\u00a0<\/p><p>Ancho: 5,2 cm<\/p><\/div>\n\t\t\t\t\t\t\t\t\t<div class=\"elementor-tab-title elementor-tab-mobile-title\" aria-selected=\"false\" data-tab=\"4\" role=\"tab\" tabindex=\"-1\" aria-controls=\"elementor-tab-content-9034\" aria-expanded=\"false\">Cronolog\u00eda<\/div>\n\t\t\t\t\t<div id=\"elementor-tab-content-9034\" class=\"elementor-tab-content elementor-clearfix\" data-tab=\"4\" role=\"tabpanel\" aria-labelledby=\"elementor-tab-title-9034\" tabindex=\"0\" hidden=\"hidden\"><p>Fecha:\u00a0I-II d.C<\/p><p>Per\u00edodo: Imperio<\/p><p>\u00c9poca de la Pieza: Dinast\u00eda Julio-Claudia<\/p><p>\u00c9poca de realizaci\u00f3n de la pieza que imita: \u00c9poca de Alejandro<\/p><\/div>\n\t\t\t\t\t\t\t<\/div>\n\t\t<\/div>\n\t\t\t\t\t\t<\/div>\n\t\t\t\t<\/div>\n\t\t\t\t<div class=\"elementor-element elementor-element-3952466 elementor-widget elementor-widget-text-editor\" data-id=\"3952466\" data-element_type=\"widget\" data-e-type=\"widget\" data-widget_type=\"text-editor.default\">\n\t\t\t\t<div class=\"elementor-widget-container\">\n\t\t\t\t\t\t\t\t\t\n<p align=\"justify\">Figura representada con desnudo heroico, brazo izquierdo levantado donde llevar\u00eda la lanza mientras que el brazo derecho est\u00e1 apoyado en su cintura. La pierna derecha apoyada en el suelo y la izquierda est\u00e1 atrasada con el tal\u00f3n levantado, al estar colocadas as\u00ed las piernas se crea una curva praxiteliana.\nCon respecto a la cabeza podemos observar que posee varios de los rasgos adjudicados a Alejandro, la barbilla redondeada, la cabeza ladeada a la izquierda y el cabello rizado, en la \u00faltima fotograf\u00eda se percibe una especie de hendidura en el cabello que tal vez hubiera tenido en su \u00e9poca una corona helen\u00edstica, seg\u00fan la informaci\u00f3n que proporciona el museo. <\/p>\t\t\t\t\t\t\t\t<\/div>\n\t\t\t\t<\/div>\n\t\t\t\t\t<\/div>\n\t\t<\/div>\n\t\t\t\t\t<\/div>\n\t\t<\/section>\n\t\t\t\t<section class=\"elementor-section elementor-top-section elementor-element elementor-element-2f21852 elementor-section-boxed elementor-section-height-default elementor-section-height-default wpr-particle-no wpr-jarallax-no wpr-parallax-no wpr-sticky-section-no\" data-id=\"2f21852\" data-element_type=\"section\" data-e-type=\"section\">\n\t\t\t\t\t\t<div class=\"elementor-container elementor-column-gap-default\">\n\t\t\t\t\t<div class=\"elementor-column elementor-col-100 elementor-top-column elementor-element elementor-element-411273e\" data-id=\"411273e\" data-element_type=\"column\" data-e-type=\"column\">\n\t\t\t<div class=\"elementor-widget-wrap elementor-element-populated\">\n\t\t\t\t\t\t<div class=\"elementor-element elementor-element-99cb49d elementor-widget elementor-widget-image-gallery\" data-id=\"99cb49d\" data-element_type=\"widget\" data-e-type=\"widget\" data-widget_type=\"image-gallery.default\">\n\t\t\t\t<div class=\"elementor-widget-container\">\n\t\t\t\t\t\t\t<div class=\"elementor-image-gallery\">\n\t\t\t<div id='gallery-1' class='gallery galleryid-760 gallery-columns-3 gallery-size-medium_large'><figure class='gallery-item'>\n\t\t\t<div class='gallery-icon portrait'>\n\t\t\t\t<a data-elementor-open-lightbox=\"yes\" data-elementor-lightbox-slideshow=\"99cb49d\" data-elementor-lightbox-title=\"Alejandro Nelidow 4\" data-e-action-hash=\"#elementor-action%3Aaction%3Dlightbox%26settings%3DeyJpZCI6NzI5LCJ1cmwiOiJodHRwczpcL1wvaW1hZ29hbGV4YW5kcmkuZXNcL3dwLWNvbnRlbnRcL3VwbG9hZHNcLzIwMjBcLzAxXC80MDAwOTUxMjEuanBnIiwic2xpZGVzaG93IjoiOTljYjQ5ZCJ9\" href='https:\/\/imagoalexandri.es\/wp-content\/uploads\/2020\/01\/400095121.jpg'><img decoding=\"async\" width=\"768\" height=\"1135\" src=\"https:\/\/imagoalexandri.es\/wp-content\/uploads\/2020\/01\/400095121-768x1135.jpg\" class=\"attachment-medium_large size-medium_large\" alt=\"\" aria-describedby=\"gallery-1-729\" srcset=\"https:\/\/imagoalexandri.es\/wp-content\/uploads\/2020\/01\/400095121-768x1135.jpg 768w, https:\/\/imagoalexandri.es\/wp-content\/uploads\/2020\/01\/400095121-203x300.jpg 203w, https:\/\/imagoalexandri.es\/wp-content\/uploads\/2020\/01\/400095121-693x1024.jpg 693w, https:\/\/imagoalexandri.es\/wp-content\/uploads\/2020\/01\/400095121-1040x1536.jpg 1040w, https:\/\/imagoalexandri.es\/wp-content\/uploads\/2020\/01\/400095121.jpg 1386w\" sizes=\"(max-width: 768px) 100vw, 768px\" \/><\/a>\n\t\t\t<\/div>\n\t\t\t\t<figcaption class='wp-caption-text gallery-caption' id='gallery-1-729'>\n\t\t\t\tFotograf\u00eda de la p\u00e1gina web de Harvard Art museums\n\t\t\t\t<\/figcaption><\/figure><figure class='gallery-item'>\n\t\t\t<div class='gallery-icon portrait'>\n\t\t\t\t<a data-elementor-open-lightbox=\"yes\" data-elementor-lightbox-slideshow=\"99cb49d\" data-elementor-lightbox-title=\"Alejandro Nelidow 5\" data-e-action-hash=\"#elementor-action%3Aaction%3Dlightbox%26settings%3DeyJpZCI6NzI4LCJ1cmwiOiJodHRwczpcL1wvaW1hZ29hbGV4YW5kcmkuZXNcL3dwLWNvbnRlbnRcL3VwbG9hZHNcLzIwMjBcLzAxXC80MDAwOTUxMTcuanBnIiwic2xpZGVzaG93IjoiOTljYjQ5ZCJ9\" href='https:\/\/imagoalexandri.es\/wp-content\/uploads\/2020\/01\/400095117.jpg'><img decoding=\"async\" width=\"768\" height=\"1024\" src=\"https:\/\/imagoalexandri.es\/wp-content\/uploads\/2020\/01\/400095117-768x1024.jpg\" class=\"attachment-medium_large size-medium_large\" alt=\"\" aria-describedby=\"gallery-1-728\" srcset=\"https:\/\/imagoalexandri.es\/wp-content\/uploads\/2020\/01\/400095117-768x1024.jpg 768w, https:\/\/imagoalexandri.es\/wp-content\/uploads\/2020\/01\/400095117-225x300.jpg 225w, https:\/\/imagoalexandri.es\/wp-content\/uploads\/2020\/01\/400095117-1152x1536.jpg 1152w, https:\/\/imagoalexandri.es\/wp-content\/uploads\/2020\/01\/400095117.jpg 1536w\" sizes=\"(max-width: 768px) 100vw, 768px\" \/><\/a>\n\t\t\t<\/div>\n\t\t\t\t<figcaption class='wp-caption-text gallery-caption' id='gallery-1-728'>\n\t\t\t\tFotograf\u00eda de la p\u00e1gina web de Harvard Art museums\n\t\t\t\t<\/figcaption><\/figure><figure class='gallery-item'>\n\t\t\t<div class='gallery-icon portrait'>\n\t\t\t\t<a data-elementor-open-lightbox=\"yes\" data-elementor-lightbox-slideshow=\"99cb49d\" data-elementor-lightbox-title=\"Alejandro Nelidow 3\" data-e-action-hash=\"#elementor-action%3Aaction%3Dlightbox%26settings%3DeyJpZCI6NzMwLCJ1cmwiOiJodHRwczpcL1wvaW1hZ29hbGV4YW5kcmkuZXNcL3dwLWNvbnRlbnRcL3VwbG9hZHNcLzIwMjBcLzAxXC80MDAwOTUxMjUuanBnIiwic2xpZGVzaG93IjoiOTljYjQ5ZCJ9\" href='https:\/\/imagoalexandri.es\/wp-content\/uploads\/2020\/01\/400095125.jpg'><img loading=\"lazy\" decoding=\"async\" width=\"768\" height=\"1024\" src=\"https:\/\/imagoalexandri.es\/wp-content\/uploads\/2020\/01\/400095125-768x1024.jpg\" class=\"attachment-medium_large size-medium_large\" alt=\"\" aria-describedby=\"gallery-1-730\" srcset=\"https:\/\/imagoalexandri.es\/wp-content\/uploads\/2020\/01\/400095125-768x1024.jpg 768w, https:\/\/imagoalexandri.es\/wp-content\/uploads\/2020\/01\/400095125-225x300.jpg 225w, https:\/\/imagoalexandri.es\/wp-content\/uploads\/2020\/01\/400095125-1152x1536.jpg 1152w, https:\/\/imagoalexandri.es\/wp-content\/uploads\/2020\/01\/400095125.jpg 1536w\" sizes=\"(max-width: 768px) 100vw, 768px\" \/><\/a>\n\t\t\t<\/div>\n\t\t\t\t<figcaption class='wp-caption-text gallery-caption' id='gallery-1-730'>\n\t\t\t\tFotograf\u00eda de la p\u00e1gina web de Harvard Art museums\n\t\t\t\t<\/figcaption><\/figure><figure class='gallery-item'>\n\t\t\t<div class='gallery-icon portrait'>\n\t\t\t\t<a data-elementor-open-lightbox=\"yes\" data-elementor-lightbox-slideshow=\"99cb49d\" data-elementor-lightbox-title=\"Alejandro Nelidow 2\" data-e-action-hash=\"#elementor-action%3Aaction%3Dlightbox%26settings%3DeyJpZCI6NzMxLCJ1cmwiOiJodHRwczpcL1wvaW1hZ29hbGV4YW5kcmkuZXNcL3dwLWNvbnRlbnRcL3VwbG9hZHNcLzIwMjBcLzAxXC80MDAwOTUxMjkuanBnIiwic2xpZGVzaG93IjoiOTljYjQ5ZCJ9\" href='https:\/\/imagoalexandri.es\/wp-content\/uploads\/2020\/01\/400095129.jpg'><img loading=\"lazy\" decoding=\"async\" width=\"768\" height=\"1011\" src=\"https:\/\/imagoalexandri.es\/wp-content\/uploads\/2020\/01\/400095129-768x1011.jpg\" class=\"attachment-medium_large size-medium_large\" alt=\"\" aria-describedby=\"gallery-1-731\" srcset=\"https:\/\/imagoalexandri.es\/wp-content\/uploads\/2020\/01\/400095129-768x1011.jpg 768w, https:\/\/imagoalexandri.es\/wp-content\/uploads\/2020\/01\/400095129-228x300.jpg 228w, https:\/\/imagoalexandri.es\/wp-content\/uploads\/2020\/01\/400095129.jpg 778w\" sizes=\"(max-width: 768px) 100vw, 768px\" \/><\/a>\n\t\t\t<\/div>\n\t\t\t\t<figcaption class='wp-caption-text gallery-caption' id='gallery-1-731'>\n\t\t\t\tFotograf\u00eda de la p\u00e1gina web de Harvard Art museums\n\t\t\t\t<\/figcaption><\/figure><figure class='gallery-item'>\n\t\t\t<div class='gallery-icon portrait'>\n\t\t\t\t<a data-elementor-open-lightbox=\"yes\" data-elementor-lightbox-slideshow=\"99cb49d\" data-elementor-lightbox-title=\"Alejandro Nelidow\" data-e-action-hash=\"#elementor-action%3Aaction%3Dlightbox%26settings%3DeyJpZCI6NzMyLCJ1cmwiOiJodHRwczpcL1wvaW1hZ29hbGV4YW5kcmkuZXNcL3dwLWNvbnRlbnRcL3VwbG9hZHNcLzIwMjBcLzAxXC80MDAwOTUxMzMuanBnIiwic2xpZGVzaG93IjoiOTljYjQ5ZCJ9\" href='https:\/\/imagoalexandri.es\/wp-content\/uploads\/2020\/01\/400095133.jpg'><img loading=\"lazy\" decoding=\"async\" width=\"763\" height=\"1024\" src=\"https:\/\/imagoalexandri.es\/wp-content\/uploads\/2020\/01\/400095133.jpg\" class=\"attachment-medium_large size-medium_large\" alt=\"\" aria-describedby=\"gallery-1-732\" srcset=\"https:\/\/imagoalexandri.es\/wp-content\/uploads\/2020\/01\/400095133.jpg 763w, https:\/\/imagoalexandri.es\/wp-content\/uploads\/2020\/01\/400095133-224x300.jpg 224w\" sizes=\"(max-width: 763px) 100vw, 763px\" \/><\/a>\n\t\t\t<\/div>\n\t\t\t\t<figcaption class='wp-caption-text gallery-caption' id='gallery-1-732'>\n\t\t\t\tFotograf\u00eda de la p\u00e1gina web de Harvard Art museums\n\t\t\t\t<\/figcaption><\/figure>\n\t\t<\/div>\n\t\t<\/div>\n\t\t\t\t\t\t<\/div>\n\t\t\t\t<\/div>\n\t\t\t\t<div class=\"elementor-element elementor-element-84b98b4 elementor-widget elementor-widget-text-editor\" data-id=\"84b98b4\" data-element_type=\"widget\" data-e-type=\"widget\" data-widget_type=\"text-editor.default\">\n\t\t\t\t<div class=\"elementor-widget-container\">\n\t\t\t\t\t\t\t\t\t\n<p align=\"justify\">Con respecto a esta pieza nos encontramos en torno a un debate ya no de identificaci\u00f3n de Alejandro u otra figura, sino de cronolog\u00eda posterior al mundo antiguo. Buitron (1973) arguye que la pieza es una obra de \u00e9poca renacentista, bas\u00e1ndose principalmente en un criterio estil\u00edstico. Seg\u00fan la autora, en el torso de la pieza se destacan una serie de m\u00fasculos que en la postura representada es inusual dentro de las esculturas griegas. Pero si que podr\u00eda copiar otras obras griegas conocidas en el Renacimiento como el\u00a0<a style=\"background-color: #ffffff;\" href=\"http:\/\/www.museivaticani.va\/content\/museivaticani\/es\/collezioni\/musei\/museo-pio-clementino\/sala-delle-muse\/torso-del-belvedere.html\" target=\"_blank\" rel=\"noopener\">Torso Belvedere<\/a>. A lo que habr\u00eda que a\u00f1adir que el Alejandro Nelidow carece de contexto arqueol\u00f3gico. En nuestra opini\u00f3n efectivamente esta representaci\u00f3n del macedonio es m\u00e1s musculada que otras piezas documentadas del mismo, mas si est\u00e1 copiando un original de \u00e9poca de Alejandro. Pero en lo que se refiere a la cabeza de la escultura ya tenemos una serie de dudas, seg\u00fan Buitron, para los rasgos faciales y por tanto tambi\u00e9n el cabello, el artista renacentista se habr\u00eda basado en los que se aparec\u00edan en las monedas, ya que desconoc\u00eda o no pose\u00eda una obra escult\u00f3rica sobre el Magno, de la cual copiar los mismos. En la web del museo se nos indica que en la restauraci\u00f3n de 1970 se aprecia una hendidura que podr\u00eda implicar que la escultura tuviera una corona, lo que provoca que el cabello enmarque el rostro de Alejandro y que se observa en otras esculturas que llevan este atributo. Pero que en lo que se refiere a la numism\u00e1tica no es un atributo habitual, con lo que resulta curioso que lo escogiera. Unido a que tendr\u00eda que ser de una emisi\u00f3n de optima calidad para observarlo y que el peinado quede igual, aunque tambi\u00e9n es cierto que si lo que escogi\u00f3 como modelo fuera un sello, que por sus caracter\u00edsticas suelen ser objetos de mejor calidad, se podr\u00eda apreciar este detalle. <\/p>\t\t\t\t\t\t\t\t<\/div>\n\t\t\t\t<\/div>\n\t\t\t\t<div class=\"elementor-element elementor-element-e73b994 elementor-widget elementor-widget-image\" data-id=\"e73b994\" data-element_type=\"widget\" data-e-type=\"widget\" data-widget_type=\"image.default\">\n\t\t\t\t<div class=\"elementor-widget-container\">\n\t\t\t\t\t\t\t\t\t\t\t\t<figure class=\"wp-caption\">\n\t\t\t\t\t\t\t\t\t\t\t<a href=\"http:\/\/www.museivaticani.va\/content\/museivaticani\/es\/collezioni\/musei\/museo-pio-clementino\/sala-delle-muse\/torso-del-belvedere.html\">\n\t\t\t\t\t\t\t<img loading=\"lazy\" decoding=\"async\" width=\"240\" height=\"300\" src=\"https:\/\/imagoalexandri.es\/wp-content\/uploads\/2020\/01\/torso-belvedere-pagina-web-museo-vaticanos-240x300.jpeg\" class=\"attachment-medium size-medium wp-image-763\" alt=\"\" srcset=\"https:\/\/imagoalexandri.es\/wp-content\/uploads\/2020\/01\/torso-belvedere-pagina-web-museo-vaticanos-240x300.jpeg 240w, https:\/\/imagoalexandri.es\/wp-content\/uploads\/2020\/01\/torso-belvedere-pagina-web-museo-vaticanos-819x1024.jpeg 819w, https:\/\/imagoalexandri.es\/wp-content\/uploads\/2020\/01\/torso-belvedere-pagina-web-museo-vaticanos-768x960.jpeg 768w, https:\/\/imagoalexandri.es\/wp-content\/uploads\/2020\/01\/torso-belvedere-pagina-web-museo-vaticanos.jpeg 1024w\" sizes=\"(max-width: 240px) 100vw, 240px\" \/>\t\t\t\t\t\t\t\t<\/a>\n\t\t\t\t\t\t\t\t\t\t\t<figcaption class=\"widget-image-caption wp-caption-text\">Fotograf\u00eda de la p\u00e1gina web de los Museos Vaticanos<\/figcaption>\n\t\t\t\t\t\t\t\t\t\t<\/figure>\n\t\t\t\t\t\t\t\t\t<\/div>\n\t\t\t\t<\/div>\n\t\t\t\t<div class=\"elementor-element elementor-element-f1d9dd3 elementor-widget elementor-widget-image-gallery\" data-id=\"f1d9dd3\" data-element_type=\"widget\" data-e-type=\"widget\" data-widget_type=\"image-gallery.default\">\n\t\t\t\t<div class=\"elementor-widget-container\">\n\t\t\t\t\t\t\t<div class=\"elementor-image-gallery\">\n\t\t\t<div id='gallery-2' class='gallery galleryid-760 gallery-columns-3 gallery-size-medium_large'><figure class='gallery-item'>\n\t\t\t<div class='gallery-icon portrait'>\n\t\t\t\t<a data-elementor-open-lightbox=\"yes\" data-elementor-lightbox-slideshow=\"f1d9dd3\" data-elementor-lightbox-title=\"Alejandro Nelidow8\" data-e-action-hash=\"#elementor-action%3Aaction%3Dlightbox%26settings%3DeyJpZCI6NzI1LCJ1cmwiOiJodHRwczpcL1wvaW1hZ29hbGV4YW5kcmkuZXNcL3dwLWNvbnRlbnRcL3VwbG9hZHNcLzIwMjBcLzAxXC80NzMzNTE3Ny5qcGciLCJzbGlkZXNob3ciOiJmMWQ5ZGQzIn0%3D\" href='https:\/\/imagoalexandri.es\/wp-content\/uploads\/2020\/01\/47335177.jpg'><img loading=\"lazy\" decoding=\"async\" width=\"768\" height=\"1153\" src=\"https:\/\/imagoalexandri.es\/wp-content\/uploads\/2020\/01\/47335177-768x1153.jpg\" class=\"attachment-medium_large size-medium_large\" alt=\"\" aria-describedby=\"gallery-2-725\" srcset=\"https:\/\/imagoalexandri.es\/wp-content\/uploads\/2020\/01\/47335177-768x1153.jpg 768w, https:\/\/imagoalexandri.es\/wp-content\/uploads\/2020\/01\/47335177-200x300.jpg 200w, https:\/\/imagoalexandri.es\/wp-content\/uploads\/2020\/01\/47335177-682x1024.jpg 682w, https:\/\/imagoalexandri.es\/wp-content\/uploads\/2020\/01\/47335177-1023x1536.jpg 1023w, https:\/\/imagoalexandri.es\/wp-content\/uploads\/2020\/01\/47335177-1364x2048.jpg 1364w, https:\/\/imagoalexandri.es\/wp-content\/uploads\/2020\/01\/47335177.jpg 1599w\" sizes=\"(max-width: 768px) 100vw, 768px\" \/><\/a>\n\t\t\t<\/div>\n\t\t\t\t<figcaption class='wp-caption-text gallery-caption' id='gallery-2-725'>\n\t\t\t\tFotograf\u00eda de la p\u00e1gina web de Harvard Art museums\n\t\t\t\t<\/figcaption><\/figure><figure class='gallery-item'>\n\t\t\t<div class='gallery-icon portrait'>\n\t\t\t\t<a data-elementor-open-lightbox=\"yes\" data-elementor-lightbox-slideshow=\"f1d9dd3\" data-elementor-lightbox-title=\"Alejandro Nelidow 6\" data-e-action-hash=\"#elementor-action%3Aaction%3Dlightbox%26settings%3DeyJpZCI6NzI3LCJ1cmwiOiJodHRwczpcL1wvaW1hZ29hbGV4YW5kcmkuZXNcL3dwLWNvbnRlbnRcL3VwbG9hZHNcLzIwMjBcLzAxXC80NzMzNTE4NS5qcGciLCJzbGlkZXNob3ciOiJmMWQ5ZGQzIn0%3D\" href='https:\/\/imagoalexandri.es\/wp-content\/uploads\/2020\/01\/47335185.jpg'><img loading=\"lazy\" decoding=\"async\" width=\"683\" height=\"1024\" src=\"https:\/\/imagoalexandri.es\/wp-content\/uploads\/2020\/01\/47335185.jpg\" class=\"attachment-medium_large size-medium_large\" alt=\"\" aria-describedby=\"gallery-2-727\" srcset=\"https:\/\/imagoalexandri.es\/wp-content\/uploads\/2020\/01\/47335185.jpg 683w, https:\/\/imagoalexandri.es\/wp-content\/uploads\/2020\/01\/47335185-200x300.jpg 200w\" sizes=\"(max-width: 683px) 100vw, 683px\" \/><\/a>\n\t\t\t<\/div>\n\t\t\t\t<figcaption class='wp-caption-text gallery-caption' id='gallery-2-727'>\n\t\t\t\tFotograf\u00eda de la p\u00e1gina web de Harvard Art museums\n\t\t\t\t<\/figcaption><\/figure><figure class='gallery-item'>\n\t\t\t<div class='gallery-icon portrait'>\n\t\t\t\t<a data-elementor-open-lightbox=\"yes\" data-elementor-lightbox-slideshow=\"f1d9dd3\" data-elementor-lightbox-title=\"Alejandro Nelidow 7\" data-e-action-hash=\"#elementor-action%3Aaction%3Dlightbox%26settings%3DeyJpZCI6NzI2LCJ1cmwiOiJodHRwczpcL1wvaW1hZ29hbGV4YW5kcmkuZXNcL3dwLWNvbnRlbnRcL3VwbG9hZHNcLzIwMjBcLzAxXC80NzMzNTE4NC5qcGciLCJzbGlkZXNob3ciOiJmMWQ5ZGQzIn0%3D\" href='https:\/\/imagoalexandri.es\/wp-content\/uploads\/2020\/01\/47335184.jpg'><img loading=\"lazy\" decoding=\"async\" width=\"683\" height=\"1024\" src=\"https:\/\/imagoalexandri.es\/wp-content\/uploads\/2020\/01\/47335184.jpg\" class=\"attachment-medium_large size-medium_large\" alt=\"\" aria-describedby=\"gallery-2-726\" srcset=\"https:\/\/imagoalexandri.es\/wp-content\/uploads\/2020\/01\/47335184.jpg 683w, https:\/\/imagoalexandri.es\/wp-content\/uploads\/2020\/01\/47335184-200x300.jpg 200w\" sizes=\"(max-width: 683px) 100vw, 683px\" \/><\/a>\n\t\t\t<\/div>\n\t\t\t\t<figcaption class='wp-caption-text gallery-caption' id='gallery-2-726'>\n\t\t\t\tFotograf\u00eda de la p\u00e1gina web de Harvard Art museums\n\t\t\t\t<\/figcaption><\/figure>\n\t\t<\/div>\n\t\t<\/div>\n\t\t\t\t\t\t<\/div>\n\t\t\t\t<\/div>\n\t\t\t\t\t<\/div>\n\t\t<\/div>\n\t\t\t\t\t<\/div>\n\t\t<\/section>\n\t\t\t\t<section class=\"elementor-section elementor-top-section elementor-element elementor-element-2e50fef elementor-section-boxed elementor-section-height-default elementor-section-height-default wpr-particle-no wpr-jarallax-no wpr-parallax-no wpr-sticky-section-no\" data-id=\"2e50fef\" data-element_type=\"section\" data-e-type=\"section\">\n\t\t\t\t\t\t<div class=\"elementor-container elementor-column-gap-default\">\n\t\t\t\t\t<div class=\"elementor-column elementor-col-100 elementor-top-column elementor-element elementor-element-6d1fe01\" data-id=\"6d1fe01\" data-element_type=\"column\" data-e-type=\"column\">\n\t\t\t<div class=\"elementor-widget-wrap elementor-element-populated\">\n\t\t\t\t\t\t<div class=\"elementor-element elementor-element-2beb5cd elementor-widget elementor-widget-text-editor\" data-id=\"2beb5cd\" data-element_type=\"widget\" data-e-type=\"widget\" data-widget_type=\"text-editor.default\">\n\t\t\t\t<div class=\"elementor-widget-container\">\n\t\t\t\t\t\t\t\t\t\n<p align=\"justify\">Mientras que Stewart (1993: 170) considera que podr\u00eda ser una escultura realizada por Lisipo tras la vuelta de la India, asoci\u00e1ndola tambi\u00e9n a dos esculturas que considera que ser\u00edan la representaci\u00f3n de la cabeza de la escultura original: La cabeza de Dresde \u00a0y la cabeza de Schwarzenberg.\n\nEn nuestra opini\u00f3n la vinculaci\u00f3n de esta pieza con el Alejandro de Schwarzenberg y el Alejandro de Dresde, no parece del todo acertada. Es cierto que podr\u00edan compartir la forma de representar la an\u00e1stole que no es la habitual. Habr\u00eda que tener en cuenta dos detalles, el primero que la an\u00e1stole del Alejandro de Dresde ser\u00eda la m\u00e1s parecida a la que se intuye en el Alejandro Nelidow, mientras que la del Alejandro de Schwarzenberg no es tan parecida, a lo que habr\u00eda que a\u00f1adir las dudas en cuanto a la adjudicaci\u00f3n del Alejandro de Schwarzenberg, con respecto a ser una representaci\u00f3n del Magno. El segundo detalle ser\u00eda la corona que portar\u00eda este bronce ,seg\u00fan el informe que facilita el propio museo en la web sobre la restauraci\u00f3n de la pieza en 1970. Elemento que no portan las otras dos cabezas,\u00a0 que adem\u00e1s crea una especie de peinado que se observa en esta pieza, y en las otras representaciones donde aparece con dicho elemento, por el cual el rizo del cabello parece enmarcar la cabeza de Alejandro, que no se da en Alejandro de Dresde que da la sensaci\u00f3n de un cabello m\u00e1s despeinado. Consiguiendo ambas obras ese efecto leonino del cabello pero no siendo el mismo origen o t\u00e9cnica para conseguir este efecto. <\/p>\t\t\t\t\t\t\t\t<\/div>\n\t\t\t\t<\/div>\n\t\t\t\t\t<\/div>\n\t\t<\/div>\n\t\t\t\t\t<\/div>\n\t\t<\/section>\n\t\t\t\t<section class=\"elementor-section elementor-top-section elementor-element elementor-element-c4bbaf4 elementor-section-boxed elementor-section-height-default elementor-section-height-default wpr-particle-no wpr-jarallax-no wpr-parallax-no wpr-sticky-section-no\" data-id=\"c4bbaf4\" data-element_type=\"section\" data-e-type=\"section\">\n\t\t\t\t\t\t<div class=\"elementor-container elementor-column-gap-default\">\n\t\t\t\t\t<div class=\"elementor-column elementor-col-100 elementor-top-column elementor-element elementor-element-7587ca5\" data-id=\"7587ca5\" data-element_type=\"column\" data-e-type=\"column\">\n\t\t\t<div class=\"elementor-widget-wrap elementor-element-populated\">\n\t\t\t\t\t\t<section class=\"elementor-section elementor-inner-section elementor-element elementor-element-2a6bdf3 elementor-section-boxed elementor-section-height-default elementor-section-height-default wpr-particle-no wpr-jarallax-no wpr-parallax-no wpr-sticky-section-no\" data-id=\"2a6bdf3\" data-element_type=\"section\" data-e-type=\"section\">\n\t\t\t\t\t\t<div class=\"elementor-container elementor-column-gap-default\">\n\t\t\t\t\t<div class=\"elementor-column elementor-col-50 elementor-inner-column elementor-element elementor-element-ae31dfe\" data-id=\"ae31dfe\" data-element_type=\"column\" data-e-type=\"column\">\n\t\t\t<div class=\"elementor-widget-wrap elementor-element-populated\">\n\t\t\t\t\t\t<div class=\"elementor-element elementor-element-af838b1 elementor-widget elementor-widget-image\" data-id=\"af838b1\" data-element_type=\"widget\" data-e-type=\"widget\" data-widget_type=\"image.default\">\n\t\t\t\t<div class=\"elementor-widget-container\">\n\t\t\t\t\t\t\t\t\t\t\t\t<figure class=\"wp-caption\">\n\t\t\t\t\t\t\t\t\t\t<img loading=\"lazy\" decoding=\"async\" width=\"546\" height=\"800\" src=\"https:\/\/imagoalexandri.es\/wp-content\/uploads\/2019\/12\/dresdealexander.jpg\" class=\"attachment-large size-large wp-image-664\" alt=\"\" srcset=\"https:\/\/imagoalexandri.es\/wp-content\/uploads\/2019\/12\/dresdealexander.jpg 546w, https:\/\/imagoalexandri.es\/wp-content\/uploads\/2019\/12\/dresdealexander-205x300.jpg 205w\" sizes=\"(max-width: 546px) 100vw, 546px\" \/>\t\t\t\t\t\t\t\t\t\t\t<figcaption class=\"widget-image-caption wp-caption-text\">Fotograf\u00eda de iDAI.images\/Arachne<\/figcaption>\n\t\t\t\t\t\t\t\t\t\t<\/figure>\n\t\t\t\t\t\t\t\t\t<\/div>\n\t\t\t\t<\/div>\n\t\t\t\t\t<\/div>\n\t\t<\/div>\n\t\t\t\t<div class=\"elementor-column elementor-col-50 elementor-inner-column elementor-element elementor-element-8f890a1\" data-id=\"8f890a1\" data-element_type=\"column\" data-e-type=\"column\">\n\t\t\t<div class=\"elementor-widget-wrap elementor-element-populated\">\n\t\t\t\t\t\t<div class=\"elementor-element elementor-element-8ea985c elementor-widget elementor-widget-image\" data-id=\"8ea985c\" data-element_type=\"widget\" data-e-type=\"widget\" data-widget_type=\"image.default\">\n\t\t\t\t<div class=\"elementor-widget-container\">\n\t\t\t\t\t\t\t\t\t\t\t\t<figure class=\"wp-caption\">\n\t\t\t\t\t\t\t\t\t\t<img loading=\"lazy\" decoding=\"async\" width=\"748\" height=\"1024\" src=\"https:\/\/imagoalexandri.es\/wp-content\/uploads\/2019\/11\/AlejandroSchwarzenberg2_Sergey-Sosnovskiy-CC-BY-SA-4.0-748x1024.jpg\" class=\"attachment-large size-large wp-image-375\" alt=\"Fotograf\u00eda de Sergey Sosnovskiy\" srcset=\"https:\/\/imagoalexandri.es\/wp-content\/uploads\/2019\/11\/AlejandroSchwarzenberg2_Sergey-Sosnovskiy-CC-BY-SA-4.0.jpg 748w, https:\/\/imagoalexandri.es\/wp-content\/uploads\/2019\/11\/AlejandroSchwarzenberg2_Sergey-Sosnovskiy-CC-BY-SA-4.0-219x300.jpg 219w\" sizes=\"(max-width: 748px) 100vw, 748px\" \/>\t\t\t\t\t\t\t\t\t\t\t<figcaption class=\"widget-image-caption wp-caption-text\">Fotograf\u00eda de Sergey Sosnovskiy<\/figcaption>\n\t\t\t\t\t\t\t\t\t\t<\/figure>\n\t\t\t\t\t\t\t\t\t<\/div>\n\t\t\t\t<\/div>\n\t\t\t\t\t<\/div>\n\t\t<\/div>\n\t\t\t\t\t<\/div>\n\t\t<\/section>\n\t\t\t\t\t<\/div>\n\t\t<\/div>\n\t\t\t\t\t<\/div>\n\t\t<\/section>\n\t\t\t\t<\/div>\n\t\t","protected":false},"excerpt":{"rendered":"<p>Fotograf\u00eda de la p\u00e1gina web de Harvard Art museums Datos B\u00e1sicos Bibliograf\u00eda e Informaci\u00f3n Web Medidas Cronolog\u00eda Datos B\u00e1sicos Museo Actual:\u00a0Foog Art Museum Inventario Museo:\u00a01956.20 Material: Bronce Bibliograf\u00eda e Informaci\u00f3n Web Bibliograf\u00eda o Referencias:\u00a0 FURTW\u00c4NGLER,A. (1901) \u201cAncient Sculptures at Chatsworth House\u201d JHS 21:213. DE UJFALVY, C. (1902)\u00a0Le type phisique d\u2019 Alexandre le Grand:109.Par\u00eds.\u00a0 \u00a0 BUITRON,D. M. (1973)\u201cThe Alexander Nelidow. A Reinassance bronce?\u201d ABull 55:393-400. STEWART, A.\u00a0(1993)\u00a0 Faces of Power\u00a0:163,169-170 RIDGWAY, S.B. (2001)\u00a0Hellenistic Sculpture I. The Styles of ca 331-200 B.C.:115, 139-140. Madison. Informaci\u00f3n Web:\u00a0P\u00e1gina del Museo Medidas Alto:\u00a0 \u00a012 cm\u00a0 Ancho: 5,2 cm Cronolog\u00eda Fecha:\u00a0I-II d.C Per\u00edodo: Imperio \u00c9poca de la Pieza: Dinast\u00eda Julio-Claudia \u00c9poca de realizaci\u00f3n de la pieza que imita: \u00c9poca de Alejandro Figura representada con desnudo heroico, brazo izquierdo levantado donde llevar\u00eda la lanza mientras que el brazo derecho est\u00e1 apoyado en su cintura. La pierna derecha apoyada en el suelo y la izquierda est\u00e1 atrasada con el tal\u00f3n levantado, al estar colocadas as\u00ed las piernas se crea una curva praxiteliana. Con respecto a la cabeza podemos observar que posee varios de los rasgos adjudicados a Alejandro, la barbilla redondeada, la cabeza ladeada a la izquierda y el cabello rizado, en la \u00faltima fotograf\u00eda se percibe una especie de hendidura en el cabello que tal vez hubiera tenido en su \u00e9poca una corona helen\u00edstica, seg\u00fan la informaci\u00f3n que proporciona el museo. Fotograf\u00eda de la p\u00e1gina web de Harvard Art museums Fotograf\u00eda de la p\u00e1gina web de Harvard Art museums Fotograf\u00eda de la p\u00e1gina web de Harvard Art museums Fotograf\u00eda de la p\u00e1gina web de Harvard Art museums Fotograf\u00eda de la p\u00e1gina web de Harvard Art museums Con respecto a esta pieza nos encontramos en torno a un debate ya no de identificaci\u00f3n de Alejandro u otra figura, sino de cronolog\u00eda posterior al mundo antiguo. Buitron (1973) arguye que la pieza es una obra de \u00e9poca renacentista, bas\u00e1ndose principalmente en un criterio estil\u00edstico. Seg\u00fan la autora, en el torso de la pieza se destacan una serie de m\u00fasculos que en la postura representada es inusual dentro de las esculturas griegas. Pero si que podr\u00eda copiar otras obras griegas conocidas en el Renacimiento como el\u00a0Torso Belvedere. A lo que habr\u00eda que a\u00f1adir que el Alejandro Nelidow carece de contexto arqueol\u00f3gico. En nuestra opini\u00f3n efectivamente esta representaci\u00f3n del macedonio es m\u00e1s musculada que otras piezas documentadas del mismo, mas si est\u00e1 copiando un original de \u00e9poca de Alejandro. Pero en lo que se refiere a la cabeza de la escultura ya tenemos una serie de dudas, seg\u00fan Buitron, para los rasgos faciales y por tanto tambi\u00e9n el cabello, el artista renacentista se habr\u00eda basado en los que se aparec\u00edan en las monedas, ya que desconoc\u00eda o no pose\u00eda una obra escult\u00f3rica sobre el Magno, de la cual copiar los mismos. En la web del museo se nos indica que en la restauraci\u00f3n de 1970 se aprecia una hendidura que podr\u00eda implicar que la escultura tuviera una corona, lo que provoca que el cabello enmarque el rostro de Alejandro y que se observa en otras esculturas que llevan este atributo. Pero que en lo que se refiere a la numism\u00e1tica no es un atributo habitual, con lo que resulta curioso que lo escogiera. Unido a que tendr\u00eda que ser de una emisi\u00f3n de optima calidad para observarlo y que el peinado quede igual, aunque tambi\u00e9n es cierto que si lo que escogi\u00f3 como modelo fuera un sello, que por sus caracter\u00edsticas suelen ser objetos de mejor calidad, se podr\u00eda apreciar este detalle. Fotograf\u00eda de la p\u00e1gina web de los Museos Vaticanos Fotograf\u00eda de la p\u00e1gina web de Harvard Art museums Fotograf\u00eda de la p\u00e1gina web de Harvard Art museums Fotograf\u00eda de la p\u00e1gina web de Harvard Art museums Mientras que Stewart (1993: 170) considera que podr\u00eda ser una escultura realizada por Lisipo tras la vuelta de la India, asoci\u00e1ndola tambi\u00e9n a dos esculturas que considera que ser\u00edan la representaci\u00f3n de la cabeza de la escultura original: La cabeza de Dresde \u00a0y la cabeza de Schwarzenberg. En nuestra opini\u00f3n la vinculaci\u00f3n de esta pieza con el Alejandro de Schwarzenberg y el Alejandro de Dresde, no parece del todo acertada. Es cierto que podr\u00edan compartir la forma de representar la an\u00e1stole que no es la habitual. Habr\u00eda que tener en cuenta dos detalles, el primero que la an\u00e1stole del Alejandro de Dresde ser\u00eda la m\u00e1s parecida a la que se intuye en el Alejandro Nelidow, mientras que la del Alejandro de Schwarzenberg no es tan parecida, a lo que habr\u00eda que a\u00f1adir las dudas en cuanto a la adjudicaci\u00f3n del Alejandro de Schwarzenberg, con respecto a ser una representaci\u00f3n del Magno. El segundo detalle ser\u00eda la corona que portar\u00eda este bronce ,seg\u00fan el informe que facilita el propio museo en la web sobre la restauraci\u00f3n de la pieza en 1970. Elemento que no portan las otras dos cabezas,\u00a0 que adem\u00e1s crea una especie de peinado que se observa en esta pieza, y en las otras representaciones donde aparece con dicho elemento, por el cual el rizo del cabello parece enmarcar la cabeza de Alejandro, que no se da en Alejandro de Dresde que da la sensaci\u00f3n de un cabello m\u00e1s despeinado. Consiguiendo ambas obras ese efecto leonino del cabello pero no siendo el mismo origen o t\u00e9cnica para conseguir este efecto. Fotograf\u00eda de iDAI.images\/Arachne Fotograf\u00eda de Sergey Sosnovskiy<\/p>\n","protected":false},"author":2,"featured_media":0,"parent":0,"menu_order":0,"comment_status":"closed","ping_status":"closed","template":"","meta":{"footnotes":""},"class_list":{"0":"post-760","1":"page","2":"type-page","3":"status-publish","5":"materiales-bronce","6":"museo-foog-art-museum","7":"periodo-dinastia-julio-claudia","8":"periodo-imperio","9":"tipologia-escultura-relieve","10":"tipologia-toreutica"},"_links":{"self":[{"href":"https:\/\/imagoalexandri.es\/index.php?rest_route=\/wp\/v2\/pages\/760","targetHints":{"allow":["GET"]}}],"collection":[{"href":"https:\/\/imagoalexandri.es\/index.php?rest_route=\/wp\/v2\/pages"}],"about":[{"href":"https:\/\/imagoalexandri.es\/index.php?rest_route=\/wp\/v2\/types\/page"}],"author":[{"embeddable":true,"href":"https:\/\/imagoalexandri.es\/index.php?rest_route=\/wp\/v2\/users\/2"}],"replies":[{"embeddable":true,"href":"https:\/\/imagoalexandri.es\/index.php?rest_route=%2Fwp%2Fv2%2Fcomments&post=760"}],"version-history":[{"count":0,"href":"https:\/\/imagoalexandri.es\/index.php?rest_route=\/wp\/v2\/pages\/760\/revisions"}],"wp:attachment":[{"href":"https:\/\/imagoalexandri.es\/index.php?rest_route=%2Fwp%2Fv2%2Fmedia&parent=760"}],"curies":[{"name":"wp","href":"https:\/\/api.w.org\/{rel}","templated":true}]}}