{"id":651,"date":"2019-12-25T11:56:37","date_gmt":"2019-12-25T10:56:37","guid":{"rendered":"https:\/\/imagoalexandri.es\/?page_id=651"},"modified":"2020-01-05T19:03:05","modified_gmt":"2020-01-05T18:03:05","slug":"cabeza-de-dresde","status":"publish","type":"page","link":"https:\/\/imagoalexandri.es\/?page_id=651","title":{"rendered":"Cabeza de Dresde"},"content":{"rendered":"\t\t<div data-elementor-type=\"wp-page\" data-elementor-id=\"651\" class=\"elementor elementor-651\">\n\t\t\t\t\t\t<section class=\"elementor-section elementor-top-section elementor-element elementor-element-bd27223 elementor-section-boxed elementor-section-height-default elementor-section-height-default wpr-particle-no wpr-jarallax-no wpr-parallax-no wpr-sticky-section-no\" data-id=\"bd27223\" data-element_type=\"section\" data-e-type=\"section\">\n\t\t\t\t\t\t<div class=\"elementor-container elementor-column-gap-default\">\n\t\t\t\t\t<div class=\"elementor-column elementor-col-100 elementor-top-column elementor-element elementor-element-9d15394\" data-id=\"9d15394\" data-element_type=\"column\" data-e-type=\"column\">\n\t\t\t<div class=\"elementor-widget-wrap elementor-element-populated\">\n\t\t\t\t\t\t<div class=\"elementor-element elementor-element-185fd32 elementor-widget elementor-widget-image\" data-id=\"185fd32\" data-element_type=\"widget\" data-e-type=\"widget\" data-widget_type=\"image.default\">\n\t\t\t\t<div class=\"elementor-widget-container\">\n\t\t\t\t\t\t\t\t\t\t\t\t<figure class=\"wp-caption\">\n\t\t\t\t\t\t\t\t\t\t<img fetchpriority=\"high\" decoding=\"async\" width=\"546\" height=\"800\" src=\"https:\/\/imagoalexandri.es\/wp-content\/uploads\/2019\/12\/dresdealexander.jpg\" class=\"attachment-medium_large size-medium_large wp-image-664\" alt=\"\" srcset=\"https:\/\/imagoalexandri.es\/wp-content\/uploads\/2019\/12\/dresdealexander.jpg 546w, https:\/\/imagoalexandri.es\/wp-content\/uploads\/2019\/12\/dresdealexander-205x300.jpg 205w\" sizes=\"(max-width: 546px) 100vw, 546px\" \/>\t\t\t\t\t\t\t\t\t\t\t<figcaption class=\"widget-image-caption wp-caption-text\">Fotograf\u00eda de iDAI.images\/Arachne<\/figcaption>\n\t\t\t\t\t\t\t\t\t\t<\/figure>\n\t\t\t\t\t\t\t\t\t<\/div>\n\t\t\t\t<\/div>\n\t\t\t\t\t<\/div>\n\t\t<\/div>\n\t\t\t\t\t<\/div>\n\t\t<\/section>\n\t\t\t\t<section class=\"elementor-section elementor-top-section elementor-element elementor-element-e78b06b elementor-section-boxed elementor-section-height-default elementor-section-height-default wpr-particle-no wpr-jarallax-no wpr-parallax-no wpr-sticky-section-no\" data-id=\"e78b06b\" data-element_type=\"section\" data-e-type=\"section\">\n\t\t\t\t\t\t<div class=\"elementor-container elementor-column-gap-default\">\n\t\t\t\t\t<div class=\"elementor-column elementor-col-100 elementor-top-column elementor-element elementor-element-a10e5ad\" data-id=\"a10e5ad\" data-element_type=\"column\" data-e-type=\"column\">\n\t\t\t<div class=\"elementor-widget-wrap elementor-element-populated\">\n\t\t\t\t\t\t<div class=\"elementor-element elementor-element-5626642 elementor-tabs-view-horizontal elementor-widget elementor-widget-tabs\" data-id=\"5626642\" data-element_type=\"widget\" data-e-type=\"widget\" data-widget_type=\"tabs.default\">\n\t\t\t\t<div class=\"elementor-widget-container\">\n\t\t\t\t\t\t\t<div class=\"elementor-tabs\">\n\t\t\t<div class=\"elementor-tabs-wrapper\" role=\"tablist\" >\n\t\t\t\t\t\t\t\t\t<div id=\"elementor-tab-title-9031\" class=\"elementor-tab-title elementor-tab-desktop-title\" aria-selected=\"true\" data-tab=\"1\" role=\"tab\" tabindex=\"0\" aria-controls=\"elementor-tab-content-9031\" aria-expanded=\"false\">Datos B\u00e1sicos<\/div>\n\t\t\t\t\t\t\t\t\t<div id=\"elementor-tab-title-9032\" class=\"elementor-tab-title elementor-tab-desktop-title\" aria-selected=\"false\" data-tab=\"2\" role=\"tab\" tabindex=\"-1\" aria-controls=\"elementor-tab-content-9032\" aria-expanded=\"false\">Bibliograf\u00eda e Informaci\u00f3n Web<\/div>\n\t\t\t\t\t\t\t\t\t<div id=\"elementor-tab-title-9033\" class=\"elementor-tab-title elementor-tab-desktop-title\" aria-selected=\"false\" data-tab=\"3\" role=\"tab\" tabindex=\"-1\" aria-controls=\"elementor-tab-content-9033\" aria-expanded=\"false\">Medidas<\/div>\n\t\t\t\t\t\t\t\t\t<div id=\"elementor-tab-title-9034\" class=\"elementor-tab-title elementor-tab-desktop-title\" aria-selected=\"false\" data-tab=\"4\" role=\"tab\" tabindex=\"-1\" aria-controls=\"elementor-tab-content-9034\" aria-expanded=\"false\">Cronolog\u00eda<\/div>\n\t\t\t\t\t\t\t<\/div>\n\t\t\t<div class=\"elementor-tabs-content-wrapper\" role=\"tablist\" aria-orientation=\"vertical\">\n\t\t\t\t\t\t\t\t\t<div class=\"elementor-tab-title elementor-tab-mobile-title\" aria-selected=\"true\" data-tab=\"1\" role=\"tab\" tabindex=\"0\" aria-controls=\"elementor-tab-content-9031\" aria-expanded=\"false\">Datos B\u00e1sicos<\/div>\n\t\t\t\t\t<div id=\"elementor-tab-content-9031\" class=\"elementor-tab-content elementor-clearfix\" data-tab=\"1\" role=\"tabpanel\" aria-labelledby=\"elementor-tab-title-9031\" tabindex=\"0\" hidden=\"false\"><p>Museo Actual: Desdren Skulpturensammlung<\/p><p>Inventario Museo: Hm 174<\/p><p>Material: M\u00e1rmol\u00a0<\/p><\/div>\n\t\t\t\t\t\t\t\t\t<div class=\"elementor-tab-title elementor-tab-mobile-title\" aria-selected=\"false\" data-tab=\"2\" role=\"tab\" tabindex=\"-1\" aria-controls=\"elementor-tab-content-9032\" aria-expanded=\"false\">Bibliograf\u00eda e Informaci\u00f3n Web<\/div>\n\t\t\t\t\t<div id=\"elementor-tab-content-9032\" class=\"elementor-tab-content elementor-clearfix\" data-tab=\"2\" role=\"tabpanel\" aria-labelledby=\"elementor-tab-title-9032\" tabindex=\"0\" hidden=\"hidden\"><p>Bibliograf\u00eda o Referencias:&nbsp;&nbsp;<\/p>\n<div>\n<p>HECKLER, A. (1912)&nbsp;<em>Greek &amp; Roman portraits<\/em>&nbsp;: 16. New York.<\/p>\n<p>SUHR, E.G. Y ROBINSONS, D.M. (1931)&nbsp;<i>Sculptured portraits of greek statesmen, with a Special Study of Alexander the Great <\/i>: 102.&nbsp;Baltimore: Johns Hopkins Press<\/p>\n<div>\n<p>BIEBER, M. (1964)&nbsp;<em>Alexander the Great in greek and roman art<\/em>: 27. Chicago.<\/p>\n<p>STEWART, A. (1993)&nbsp;<em>Faces of Power<\/em>&nbsp;: 112.California.&nbsp; &nbsp;<\/p>\n<\/div>\n<div>SMITH, R.R.R. (1999)&nbsp;<em>Hellenistic Royal Portraits<\/em>&nbsp;: 60-62. Oxford&nbsp;<\/div>\n<div>\n<div>&nbsp;<\/div>\n<div>VON DEN HOFF, R. (2010) \u201cRetratos de Alejandro y de los soberanos helen\u00edsticos\u201d en HANSEN,S.; WIECZOREK, A. y TELENBACH, M (eds). Alejandro Magno Encuentro con Oriente :48. Madrid.<\/div>\n<\/div>\n<\/div>\n<p><br><\/p><p>Informaci\u00f3n Web:&nbsp;<a style=\"background-color: #ffffff;\" href=\"https:\/\/skd-online-collection.skd.museum\/Details\/Index\/166183\" target=\"_blank\" rel=\"noopener\">P\u00e1gina del Museo<\/a><\/p><\/div>\n\t\t\t\t\t\t\t\t\t<div class=\"elementor-tab-title elementor-tab-mobile-title\" aria-selected=\"false\" data-tab=\"3\" role=\"tab\" tabindex=\"-1\" aria-controls=\"elementor-tab-content-9033\" aria-expanded=\"false\">Medidas<\/div>\n\t\t\t\t\t<div id=\"elementor-tab-content-9033\" class=\"elementor-tab-content elementor-clearfix\" data-tab=\"3\" role=\"tabpanel\" aria-labelledby=\"elementor-tab-title-9033\" tabindex=\"0\" hidden=\"hidden\"><p>Ancho: 21 cm<\/p><p>Alto:\u00a0 33,5 cm<\/p><p>Di\u00e1metro: 20 cm<\/p><\/div>\n\t\t\t\t\t\t\t\t\t<div class=\"elementor-tab-title elementor-tab-mobile-title\" aria-selected=\"false\" data-tab=\"4\" role=\"tab\" tabindex=\"-1\" aria-controls=\"elementor-tab-content-9034\" aria-expanded=\"false\">Cronolog\u00eda<\/div>\n\t\t\t\t\t<div id=\"elementor-tab-content-9034\" class=\"elementor-tab-content elementor-clearfix\" data-tab=\"4\" role=\"tabpanel\" aria-labelledby=\"elementor-tab-title-9034\" tabindex=\"0\" hidden=\"hidden\"><p>Fecha: I d.C.<\/p><p>Per\u00edodo: Rep\u00fablica<\/p><p>\u00c9poca de la Pieza: Dinast\u00eda Julio-Claudia<\/p><p>\u00c9poca de realizaci\u00f3n de la pieza que imita: \u00c9poca de Alejandro\u00a0<\/p><\/div>\n\t\t\t\t\t\t\t<\/div>\n\t\t<\/div>\n\t\t\t\t\t\t<\/div>\n\t\t\t\t<\/div>\n\t\t\t\t<div class=\"elementor-element elementor-element-3952466 elementor-widget elementor-widget-text-editor\" data-id=\"3952466\" data-element_type=\"widget\" data-e-type=\"widget\" data-widget_type=\"text-editor.default\">\n\t\t\t\t<div class=\"elementor-widget-container\">\n\t\t\t\t\t\t\t\t\t<p>Posible copia de original de \u00e9poca de Alejandro, seg\u00fan Stewart (1993) habr\u00eda que fechar esta pieza durante el reinado de Filipo II, mientras que Alejandro a\u00fan es pr\u00edncipe. Aunque se vincula la pieza con Lisipo, el hecho que la anastole se intuya o que el cabello no sea m\u00e1s rizado que en otras piezas, se deber\u00eda por tanto a que los rasgos que posteriormente le dota Lisipo, a\u00fan no se han establecido.<\/p><p>La escultura tiene da\u00f1ada el lado derecho, apreci\u00e1ndose erosi\u00f3n en la misma y habi\u00e9ndose perdido tambi\u00e9n la nariz de la misma<\/p><p>\u00a0<\/p>\t\t\t\t\t\t\t\t<\/div>\n\t\t\t\t<\/div>\n\t\t\t\t<div class=\"elementor-element elementor-element-793c97a elementor-widget elementor-widget-image-gallery\" data-id=\"793c97a\" data-element_type=\"widget\" data-e-type=\"widget\" data-widget_type=\"image-gallery.default\">\n\t\t\t\t<div class=\"elementor-widget-container\">\n\t\t\t\t\t\t\t<div class=\"elementor-image-gallery\">\n\t\t\t<div id='gallery-1' class='gallery galleryid-651 gallery-columns-3 gallery-size-full'><figure class='gallery-item'>\n\t\t\t<div class='gallery-icon portrait'>\n\t\t\t\t<a data-elementor-open-lightbox=\"yes\" data-elementor-lightbox-slideshow=\"793c97a\" data-elementor-lightbox-title=\"dresdealexanderperfil2\" data-e-action-hash=\"#elementor-action%3Aaction%3Dlightbox%26settings%3DeyJpZCI6NjY2LCJ1cmwiOiJodHRwczpcL1wvaW1hZ29hbGV4YW5kcmkuZXNcL3dwLWNvbnRlbnRcL3VwbG9hZHNcLzIwMTlcLzEyXC9kcmVzZGVhbGV4YW5kZXJwZXJmaWwyLmpwZyIsInNsaWRlc2hvdyI6Ijc5M2M5N2EifQ%3D%3D\" href='https:\/\/imagoalexandri.es\/wp-content\/uploads\/2019\/12\/dresdealexanderperfil2.jpg'><img decoding=\"async\" width=\"545\" height=\"800\" src=\"https:\/\/imagoalexandri.es\/wp-content\/uploads\/2019\/12\/dresdealexanderperfil2.jpg\" class=\"attachment-full size-full\" alt=\"\" aria-describedby=\"gallery-1-666\" srcset=\"https:\/\/imagoalexandri.es\/wp-content\/uploads\/2019\/12\/dresdealexanderperfil2.jpg 545w, https:\/\/imagoalexandri.es\/wp-content\/uploads\/2019\/12\/dresdealexanderperfil2-204x300.jpg 204w\" sizes=\"(max-width: 545px) 100vw, 545px\" \/><\/a>\n\t\t\t<\/div>\n\t\t\t\t<figcaption class='wp-caption-text gallery-caption' id='gallery-1-666'>\n\t\t\t\tFotograf\u00eda de iDAI.images\/Arachne\n\t\t\t\t<\/figcaption><\/figure><figure class='gallery-item'>\n\t\t\t<div class='gallery-icon portrait'>\n\t\t\t\t<a data-elementor-open-lightbox=\"yes\" data-elementor-lightbox-slideshow=\"793c97a\" data-elementor-lightbox-title=\"dresdealexander\" data-e-action-hash=\"#elementor-action%3Aaction%3Dlightbox%26settings%3DeyJpZCI6NjY0LCJ1cmwiOiJodHRwczpcL1wvaW1hZ29hbGV4YW5kcmkuZXNcL3dwLWNvbnRlbnRcL3VwbG9hZHNcLzIwMTlcLzEyXC9kcmVzZGVhbGV4YW5kZXIuanBnIiwic2xpZGVzaG93IjoiNzkzYzk3YSJ9\" href='https:\/\/imagoalexandri.es\/wp-content\/uploads\/2019\/12\/dresdealexander.jpg'><img decoding=\"async\" width=\"546\" height=\"800\" src=\"https:\/\/imagoalexandri.es\/wp-content\/uploads\/2019\/12\/dresdealexander.jpg\" class=\"attachment-full size-full\" alt=\"\" aria-describedby=\"gallery-1-664\" srcset=\"https:\/\/imagoalexandri.es\/wp-content\/uploads\/2019\/12\/dresdealexander.jpg 546w, https:\/\/imagoalexandri.es\/wp-content\/uploads\/2019\/12\/dresdealexander-205x300.jpg 205w\" sizes=\"(max-width: 546px) 100vw, 546px\" \/><\/a>\n\t\t\t<\/div>\n\t\t\t\t<figcaption class='wp-caption-text gallery-caption' id='gallery-1-664'>\n\t\t\t\tFotograf\u00eda de iDAI.images\/Arachne\n\t\t\t\t<\/figcaption><\/figure><figure class='gallery-item'>\n\t\t\t<div class='gallery-icon portrait'>\n\t\t\t\t<a data-elementor-open-lightbox=\"yes\" data-elementor-lightbox-slideshow=\"793c97a\" data-elementor-lightbox-title=\"dresdealexanderperfil\" data-e-action-hash=\"#elementor-action%3Aaction%3Dlightbox%26settings%3DeyJpZCI6NjY1LCJ1cmwiOiJodHRwczpcL1wvaW1hZ29hbGV4YW5kcmkuZXNcL3dwLWNvbnRlbnRcL3VwbG9hZHNcLzIwMTlcLzEyXC9kcmVzZGVhbGV4YW5kZXJwZXJmaWwuanBnIiwic2xpZGVzaG93IjoiNzkzYzk3YSJ9\" href='https:\/\/imagoalexandri.es\/wp-content\/uploads\/2019\/12\/dresdealexanderperfil.jpg'><img loading=\"lazy\" decoding=\"async\" width=\"578\" height=\"800\" src=\"https:\/\/imagoalexandri.es\/wp-content\/uploads\/2019\/12\/dresdealexanderperfil.jpg\" class=\"attachment-full size-full\" alt=\"\" aria-describedby=\"gallery-1-665\" srcset=\"https:\/\/imagoalexandri.es\/wp-content\/uploads\/2019\/12\/dresdealexanderperfil.jpg 578w, https:\/\/imagoalexandri.es\/wp-content\/uploads\/2019\/12\/dresdealexanderperfil-217x300.jpg 217w\" sizes=\"(max-width: 578px) 100vw, 578px\" \/><\/a>\n\t\t\t<\/div>\n\t\t\t\t<figcaption class='wp-caption-text gallery-caption' id='gallery-1-665'>\n\t\t\t\tFotograf\u00eda de iDAI.images\/Arachne\n\t\t\t\t<\/figcaption><\/figure>\n\t\t<\/div>\n\t\t<\/div>\n\t\t\t\t\t\t<\/div>\n\t\t\t\t<\/div>\n\t\t\t\t<div class=\"elementor-element elementor-element-8c0a3f5 elementor-widget elementor-widget-text-editor\" data-id=\"8c0a3f5\" data-element_type=\"widget\" data-e-type=\"widget\" data-widget_type=\"text-editor.default\">\n\t\t\t\t<div class=\"elementor-widget-container\">\n\t\t\t\t\t\t\t\t\t<p>Con respecto a\u00a0 la escultura podemos observar los rasgos t\u00edpicos\u00a0 de Alejandro:<br \/>La barbilla redondeada, las mejillas planas, la mirada lejana, la cabeza ladeada a la derecha. Como ya hemos mencionado la anastole en esta representaci\u00f3n se intuye, sin ser el t\u00edpico rizo doble. Esto es debido a que la\u00a0 representaci\u00f3n el cabello no aparece rizado como es habitual,sino m\u00e1s liso y desordenado. Existe una segunda copia de la obra original que se encuentra en el\u00a0Schloss Fasanerie.\u00a0<\/p>\t\t\t\t\t\t\t\t<\/div>\n\t\t\t\t<\/div>\n\t\t\t\t\t<\/div>\n\t\t<\/div>\n\t\t\t\t\t<\/div>\n\t\t<\/section>\n\t\t\t\t<section class=\"elementor-section elementor-top-section elementor-element elementor-element-708181f elementor-section-boxed elementor-section-height-default elementor-section-height-default wpr-particle-no wpr-jarallax-no wpr-parallax-no wpr-sticky-section-no\" data-id=\"708181f\" data-element_type=\"section\" data-e-type=\"section\">\n\t\t\t\t\t\t<div class=\"elementor-container elementor-column-gap-default\">\n\t\t\t\t\t<div class=\"elementor-column elementor-col-100 elementor-top-column elementor-element elementor-element-89141fe\" data-id=\"89141fe\" data-element_type=\"column\" data-e-type=\"column\">\n\t\t\t<div class=\"elementor-widget-wrap elementor-element-populated\">\n\t\t\t\t\t\t<div class=\"elementor-element elementor-element-feeb760 elementor-widget elementor-widget-image-gallery\" data-id=\"feeb760\" data-element_type=\"widget\" data-e-type=\"widget\" data-widget_type=\"image-gallery.default\">\n\t\t\t\t<div class=\"elementor-widget-container\">\n\t\t\t\t\t\t\t<div class=\"elementor-image-gallery\">\n\t\t\t<div id='gallery-2' class='gallery galleryid-651 gallery-columns-2 gallery-size-full'><figure class='gallery-item'>\n\t\t\t<div class='gallery-icon portrait'>\n\t\t\t\t<a data-elementor-open-lightbox=\"yes\" data-elementor-lightbox-slideshow=\"feeb760\" data-elementor-lightbox-title=\"Dresde_Schloss Fasanerie\" data-e-action-hash=\"#elementor-action%3Aaction%3Dlightbox%26settings%3DeyJpZCI6NjYwLCJ1cmwiOiJodHRwczpcL1wvaW1hZ29hbGV4YW5kcmkuZXNcL3dwLWNvbnRlbnRcL3VwbG9hZHNcLzIwMTlcLzEyXC9EcmVzZGVfU2NobG9zcy1GYXNhbmVyaWUuanBnIiwic2xpZGVzaG93IjoiZmVlYjc2MCJ9\" href='https:\/\/imagoalexandri.es\/wp-content\/uploads\/2019\/12\/Dresde_Schloss-Fasanerie.jpg'><img loading=\"lazy\" decoding=\"async\" width=\"292\" height=\"465\" src=\"https:\/\/imagoalexandri.es\/wp-content\/uploads\/2019\/12\/Dresde_Schloss-Fasanerie.jpg\" class=\"attachment-full size-full\" alt=\"\" aria-describedby=\"gallery-2-660\" srcset=\"https:\/\/imagoalexandri.es\/wp-content\/uploads\/2019\/12\/Dresde_Schloss-Fasanerie.jpg 292w, https:\/\/imagoalexandri.es\/wp-content\/uploads\/2019\/12\/Dresde_Schloss-Fasanerie-188x300.jpg 188w\" sizes=\"(max-width: 292px) 100vw, 292px\" \/><\/a>\n\t\t\t<\/div>\n\t\t\t\t<figcaption class='wp-caption-text gallery-caption' id='gallery-2-660'>\n\t\t\t\tFotograf\u00eda en R.R.R. Smith (1999) 3-4 cat No.3B-Dresden\n\n\t\t\t\t<\/figcaption><\/figure><figure class='gallery-item'>\n\t\t\t<div class='gallery-icon portrait'>\n\t\t\t\t<a data-elementor-open-lightbox=\"yes\" data-elementor-lightbox-slideshow=\"feeb760\" data-elementor-lightbox-title=\"Dresde_Schloss Fasanerie_perfil\" data-e-action-hash=\"#elementor-action%3Aaction%3Dlightbox%26settings%3DeyJpZCI6NjYxLCJ1cmwiOiJodHRwczpcL1wvaW1hZ29hbGV4YW5kcmkuZXNcL3dwLWNvbnRlbnRcL3VwbG9hZHNcLzIwMTlcLzEyXC9EcmVzZGVfU2NobG9zcy1GYXNhbmVyaWVfcGVyZmlsLmpwZyIsInNsaWRlc2hvdyI6ImZlZWI3NjAifQ%3D%3D\" href='https:\/\/imagoalexandri.es\/wp-content\/uploads\/2019\/12\/Dresde_Schloss-Fasanerie_perfil.jpg'><img loading=\"lazy\" decoding=\"async\" width=\"264\" height=\"444\" src=\"https:\/\/imagoalexandri.es\/wp-content\/uploads\/2019\/12\/Dresde_Schloss-Fasanerie_perfil.jpg\" class=\"attachment-full size-full\" alt=\"\" aria-describedby=\"gallery-2-661\" srcset=\"https:\/\/imagoalexandri.es\/wp-content\/uploads\/2019\/12\/Dresde_Schloss-Fasanerie_perfil.jpg 264w, https:\/\/imagoalexandri.es\/wp-content\/uploads\/2019\/12\/Dresde_Schloss-Fasanerie_perfil-178x300.jpg 178w\" sizes=\"(max-width: 264px) 100vw, 264px\" \/><\/a>\n\t\t\t<\/div>\n\t\t\t\t<figcaption class='wp-caption-text gallery-caption' id='gallery-2-661'>\n\t\t\t\tFotograf\u00eda en R.R.R. Smith (1999) 3-4 cat No.3B-Dresden\n139\n\t\t\t\t<\/figcaption><\/figure>\n\t\t<\/div>\n\t\t<\/div>\n\t\t\t\t\t\t<\/div>\n\t\t\t\t<\/div>\n\t\t\t\t\t<\/div>\n\t\t<\/div>\n\t\t\t\t\t<\/div>\n\t\t<\/section>\n\t\t\t\t<\/div>\n\t\t","protected":false},"excerpt":{"rendered":"<p>Fotograf\u00eda de iDAI.images\/Arachne Datos B\u00e1sicos Bibliograf\u00eda e Informaci\u00f3n Web Medidas Cronolog\u00eda Datos B\u00e1sicos Museo Actual: Desdren Skulpturensammlung Inventario Museo: Hm 174 Material: M\u00e1rmol\u00a0 Bibliograf\u00eda e Informaci\u00f3n Web Bibliograf\u00eda o Referencias:&nbsp;&nbsp; HECKLER, A. (1912)&nbsp;Greek &amp; Roman portraits&nbsp;: 16. New York. SUHR, E.G. Y ROBINSONS, D.M. (1931)&nbsp;Sculptured portraits of greek statesmen, with a Special Study of Alexander the Great : 102.&nbsp;Baltimore: Johns Hopkins Press BIEBER, M. (1964)&nbsp;Alexander the Great in greek and roman art: 27. Chicago. STEWART, A. (1993)&nbsp;Faces of Power&nbsp;: 112.California.&nbsp; &nbsp; SMITH, R.R.R. (1999)&nbsp;Hellenistic Royal Portraits&nbsp;: 60-62. Oxford&nbsp; &nbsp; VON DEN HOFF, R. (2010) \u201cRetratos de Alejandro y de los soberanos helen\u00edsticos\u201d en HANSEN,S.; WIECZOREK, A. y TELENBACH, M (eds). Alejandro Magno Encuentro con Oriente :48. Madrid. Informaci\u00f3n Web:&nbsp;P\u00e1gina del Museo Medidas Ancho: 21 cm Alto:\u00a0 33,5 cm Di\u00e1metro: 20 cm Cronolog\u00eda Fecha: I d.C. Per\u00edodo: Rep\u00fablica \u00c9poca de la Pieza: Dinast\u00eda Julio-Claudia \u00c9poca de realizaci\u00f3n de la pieza que imita: \u00c9poca de Alejandro\u00a0 Posible copia de original de \u00e9poca de Alejandro, seg\u00fan Stewart (1993) habr\u00eda que fechar esta pieza durante el reinado de Filipo II, mientras que Alejandro a\u00fan es pr\u00edncipe. Aunque se vincula la pieza con Lisipo, el hecho que la anastole se intuya o que el cabello no sea m\u00e1s rizado que en otras piezas, se deber\u00eda por tanto a que los rasgos que posteriormente le dota Lisipo, a\u00fan no se han establecido. La escultura tiene da\u00f1ada el lado derecho, apreci\u00e1ndose erosi\u00f3n en la misma y habi\u00e9ndose perdido tambi\u00e9n la nariz de la misma \u00a0 Fotograf\u00eda de iDAI.images\/Arachne Fotograf\u00eda de iDAI.images\/Arachne Fotograf\u00eda de iDAI.images\/Arachne Con respecto a\u00a0 la escultura podemos observar los rasgos t\u00edpicos\u00a0 de Alejandro:La barbilla redondeada, las mejillas planas, la mirada lejana, la cabeza ladeada a la derecha. Como ya hemos mencionado la anastole en esta representaci\u00f3n se intuye, sin ser el t\u00edpico rizo doble. Esto es debido a que la\u00a0 representaci\u00f3n el cabello no aparece rizado como es habitual,sino m\u00e1s liso y desordenado. Existe una segunda copia de la obra original que se encuentra en el\u00a0Schloss Fasanerie.\u00a0 Fotograf\u00eda en R.R.R. Smith (1999) 3-4 cat No.3B-Dresden Fotograf\u00eda en R.R.R. Smith (1999) 3-4 cat No.3B-Dresden 139<\/p>\n","protected":false},"author":2,"featured_media":0,"parent":0,"menu_order":0,"comment_status":"closed","ping_status":"closed","template":"","meta":{"footnotes":""},"class_list":{"0":"post-651","1":"page","2":"type-page","3":"status-publish","5":"materiales-marmol","6":"museo-desdren-skulpturensammlung","7":"periodo-dinastia-julio-claudia","8":"periodo-imperio","9":"tipologia-bulto-redondo","10":"tipologia-escultura-relieve"},"_links":{"self":[{"href":"https:\/\/imagoalexandri.es\/index.php?rest_route=\/wp\/v2\/pages\/651","targetHints":{"allow":["GET"]}}],"collection":[{"href":"https:\/\/imagoalexandri.es\/index.php?rest_route=\/wp\/v2\/pages"}],"about":[{"href":"https:\/\/imagoalexandri.es\/index.php?rest_route=\/wp\/v2\/types\/page"}],"author":[{"embeddable":true,"href":"https:\/\/imagoalexandri.es\/index.php?rest_route=\/wp\/v2\/users\/2"}],"replies":[{"embeddable":true,"href":"https:\/\/imagoalexandri.es\/index.php?rest_route=%2Fwp%2Fv2%2Fcomments&post=651"}],"version-history":[{"count":0,"href":"https:\/\/imagoalexandri.es\/index.php?rest_route=\/wp\/v2\/pages\/651\/revisions"}],"wp:attachment":[{"href":"https:\/\/imagoalexandri.es\/index.php?rest_route=%2Fwp%2Fv2%2Fmedia&parent=651"}],"curies":[{"name":"wp","href":"https:\/\/api.w.org\/{rel}","templated":true}]}}