{"id":481,"date":"2019-11-11T09:55:36","date_gmt":"2019-11-11T08:55:36","guid":{"rendered":"https:\/\/imagoalexandri.es\/?page_id=481"},"modified":"2020-03-19T20:00:03","modified_gmt":"2020-03-19T19:00:03","slug":"acunacion-de-aesillas","status":"publish","type":"page","link":"https:\/\/imagoalexandri.es\/?page_id=481","title":{"rendered":"Acu\u00f1aci\u00f3n de Aesillas"},"content":{"rendered":"\t\t<div data-elementor-type=\"wp-page\" data-elementor-id=\"481\" class=\"elementor elementor-481\">\n\t\t\t\t\t\t<section class=\"elementor-section elementor-top-section elementor-element elementor-element-bd27223 elementor-section-boxed elementor-section-height-default elementor-section-height-default wpr-particle-no wpr-jarallax-no wpr-parallax-no wpr-sticky-section-no\" data-id=\"bd27223\" data-element_type=\"section\" data-e-type=\"section\">\n\t\t\t\t\t\t<div class=\"elementor-container elementor-column-gap-default\">\n\t\t\t\t\t<div class=\"elementor-column elementor-col-100 elementor-top-column elementor-element elementor-element-9d15394\" data-id=\"9d15394\" data-element_type=\"column\" data-e-type=\"column\">\n\t\t\t<div class=\"elementor-widget-wrap elementor-element-populated\">\n\t\t\t\t\t\t<div class=\"elementor-element elementor-element-9455336 elementor-widget elementor-widget-image\" data-id=\"9455336\" data-element_type=\"widget\" data-e-type=\"widget\" data-widget_type=\"image.default\">\n\t\t\t\t<div class=\"elementor-widget-container\">\n\t\t\t\t\t\t\t\t\t\t\t\t<figure class=\"wp-caption\">\n\t\t\t\t\t\t\t\t\t\t<img fetchpriority=\"high\" decoding=\"async\" width=\"768\" height=\"773\" src=\"https:\/\/imagoalexandri.es\/wp-content\/uploads\/2019\/11\/DE-MUS-814819-18204056-av-768x773.jpg\" class=\"attachment-medium_large size-medium_large wp-image-486\" alt=\"\" srcset=\"https:\/\/imagoalexandri.es\/wp-content\/uploads\/2019\/11\/DE-MUS-814819-18204056-av-768x773.jpg 768w, https:\/\/imagoalexandri.es\/wp-content\/uploads\/2019\/11\/DE-MUS-814819-18204056-av-150x150.jpg 150w, https:\/\/imagoalexandri.es\/wp-content\/uploads\/2019\/11\/DE-MUS-814819-18204056-av-298x300.jpg 298w, https:\/\/imagoalexandri.es\/wp-content\/uploads\/2019\/11\/DE-MUS-814819-18204056-av.jpg 887w\" sizes=\"(max-width: 768px) 100vw, 768px\" \/>\t\t\t\t\t\t\t\t\t\t\t<figcaption class=\"widget-image-caption wp-caption-text\">Fotograf\u00eda de la p\u00e1gina web del Munzenkabinet Online<\/figcaption>\n\t\t\t\t\t\t\t\t\t\t<\/figure>\n\t\t\t\t\t\t\t\t\t<\/div>\n\t\t\t\t<\/div>\n\t\t\t\t\t<\/div>\n\t\t<\/div>\n\t\t\t\t\t<\/div>\n\t\t<\/section>\n\t\t\t\t<section class=\"elementor-section elementor-top-section elementor-element elementor-element-e78b06b elementor-section-boxed elementor-section-height-default elementor-section-height-default wpr-particle-no wpr-jarallax-no wpr-parallax-no wpr-sticky-section-no\" data-id=\"e78b06b\" data-element_type=\"section\" data-e-type=\"section\">\n\t\t\t\t\t\t<div class=\"elementor-container elementor-column-gap-default\">\n\t\t\t\t\t<div class=\"elementor-column elementor-col-100 elementor-top-column elementor-element elementor-element-a10e5ad\" data-id=\"a10e5ad\" data-element_type=\"column\" data-e-type=\"column\">\n\t\t\t<div class=\"elementor-widget-wrap elementor-element-populated\">\n\t\t\t\t\t\t<div class=\"elementor-element elementor-element-5626642 elementor-tabs-view-horizontal elementor-widget elementor-widget-tabs\" data-id=\"5626642\" data-element_type=\"widget\" data-e-type=\"widget\" data-widget_type=\"tabs.default\">\n\t\t\t\t<div class=\"elementor-widget-container\">\n\t\t\t\t\t\t\t<div class=\"elementor-tabs\">\n\t\t\t<div class=\"elementor-tabs-wrapper\" role=\"tablist\" >\n\t\t\t\t\t\t\t\t\t<div id=\"elementor-tab-title-9031\" class=\"elementor-tab-title elementor-tab-desktop-title\" aria-selected=\"true\" data-tab=\"1\" role=\"tab\" tabindex=\"0\" aria-controls=\"elementor-tab-content-9031\" aria-expanded=\"false\">Datos B\u00e1sicos<\/div>\n\t\t\t\t\t\t\t\t\t<div id=\"elementor-tab-title-9032\" class=\"elementor-tab-title elementor-tab-desktop-title\" aria-selected=\"false\" data-tab=\"2\" role=\"tab\" tabindex=\"-1\" aria-controls=\"elementor-tab-content-9032\" aria-expanded=\"false\">Bibliograf\u00eda e Informaci\u00f3n Web<\/div>\n\t\t\t\t\t\t\t\t\t<div id=\"elementor-tab-title-9033\" class=\"elementor-tab-title elementor-tab-desktop-title\" aria-selected=\"false\" data-tab=\"3\" role=\"tab\" tabindex=\"-1\" aria-controls=\"elementor-tab-content-9033\" aria-expanded=\"false\">Cronolog\u00eda<\/div>\n\t\t\t\t\t\t\t<\/div>\n\t\t\t<div class=\"elementor-tabs-content-wrapper\" role=\"tablist\" aria-orientation=\"vertical\">\n\t\t\t\t\t\t\t\t\t<div class=\"elementor-tab-title elementor-tab-mobile-title\" aria-selected=\"true\" data-tab=\"1\" role=\"tab\" tabindex=\"0\" aria-controls=\"elementor-tab-content-9031\" aria-expanded=\"false\">Datos B\u00e1sicos<\/div>\n\t\t\t\t\t<div id=\"elementor-tab-content-9031\" class=\"elementor-tab-content elementor-clearfix\" data-tab=\"1\" role=\"tabpanel\" aria-labelledby=\"elementor-tab-title-9031\" tabindex=\"0\" hidden=\"false\"><p>Material: Plata<\/p><p>Ceca:\u00a0Tesal\u00f3nica<\/p><\/div>\n\t\t\t\t\t\t\t\t\t<div class=\"elementor-tab-title elementor-tab-mobile-title\" aria-selected=\"false\" data-tab=\"2\" role=\"tab\" tabindex=\"-1\" aria-controls=\"elementor-tab-content-9032\" aria-expanded=\"false\">Bibliograf\u00eda e Informaci\u00f3n Web<\/div>\n\t\t\t\t\t<div id=\"elementor-tab-content-9032\" class=\"elementor-tab-content elementor-clearfix\" data-tab=\"2\" role=\"tabpanel\" aria-labelledby=\"elementor-tab-title-9032\" tabindex=\"0\" hidden=\"hidden\"><p>Bibliograf\u00eda o Referencias:<\/p><p>BIEBER, M. (1965) \u201cThe Portraits of Alexander\u201d <em>GR<\/em> 12\u00a0:70;<\/p><p>STEWART, A. (1993)\u00a0<em>Faces of Power<\/em>\u00a0: 328 -330. California<\/p><p>DE CALLATA\u0178, F.(1998) \u201cThe coins in the name of Sura\u201d en BURNETT, A. WARTENBERG, U y WITSCHONKE ,R. (eds) <em>Coins of Macedonia and Rome: Essays in honour of Charles Hersh<\/em> :113-118. London.<\/p><p>BAUSLAUG, R.A. (2000) \u201cSilver Coinage with the types of Aesillas the Questor\u201d <em>ANS<\/em> 22 . New York.<\/p><p>DAHMEN, K. (2007) <em>The legend of Alexander the Great on Greek and Roman Coins<\/em>\u00a0 :18-20 y 122-123. Londres\/New York.<\/p><p>DAHMEN,K. (2010) \u201cThe Numismatic Evidence\u201d En ROISMAN, J. y WORTHINGTON,I. (eds) <em>A companion to ancient Macedonia<\/em> : 41-62. Chichester.<\/p><p>\u00a0<\/p><\/div>\n\t\t\t\t\t\t\t\t\t<div class=\"elementor-tab-title elementor-tab-mobile-title\" aria-selected=\"false\" data-tab=\"3\" role=\"tab\" tabindex=\"-1\" aria-controls=\"elementor-tab-content-9033\" aria-expanded=\"false\">Cronolog\u00eda<\/div>\n\t\t\t\t\t<div id=\"elementor-tab-content-9033\" class=\"elementor-tab-content elementor-clearfix\" data-tab=\"3\" role=\"tabpanel\" aria-labelledby=\"elementor-tab-title-9033\" tabindex=\"0\" hidden=\"hidden\"><p>Fecha:\u00a093-70 a.C.<\/p><p>Per\u00edodo:\u00a099 a.C.- Dictaruda Sila<\/p><p>\u00c9poca de la Pieza:\u00a0Rep\u00fablica siglo I a.C.<\/p><p>\u00c9poca de realizaci\u00f3n de la pieza que imita:\u00a0\u00c9poca de Alejandro-Diadocos<\/p><\/div>\n\t\t\t\t\t\t\t<\/div>\n\t\t<\/div>\n\t\t\t\t\t\t<\/div>\n\t\t\t\t<\/div>\n\t\t\t\t\t<\/div>\n\t\t<\/div>\n\t\t\t\t\t<\/div>\n\t\t<\/section>\n\t\t\t\t<section class=\"elementor-section elementor-top-section elementor-element elementor-element-e7cc38d elementor-section-boxed elementor-section-height-default elementor-section-height-default wpr-particle-no wpr-jarallax-no wpr-parallax-no wpr-sticky-section-no\" data-id=\"e7cc38d\" data-element_type=\"section\" data-e-type=\"section\">\n\t\t\t\t\t\t<div class=\"elementor-container elementor-column-gap-default\">\n\t\t\t\t\t<div class=\"elementor-column elementor-col-100 elementor-top-column elementor-element elementor-element-64ba4da\" data-id=\"64ba4da\" data-element_type=\"column\" data-e-type=\"column\">\n\t\t\t<div class=\"elementor-widget-wrap elementor-element-populated\">\n\t\t\t\t\t\t<div class=\"elementor-element elementor-element-47463d8 elementor-widget elementor-widget-text-editor\" data-id=\"47463d8\" data-element_type=\"widget\" data-e-type=\"widget\" data-widget_type=\"text-editor.default\">\n\t\t\t\t<div class=\"elementor-widget-container\">\n\t\t\t\t\t\t\t\t\t<p>Moneda en Plata acu\u00f1ada en Macedonia. Existen tres tipos de emisiones de esta moneda, las cuales se diferencian entre si en la leyenda que encontramos en el anverso,que nos dar\u00eda la informaci\u00f3n de qui\u00e9n mand\u00f3\u00a0 la emisi\u00f3n de estas monedas.<\/p><p><strong>Primer tipo:<\/strong><\/p><ul><li>Anverso: Cabeza de Alejandro con Cuernos de Am\u00f3n con leyenda: MAKE\u0394ON\u03a9N<\/li><li>Reverso: Enmarcado por corona de Laurel, fiscus, Clava de H\u00e9rcules, y silla de Cuestor, con la leyenda: AESILLAS<\/li><\/ul><p><strong>Segundo tipo:<\/strong><\/p><ul><li>Anverso: Cabeza de Alejandro con Cuernos de Am\u00f3n con leyenda CAE PR MAKE\u0394ON\u03a9N<\/li><li>Reverso: Enmarcado por corona de Laurel, fiscus, Clava de H\u00e9rcules, y silla de Cuestor, con la leyenda: AESILLAS<\/li><\/ul><p><strong>Tercer Tipo<\/strong><\/p><ul><li>Anverso: Cabeza de Alejandro con Cuernos de Am\u00f3n con leyenda: MAKE\u0394ON\u03a9N<\/li><li>Reverso: Enmarcado por corona de Laurel, fiscus, Clava de H\u00e9rcules, y silla de Cuestor, con la leyenda: SVVRA LEG PRO Q<\/li><\/ul>\t\t\t\t\t\t\t\t<\/div>\n\t\t\t\t<\/div>\n\t\t\t\t\t<\/div>\n\t\t<\/div>\n\t\t\t\t\t<\/div>\n\t\t<\/section>\n\t\t\t\t<section class=\"elementor-section elementor-top-section elementor-element elementor-element-e464af9 elementor-section-boxed elementor-section-height-default elementor-section-height-default wpr-particle-no wpr-jarallax-no wpr-parallax-no wpr-sticky-section-no\" data-id=\"e464af9\" data-element_type=\"section\" data-e-type=\"section\">\n\t\t\t\t\t\t<div class=\"elementor-container elementor-column-gap-default\">\n\t\t\t\t\t<div class=\"elementor-column elementor-col-100 elementor-top-column elementor-element elementor-element-ba7b73d\" data-id=\"ba7b73d\" data-element_type=\"column\" data-e-type=\"column\">\n\t\t\t<div class=\"elementor-widget-wrap elementor-element-populated\">\n\t\t\t\t\t\t<div class=\"elementor-element elementor-element-273a1e3 elementor-widget elementor-widget-image-gallery\" data-id=\"273a1e3\" data-element_type=\"widget\" data-e-type=\"widget\" data-widget_type=\"image-gallery.default\">\n\t\t\t\t<div class=\"elementor-widget-container\">\n\t\t\t\t\t\t\t<div class=\"elementor-image-gallery\">\n\t\t\t<div id='gallery-1' class='gallery galleryid-481 gallery-columns-5 gallery-size-thumbnail'><figure class='gallery-item'>\n\t\t\t<div class='gallery-icon portrait'>\n\t\t\t\t<a data-elementor-open-lightbox=\"yes\" data-elementor-lightbox-slideshow=\"273a1e3\" data-elementor-lightbox-title=\"Acu\u00f1aci\u00f3n de Aesillas\" data-elementor-lightbox-description=\"https:\/\/ikmk.smb.museum\/object?id=18204056\" data-e-action-hash=\"#elementor-action%3Aaction%3Dlightbox%26settings%3DeyJpZCI6NDg2LCJ1cmwiOiJodHRwczpcL1wvaW1hZ29hbGV4YW5kcmkuZXNcL3dwLWNvbnRlbnRcL3VwbG9hZHNcLzIwMTlcLzExXC9ERS1NVVMtODE0ODE5LTE4MjA0MDU2LWF2LmpwZyIsInNsaWRlc2hvdyI6IjI3M2ExZTMifQ%3D%3D\" href='https:\/\/imagoalexandri.es\/wp-content\/uploads\/2019\/11\/DE-MUS-814819-18204056-av.jpg'><img decoding=\"async\" width=\"150\" height=\"150\" src=\"https:\/\/imagoalexandri.es\/wp-content\/uploads\/2019\/11\/DE-MUS-814819-18204056-av-150x150.jpg\" class=\"attachment-thumbnail size-thumbnail\" alt=\"\" aria-describedby=\"gallery-1-486\" srcset=\"https:\/\/imagoalexandri.es\/wp-content\/uploads\/2019\/11\/DE-MUS-814819-18204056-av-150x150.jpg 150w, https:\/\/imagoalexandri.es\/wp-content\/uploads\/2019\/11\/DE-MUS-814819-18204056-av-298x300.jpg 298w, https:\/\/imagoalexandri.es\/wp-content\/uploads\/2019\/11\/DE-MUS-814819-18204056-av-768x773.jpg 768w, https:\/\/imagoalexandri.es\/wp-content\/uploads\/2019\/11\/DE-MUS-814819-18204056-av.jpg 887w\" sizes=\"(max-width: 150px) 100vw, 150px\" \/><\/a>\n\t\t\t<\/div>\n\t\t\t\t<figcaption class='wp-caption-text gallery-caption' id='gallery-1-486'>\n\t\t\t\tFotograf\u00eda de la p\u00e1gina web del Munzenkabinet Online\n\t\t\t\t<\/figcaption><\/figure><figure class='gallery-item'>\n\t\t\t<div class='gallery-icon portrait'>\n\t\t\t\t<a data-elementor-open-lightbox=\"yes\" data-elementor-lightbox-slideshow=\"273a1e3\" data-elementor-lightbox-title=\"Acu\u00f1aci\u00f3n Aesillas rv\" data-elementor-lightbox-description=\"DE-MUS-814819-18204056-\" data-e-action-hash=\"#elementor-action%3Aaction%3Dlightbox%26settings%3DeyJpZCI6NDg1LCJ1cmwiOiJodHRwczpcL1wvaW1hZ29hbGV4YW5kcmkuZXNcL3dwLWNvbnRlbnRcL3VwbG9hZHNcLzIwMTlcLzExXC9ERS1NVVMtODE0ODE5LTE4MjA0MDU2LXJ2LmpwZyIsInNsaWRlc2hvdyI6IjI3M2ExZTMifQ%3D%3D\" href='https:\/\/imagoalexandri.es\/wp-content\/uploads\/2019\/11\/DE-MUS-814819-18204056-rv.jpg'><img decoding=\"async\" width=\"150\" height=\"150\" src=\"https:\/\/imagoalexandri.es\/wp-content\/uploads\/2019\/11\/DE-MUS-814819-18204056-rv-150x150.jpg\" class=\"attachment-thumbnail size-thumbnail\" alt=\"\" aria-describedby=\"gallery-1-485\" \/><\/a>\n\t\t\t<\/div>\n\t\t\t\t<figcaption class='wp-caption-text gallery-caption' id='gallery-1-485'>\n\t\t\t\tFotograf\u00eda de la p\u00e1gina web del Munzenkabinet Online\n\t\t\t\t<\/figcaption><\/figure><figure class='gallery-item'>\n\t\t\t<div class='gallery-icon portrait'>\n\t\t\t\t<a data-elementor-open-lightbox=\"yes\" data-elementor-lightbox-slideshow=\"273a1e3\" data-elementor-lightbox-title=\"Acu\u00f1aci\u00f3n Aesillas\" data-elementor-lightbox-description=\"https:\/\/ikmk.smb.museum\/object?id=18204207\" data-e-action-hash=\"#elementor-action%3Aaction%3Dlightbox%26settings%3DeyJpZCI6NDg0LCJ1cmwiOiJodHRwczpcL1wvaW1hZ29hbGV4YW5kcmkuZXNcL3dwLWNvbnRlbnRcL3VwbG9hZHNcLzIwMTlcLzExXC9ERS1NVVMtODE0ODE5LTE4MjA0MjA3LWF2LmpwZyIsInNsaWRlc2hvdyI6IjI3M2ExZTMifQ%3D%3D\" href='https:\/\/imagoalexandri.es\/wp-content\/uploads\/2019\/11\/DE-MUS-814819-18204207-av.jpg'><img loading=\"lazy\" decoding=\"async\" width=\"150\" height=\"150\" src=\"https:\/\/imagoalexandri.es\/wp-content\/uploads\/2019\/11\/DE-MUS-814819-18204207-av-150x150.jpg\" class=\"attachment-thumbnail size-thumbnail\" alt=\"\" aria-describedby=\"gallery-1-484\" \/><\/a>\n\t\t\t<\/div>\n\t\t\t\t<figcaption class='wp-caption-text gallery-caption' id='gallery-1-484'>\n\t\t\t\tFotograf\u00eda de la p\u00e1gina web del Munzenkabinet Online\n\t\t\t\t<\/figcaption><\/figure><figure class='gallery-item'>\n\t\t\t<div class='gallery-icon portrait'>\n\t\t\t\t<a data-elementor-open-lightbox=\"yes\" data-elementor-lightbox-slideshow=\"273a1e3\" data-elementor-lightbox-title=\"Acu\u00f1aci\u00f3n Aesillas reverso-rv\" data-elementor-lightbox-description=\"https:\/\/ikmk.smb.museum\/object?id=18204207\" data-e-action-hash=\"#elementor-action%3Aaction%3Dlightbox%26settings%3DeyJpZCI6NDgzLCJ1cmwiOiJodHRwczpcL1wvaW1hZ29hbGV4YW5kcmkuZXNcL3dwLWNvbnRlbnRcL3VwbG9hZHNcLzIwMTlcLzExXC9ERS1NVVMtODE0ODE5LTE4MjA0MjA3LXJ2LmpwZyIsInNsaWRlc2hvdyI6IjI3M2ExZTMifQ%3D%3D\" href='https:\/\/imagoalexandri.es\/wp-content\/uploads\/2019\/11\/DE-MUS-814819-18204207-rv.jpg'><img loading=\"lazy\" decoding=\"async\" width=\"150\" height=\"150\" src=\"https:\/\/imagoalexandri.es\/wp-content\/uploads\/2019\/11\/DE-MUS-814819-18204207-rv-150x150.jpg\" class=\"attachment-thumbnail size-thumbnail\" alt=\"\" aria-describedby=\"gallery-1-483\" \/><\/a>\n\t\t\t<\/div>\n\t\t\t\t<figcaption class='wp-caption-text gallery-caption' id='gallery-1-483'>\n\t\t\t\tFotograf\u00eda de la p\u00e1gina web del Munzenkabinet Online\n\t\t\t\t<\/figcaption><\/figure><figure class='gallery-item'>\n\t\t\t<div class='gallery-icon landscape'>\n\t\t\t\t<a data-elementor-open-lightbox=\"yes\" data-elementor-lightbox-slideshow=\"273a1e3\" data-elementor-lightbox-title=\"Acu\u00f1acion Aesillas\" data-elementor-lightbox-description=\"https:\/\/ikmk.smb.museum\/object?id=18204207\" data-e-action-hash=\"#elementor-action%3Aaction%3Dlightbox%26settings%3DeyJpZCI6NDg3LCJ1cmwiOiJodHRwczpcL1wvaW1hZ29hbGV4YW5kcmkuZXNcL3dwLWNvbnRlbnRcL3VwbG9hZHNcLzIwMTlcLzExXC9SLi1BLi1CYXVzbGF1Z2guanBnIiwic2xpZGVzaG93IjoiMjczYTFlMyJ9\" href='https:\/\/imagoalexandri.es\/wp-content\/uploads\/2019\/11\/R.-A.-Bauslaugh.jpg'><img loading=\"lazy\" decoding=\"async\" width=\"150\" height=\"150\" src=\"https:\/\/imagoalexandri.es\/wp-content\/uploads\/2019\/11\/R.-A.-Bauslaugh-150x150.jpg\" class=\"attachment-thumbnail size-thumbnail\" alt=\"\" aria-describedby=\"gallery-1-487\" \/><\/a>\n\t\t\t<\/div>\n\t\t\t\t<figcaption class='wp-caption-text gallery-caption' id='gallery-1-487'>\n\t\t\t\tFotograf\u00eda en R.A. BAUSLAUGH (2000) fig 17-92C\n\t\t\t\t<\/figcaption><\/figure>\n\t\t<\/div>\n\t\t<\/div>\n\t\t\t\t\t\t<\/div>\n\t\t\t\t<\/div>\n\t\t\t\t\t<\/div>\n\t\t<\/div>\n\t\t\t\t\t<\/div>\n\t\t<\/section>\n\t\t\t\t<section class=\"elementor-section elementor-top-section elementor-element elementor-element-b8f96f8 elementor-section-boxed elementor-section-height-default elementor-section-height-default wpr-particle-no wpr-jarallax-no wpr-parallax-no wpr-sticky-section-no\" data-id=\"b8f96f8\" data-element_type=\"section\" data-e-type=\"section\">\n\t\t\t\t\t\t<div class=\"elementor-container elementor-column-gap-default\">\n\t\t\t\t\t<div class=\"elementor-column elementor-col-100 elementor-top-column elementor-element elementor-element-7d00453\" data-id=\"7d00453\" data-element_type=\"column\" data-e-type=\"column\">\n\t\t\t<div class=\"elementor-widget-wrap elementor-element-populated\">\n\t\t\t\t\t\t<div class=\"elementor-element elementor-element-72c5f96 elementor-widget elementor-widget-text-editor\" data-id=\"72c5f96\" data-element_type=\"widget\" data-e-type=\"widget\" data-widget_type=\"text-editor.default\">\n\t\t\t\t<div class=\"elementor-widget-container\">\n\t\t\t\t\t\t\t\t\t<p>Esta acu\u00f1aci\u00f3n imita las que realizar\u00e1 Lis\u00edmaco para Tracia tras la muerte de Alejandro. En la cual aparece de perfil con dos atributos importantes, por una parte la diadema helen\u00edstica que le presenta como rey y por otra los cuernos de Am\u00f3n que le vinculan con el dios egipcio Am\u00f3n. La importancia de esta divinidad egipcia dentro de la campa\u00f1a del rey macedonio, es mencionada ya por las fuentes antiguas que nos hablan sobre la filiaci\u00f3n de Alejandro con Am\u00f3n (Diodoro <em>Biblioteca Hist\u00f3rica<\/em> 17.49,2-52; Quinto Curcio <em>Historia de Alejandro Magno<\/em> 4.7,5-32; Plutarco <em>Vidas Paralelas, Vida de Alejandro<\/em> 26,10-28; Arriano <em>An\u00e1basis de Alejandro Magno<\/em> 2.3-4; Justino <em>Ep\u00edtome de Pompeyo Trogo <\/em>11.11,1-12. y Pseudo-Cal\u00edstenes <em>Vida y Haza\u00f1as de Alejandro de Macedonia<\/em> <em>1.30).<\/em> En nuestra opini\u00f3n ser\u00eda la primera representaci\u00f3n del macedonio como una deidad, al asociarse directamente con el dios Am\u00f3n. Pero sin duda nos encontramos ante una nueva concepci\u00f3n a la hora de representar a Alejandro, que tuvo gran \u00e9xito dentro de los reinos helen\u00edsticos\u00a0\u00a0<\/p><p>\u00a0<\/p>\t\t\t\t\t\t\t\t<\/div>\n\t\t\t\t<\/div>\n\t\t\t\t<div class=\"elementor-element elementor-element-59cc2b5 elementor-widget elementor-widget-image\" data-id=\"59cc2b5\" data-element_type=\"widget\" data-e-type=\"widget\" data-widget_type=\"image.default\">\n\t\t\t\t<div class=\"elementor-widget-container\">\n\t\t\t\t\t\t\t\t\t\t\t\t<figure class=\"wp-caption\">\n\t\t\t\t\t\t\t\t\t\t<img loading=\"lazy\" decoding=\"async\" width=\"298\" height=\"300\" src=\"https:\/\/imagoalexandri.es\/wp-content\/uploads\/2019\/11\/DE-MUS-814819-18267407-av-298x300.jpg\" class=\"attachment-medium size-medium wp-image-490\" alt=\"\" srcset=\"https:\/\/imagoalexandri.es\/wp-content\/uploads\/2019\/11\/DE-MUS-814819-18267407-av-298x300.jpg 298w, https:\/\/imagoalexandri.es\/wp-content\/uploads\/2019\/11\/DE-MUS-814819-18267407-av-150x150.jpg 150w, https:\/\/imagoalexandri.es\/wp-content\/uploads\/2019\/11\/DE-MUS-814819-18267407-av.jpg 711w\" sizes=\"(max-width: 298px) 100vw, 298px\" \/>\t\t\t\t\t\t\t\t\t\t\t<figcaption class=\"widget-image-caption wp-caption-text\">Fotograf\u00eda de la p\u00e1gina web del Munzenkabinet Online<\/figcaption>\n\t\t\t\t\t\t\t\t\t\t<\/figure>\n\t\t\t\t\t\t\t\t\t<\/div>\n\t\t\t\t<\/div>\n\t\t\t\t<div class=\"elementor-element elementor-element-23ff378 elementor-widget elementor-widget-text-editor\" data-id=\"23ff378\" data-element_type=\"widget\" data-e-type=\"widget\" data-widget_type=\"text-editor.default\">\n\t\t\t\t<div class=\"elementor-widget-container\">\n\t\t\t\t\t\t\t\t\t<p align=\"justify\">Es la primera emisi\u00f3n que con la figura de Alejandro se realiz\u00f3 en Roma, la adaptaci\u00f3n de la iconograf\u00eda helen\u00edstica, que descarta la corona pero mantiene de forma velada los cuernos, s\u00f3lo puede explicarse dentro del contexto y el uso que tuvieron estas acu\u00f1aciones.&nbsp; El contexto son las guerras mitrid\u00e1ticas que enfrentaron a Roma y a Mitr\u00eddates VI del Ponto por el control de Oriente y Grecia. El uso de estas monedas era el pago a las tropas de Macedonia y Tracia durante este conflicto. El hecho de recurrir a esta iconograf\u00eda, teniendo en cuenta que Macedonia forma parte de Roma desde hace cincuenta a\u00f1os,&nbsp; sea para contrarrestar la pol\u00edtica del rey del Ponto, que como menciona Hojte ( H\u00d8JTE,J. M. (2009) \u00ab<a href=\"http:\/\/mithridat-eupator.ru\/biblioteka\/Mithridates_VI_and_the_Pontic_Kingdom_Hojte_2009.pdf\">Portraits and Statues of Mithridates VI<\/a>\u00bb en H\u00d8JTE, J.M. (ed.), Mithridates VI and the Pontic Kingdom, BSS 9:145-162 \u00c5rhus) que se presenta como un nuevo Alejandro.<\/p>\n<p>Destacable dentro de esta pol\u00edtica propagand\u00edstica de Mitr\u00eddates, como bien se\u00f1ala Hojte, merece la pena se\u00f1alar el cambio que sufren sus acu\u00f1aciones pasando a ser m\u00e1s idealizadas a partir del a\u00f1o 87 a.C., en una imagen que recuerda los rasgos del Magno.<\/p>\n<p>Dentro de este contexto y uso se entiende mejor esta acu\u00f1aci\u00f3n, consideramos relevante&nbsp; mencionar dos premisa m\u00e1s. Al utilizar esta iconograf\u00eda Roma se vincula a Alejandro, present\u00e1ndose al igual que el resto de los reinos helen\u00edsticos como heredera del rey macedonio. Y por \u00faltimo opinamos como&nbsp; Dahmen (2007:122),&nbsp;que el motivo por&nbsp; el cual se descarta la diadema t\u00edpica de estas representaciones mientras que permanecen los cuernos de Am\u00f3n disimulados entre los rizos de la melena, es el de eliminar el car\u00e1cter mon\u00e1rquico de Alejandro para omitir de la antigua forma de gobierno a las tropas que iban a recibir las monedas en pago, adaptando de esta forma la iconograf\u00eda a sus propios intereses. <\/p>\t\t\t\t\t\t\t\t<\/div>\n\t\t\t\t<\/div>\n\t\t\t\t\t<\/div>\n\t\t<\/div>\n\t\t\t\t\t<\/div>\n\t\t<\/section>\n\t\t\t\t<section class=\"elementor-section elementor-top-section elementor-element elementor-element-fab55dd elementor-section-boxed elementor-section-height-default elementor-section-height-default wpr-particle-no wpr-jarallax-no wpr-parallax-no wpr-sticky-section-no\" data-id=\"fab55dd\" data-element_type=\"section\" data-e-type=\"section\">\n\t\t\t\t\t\t<div class=\"elementor-container elementor-column-gap-default\">\n\t\t\t\t\t<div class=\"elementor-column elementor-col-100 elementor-top-column elementor-element elementor-element-30ddeac\" data-id=\"30ddeac\" data-element_type=\"column\" data-e-type=\"column\">\n\t\t\t<div class=\"elementor-widget-wrap elementor-element-populated\">\n\t\t\t\t\t\t<div class=\"elementor-element elementor-element-5d5f532 elementor-widget elementor-widget-image-gallery\" data-id=\"5d5f532\" data-element_type=\"widget\" data-e-type=\"widget\" data-widget_type=\"image-gallery.default\">\n\t\t\t\t<div class=\"elementor-widget-container\">\n\t\t\t\t\t\t\t<div class=\"elementor-image-gallery\">\n\t\t\t<div id='gallery-2' class='gallery galleryid-481 gallery-columns-2 gallery-size-medium'><figure class='gallery-item'>\n\t\t\t<div class='gallery-icon portrait'>\n\t\t\t\t<a data-elementor-open-lightbox=\"yes\" data-elementor-lightbox-slideshow=\"5d5f532\" data-elementor-lightbox-title=\"Mitridates\" data-e-action-hash=\"#elementor-action%3Aaction%3Dlightbox%26settings%3DeyJpZCI6NDkzLCJ1cmwiOiJodHRwczpcL1wvaW1hZ29hbGV4YW5kcmkuZXNcL3dwLWNvbnRlbnRcL3VwbG9hZHNcLzIwMTlcLzExXC9ERS1NVVMtODE0ODE5LTE4MjA0MDMxLWF2LmpwZyIsInNsaWRlc2hvdyI6IjVkNWY1MzIifQ%3D%3D\" href='https:\/\/imagoalexandri.es\/wp-content\/uploads\/2019\/11\/DE-MUS-814819-18204031-av.jpg'><img loading=\"lazy\" decoding=\"async\" width=\"292\" height=\"300\" src=\"https:\/\/imagoalexandri.es\/wp-content\/uploads\/2019\/11\/DE-MUS-814819-18204031-av-292x300.jpg\" class=\"attachment-medium size-medium\" alt=\"\" aria-describedby=\"gallery-2-493\" srcset=\"https:\/\/imagoalexandri.es\/wp-content\/uploads\/2019\/11\/DE-MUS-814819-18204031-av-292x300.jpg 292w, https:\/\/imagoalexandri.es\/wp-content\/uploads\/2019\/11\/DE-MUS-814819-18204031-av-768x789.jpg 768w, https:\/\/imagoalexandri.es\/wp-content\/uploads\/2019\/11\/DE-MUS-814819-18204031-av-996x1024.jpg 996w, https:\/\/imagoalexandri.es\/wp-content\/uploads\/2019\/11\/DE-MUS-814819-18204031-av.jpg 1036w\" sizes=\"(max-width: 292px) 100vw, 292px\" \/><\/a>\n\t\t\t<\/div>\n\t\t\t\t<figcaption class='wp-caption-text gallery-caption' id='gallery-2-493'>\n\t\t\t\tFotograf\u00eda de la p\u00e1gina web del Munzenkabinet Online\n\t\t\t\t<\/figcaption><\/figure><figure class='gallery-item'>\n\t\t\t<div class='gallery-icon landscape'>\n\t\t\t\t<a data-elementor-open-lightbox=\"yes\" data-elementor-lightbox-slideshow=\"5d5f532\" data-elementor-lightbox-title=\"Mithradates_VI_of_Pontos\" data-e-action-hash=\"#elementor-action%3Aaction%3Dlightbox%26settings%3DeyJpZCI6NTA0LCJ1cmwiOiJodHRwczpcL1wvaW1hZ29hbGV4YW5kcmkuZXNcL3dwLWNvbnRlbnRcL3VwbG9hZHNcLzIwMTlcLzExXC9NaXRocmFkYXRlc19WSV9vZl9Qb250b3MuanBnIiwic2xpZGVzaG93IjoiNWQ1ZjUzMiJ9\" href='https:\/\/imagoalexandri.es\/wp-content\/uploads\/2019\/11\/Mithradates_VI_of_Pontos.jpg'><img loading=\"lazy\" decoding=\"async\" width=\"300\" height=\"287\" src=\"https:\/\/imagoalexandri.es\/wp-content\/uploads\/2019\/11\/Mithradates_VI_of_Pontos-300x287.jpg\" class=\"attachment-medium size-medium\" alt=\"\" aria-describedby=\"gallery-2-504\" srcset=\"https:\/\/imagoalexandri.es\/wp-content\/uploads\/2019\/11\/Mithradates_VI_of_Pontos-300x287.jpg 300w, https:\/\/imagoalexandri.es\/wp-content\/uploads\/2019\/11\/Mithradates_VI_of_Pontos-768x735.jpg 768w, https:\/\/imagoalexandri.es\/wp-content\/uploads\/2019\/11\/Mithradates_VI_of_Pontos-1024x980.jpg 1024w, https:\/\/imagoalexandri.es\/wp-content\/uploads\/2019\/11\/Mithradates_VI_of_Pontos.jpg 1618w\" sizes=\"(max-width: 300px) 100vw, 300px\" \/><\/a>\n\t\t\t<\/div>\n\t\t\t\t<figcaption class='wp-caption-text gallery-caption' id='gallery-2-504'>\n\t\t\t\tAcu\u00f1aci\u00f3n de Mitr\u00eddates licencia en  public domain \n\t\t\t\t<\/figcaption><\/figure>\n\t\t<\/div>\n\t\t<\/div>\n\t\t\t\t\t\t<\/div>\n\t\t\t\t<\/div>\n\t\t\t\t\t<\/div>\n\t\t<\/div>\n\t\t\t\t\t<\/div>\n\t\t<\/section>\n\t\t\t\t<\/div>\n\t\t","protected":false},"excerpt":{"rendered":"<p>Fotograf\u00eda de la p\u00e1gina web del Munzenkabinet Online Datos B\u00e1sicos Bibliograf\u00eda e Informaci\u00f3n Web Cronolog\u00eda Datos B\u00e1sicos Material: Plata Ceca:\u00a0Tesal\u00f3nica Bibliograf\u00eda e Informaci\u00f3n Web Bibliograf\u00eda o Referencias: BIEBER, M. (1965) \u201cThe Portraits of Alexander\u201d GR 12\u00a0:70; STEWART, A. (1993)\u00a0Faces of Power\u00a0: 328 -330. California DE CALLATA\u0178, F.(1998) \u201cThe coins in the name of Sura\u201d en BURNETT, A. WARTENBERG, U y WITSCHONKE ,R. (eds) Coins of Macedonia and Rome: Essays in honour of Charles Hersh :113-118. London. BAUSLAUG, R.A. (2000) \u201cSilver Coinage with the types of Aesillas the Questor\u201d ANS 22 . New York. DAHMEN, K. (2007) The legend of Alexander the Great on Greek and Roman Coins\u00a0 :18-20 y 122-123. Londres\/New York. DAHMEN,K. (2010) \u201cThe Numismatic Evidence\u201d En ROISMAN, J. y WORTHINGTON,I. (eds) A companion to ancient Macedonia : 41-62. Chichester. \u00a0 Cronolog\u00eda Fecha:\u00a093-70 a.C. Per\u00edodo:\u00a099 a.C.- Dictaruda Sila \u00c9poca de la Pieza:\u00a0Rep\u00fablica siglo I a.C. \u00c9poca de realizaci\u00f3n de la pieza que imita:\u00a0\u00c9poca de Alejandro-Diadocos Moneda en Plata acu\u00f1ada en Macedonia. Existen tres tipos de emisiones de esta moneda, las cuales se diferencian entre si en la leyenda que encontramos en el anverso,que nos dar\u00eda la informaci\u00f3n de qui\u00e9n mand\u00f3\u00a0 la emisi\u00f3n de estas monedas. Primer tipo: Anverso: Cabeza de Alejandro con Cuernos de Am\u00f3n con leyenda: MAKE\u0394ON\u03a9N Reverso: Enmarcado por corona de Laurel, fiscus, Clava de H\u00e9rcules, y silla de Cuestor, con la leyenda: AESILLAS Segundo tipo: Anverso: Cabeza de Alejandro con Cuernos de Am\u00f3n con leyenda CAE PR MAKE\u0394ON\u03a9N Reverso: Enmarcado por corona de Laurel, fiscus, Clava de H\u00e9rcules, y silla de Cuestor, con la leyenda: AESILLAS Tercer Tipo Anverso: Cabeza de Alejandro con Cuernos de Am\u00f3n con leyenda: MAKE\u0394ON\u03a9N Reverso: Enmarcado por corona de Laurel, fiscus, Clava de H\u00e9rcules, y silla de Cuestor, con la leyenda: SVVRA LEG PRO Q Fotograf\u00eda de la p\u00e1gina web del Munzenkabinet Online Fotograf\u00eda de la p\u00e1gina web del Munzenkabinet Online Fotograf\u00eda de la p\u00e1gina web del Munzenkabinet Online Fotograf\u00eda de la p\u00e1gina web del Munzenkabinet Online Fotograf\u00eda en R.A. BAUSLAUGH (2000) fig 17-92C Esta acu\u00f1aci\u00f3n imita las que realizar\u00e1 Lis\u00edmaco para Tracia tras la muerte de Alejandro. En la cual aparece de perfil con dos atributos importantes, por una parte la diadema helen\u00edstica que le presenta como rey y por otra los cuernos de Am\u00f3n que le vinculan con el dios egipcio Am\u00f3n. La importancia de esta divinidad egipcia dentro de la campa\u00f1a del rey macedonio, es mencionada ya por las fuentes antiguas que nos hablan sobre la filiaci\u00f3n de Alejandro con Am\u00f3n (Diodoro Biblioteca Hist\u00f3rica 17.49,2-52; Quinto Curcio Historia de Alejandro Magno 4.7,5-32; Plutarco Vidas Paralelas, Vida de Alejandro 26,10-28; Arriano An\u00e1basis de Alejandro Magno 2.3-4; Justino Ep\u00edtome de Pompeyo Trogo 11.11,1-12. y Pseudo-Cal\u00edstenes Vida y Haza\u00f1as de Alejandro de Macedonia 1.30). En nuestra opini\u00f3n ser\u00eda la primera representaci\u00f3n del macedonio como una deidad, al asociarse directamente con el dios Am\u00f3n. Pero sin duda nos encontramos ante una nueva concepci\u00f3n a la hora de representar a Alejandro, que tuvo gran \u00e9xito dentro de los reinos helen\u00edsticos\u00a0\u00a0 \u00a0 Fotograf\u00eda de la p\u00e1gina web del Munzenkabinet Online Es la primera emisi\u00f3n que con la figura de Alejandro se realiz\u00f3 en Roma, la adaptaci\u00f3n de la iconograf\u00eda helen\u00edstica, que descarta la corona pero mantiene de forma velada los cuernos, s\u00f3lo puede explicarse dentro del contexto y el uso que tuvieron estas acu\u00f1aciones.&nbsp; El contexto son las guerras mitrid\u00e1ticas que enfrentaron a Roma y a Mitr\u00eddates VI del Ponto por el control de Oriente y Grecia. El uso de estas monedas era el pago a las tropas de Macedonia y Tracia durante este conflicto. El hecho de recurrir a esta iconograf\u00eda, teniendo en cuenta que Macedonia forma parte de Roma desde hace cincuenta a\u00f1os,&nbsp; sea para contrarrestar la pol\u00edtica del rey del Ponto, que como menciona Hojte ( H\u00d8JTE,J. M. (2009) \u00abPortraits and Statues of Mithridates VI\u00bb en H\u00d8JTE, J.M. (ed.), Mithridates VI and the Pontic Kingdom, BSS 9:145-162 \u00c5rhus) que se presenta como un nuevo Alejandro. Destacable dentro de esta pol\u00edtica propagand\u00edstica de Mitr\u00eddates, como bien se\u00f1ala Hojte, merece la pena se\u00f1alar el cambio que sufren sus acu\u00f1aciones pasando a ser m\u00e1s idealizadas a partir del a\u00f1o 87 a.C., en una imagen que recuerda los rasgos del Magno. Dentro de este contexto y uso se entiende mejor esta acu\u00f1aci\u00f3n, consideramos relevante&nbsp; mencionar dos premisa m\u00e1s. Al utilizar esta iconograf\u00eda Roma se vincula a Alejandro, present\u00e1ndose al igual que el resto de los reinos helen\u00edsticos como heredera del rey macedonio. Y por \u00faltimo opinamos como&nbsp; Dahmen (2007:122),&nbsp;que el motivo por&nbsp; el cual se descarta la diadema t\u00edpica de estas representaciones mientras que permanecen los cuernos de Am\u00f3n disimulados entre los rizos de la melena, es el de eliminar el car\u00e1cter mon\u00e1rquico de Alejandro para omitir de la antigua forma de gobierno a las tropas que iban a recibir las monedas en pago, adaptando de esta forma la iconograf\u00eda a sus propios intereses. Fotograf\u00eda de la p\u00e1gina web del Munzenkabinet Online Acu\u00f1aci\u00f3n de Mitr\u00eddates licencia en public domain<\/p>\n","protected":false},"author":2,"featured_media":0,"parent":0,"menu_order":0,"comment_status":"closed","ping_status":"closed","template":"","meta":{"footnotes":""},"class_list":{"0":"post-481","1":"page","2":"type-page","3":"status-publish","5":"ceca-tesalonica","6":"materiales-plata","7":"periodo-republica-siglo-i-a-c","8":"tipologia-moneda","9":"tipologia-numismatica"},"_links":{"self":[{"href":"https:\/\/imagoalexandri.es\/index.php?rest_route=\/wp\/v2\/pages\/481","targetHints":{"allow":["GET"]}}],"collection":[{"href":"https:\/\/imagoalexandri.es\/index.php?rest_route=\/wp\/v2\/pages"}],"about":[{"href":"https:\/\/imagoalexandri.es\/index.php?rest_route=\/wp\/v2\/types\/page"}],"author":[{"embeddable":true,"href":"https:\/\/imagoalexandri.es\/index.php?rest_route=\/wp\/v2\/users\/2"}],"replies":[{"embeddable":true,"href":"https:\/\/imagoalexandri.es\/index.php?rest_route=%2Fwp%2Fv2%2Fcomments&post=481"}],"version-history":[{"count":0,"href":"https:\/\/imagoalexandri.es\/index.php?rest_route=\/wp\/v2\/pages\/481\/revisions"}],"wp:attachment":[{"href":"https:\/\/imagoalexandri.es\/index.php?rest_route=%2Fwp%2Fv2%2Fmedia&parent=481"}],"curies":[{"name":"wp","href":"https:\/\/api.w.org\/{rel}","templated":true}]}}