{"id":323,"date":"2019-11-08T13:54:58","date_gmt":"2019-11-08T12:54:58","guid":{"rendered":"https:\/\/imagoalexandri.es\/?page_id=323"},"modified":"2020-03-26T15:26:30","modified_gmt":"2020-03-26T14:26:30","slug":"alejandro-de-tivoli","status":"publish","type":"page","link":"https:\/\/imagoalexandri.es\/?page_id=323","title":{"rendered":"Alejandro de Tivoli"},"content":{"rendered":"\t\t<div data-elementor-type=\"wp-page\" data-elementor-id=\"323\" class=\"elementor elementor-323\">\n\t\t\t\t\t\t<section class=\"elementor-section elementor-top-section elementor-element elementor-element-bd27223 elementor-section-boxed elementor-section-height-default elementor-section-height-default wpr-particle-no wpr-jarallax-no wpr-parallax-no wpr-sticky-section-no\" data-id=\"bd27223\" data-element_type=\"section\" data-e-type=\"section\">\n\t\t\t\t\t\t<div class=\"elementor-container elementor-column-gap-default\">\n\t\t\t\t\t<div class=\"elementor-column elementor-col-100 elementor-top-column elementor-element elementor-element-9d15394\" data-id=\"9d15394\" data-element_type=\"column\" data-e-type=\"column\">\n\t\t\t<div class=\"elementor-widget-wrap elementor-element-populated\">\n\t\t\t\t\t\t<div class=\"elementor-element elementor-element-185fd32 elementor-widget elementor-widget-image\" data-id=\"185fd32\" data-element_type=\"widget\" data-e-type=\"widget\" data-widget_type=\"image.default\">\n\t\t\t\t<div class=\"elementor-widget-container\">\n\t\t\t\t\t\t\t\t\t\t\t\t<figure class=\"wp-caption\">\n\t\t\t\t\t\t\t\t\t\t<img fetchpriority=\"high\" decoding=\"async\" width=\"768\" height=\"967\" src=\"https:\/\/imagoalexandri.es\/wp-content\/uploads\/2019\/11\/IMG_20191109_142308-768x967.jpg\" class=\"attachment-medium_large size-medium_large wp-image-359\" alt=\"\" srcset=\"https:\/\/imagoalexandri.es\/wp-content\/uploads\/2019\/11\/IMG_20191109_142308-768x967.jpg 768w, https:\/\/imagoalexandri.es\/wp-content\/uploads\/2019\/11\/IMG_20191109_142308-238x300.jpg 238w, https:\/\/imagoalexandri.es\/wp-content\/uploads\/2019\/11\/IMG_20191109_142308-813x1024.jpg 813w\" sizes=\"(max-width: 768px) 100vw, 768px\" \/>\t\t\t\t\t\t\t\t\t\t\t<figcaption class=\"widget-image-caption wp-caption-text\">Fotograf\u00eda en Stewart, A. (1993) fig 126<\/figcaption>\n\t\t\t\t\t\t\t\t\t\t<\/figure>\n\t\t\t\t\t\t\t\t\t<\/div>\n\t\t\t\t<\/div>\n\t\t\t\t\t<\/div>\n\t\t<\/div>\n\t\t\t\t\t<\/div>\n\t\t<\/section>\n\t\t\t\t<section class=\"elementor-section elementor-top-section elementor-element elementor-element-e78b06b elementor-section-boxed elementor-section-height-default elementor-section-height-default wpr-particle-no wpr-jarallax-no wpr-parallax-no wpr-sticky-section-no\" data-id=\"e78b06b\" data-element_type=\"section\" data-e-type=\"section\">\n\t\t\t\t\t\t<div class=\"elementor-container elementor-column-gap-default\">\n\t\t\t\t\t<div class=\"elementor-column elementor-col-100 elementor-top-column elementor-element elementor-element-a10e5ad\" data-id=\"a10e5ad\" data-element_type=\"column\" data-e-type=\"column\">\n\t\t\t<div class=\"elementor-widget-wrap elementor-element-populated\">\n\t\t\t\t\t\t<div class=\"elementor-element elementor-element-5626642 elementor-tabs-view-horizontal elementor-widget elementor-widget-tabs\" data-id=\"5626642\" data-element_type=\"widget\" data-e-type=\"widget\" data-widget_type=\"tabs.default\">\n\t\t\t\t<div class=\"elementor-widget-container\">\n\t\t\t\t\t\t\t<div class=\"elementor-tabs\">\n\t\t\t<div class=\"elementor-tabs-wrapper\" role=\"tablist\" >\n\t\t\t\t\t\t\t\t\t<div id=\"elementor-tab-title-9031\" class=\"elementor-tab-title elementor-tab-desktop-title\" aria-selected=\"true\" data-tab=\"1\" role=\"tab\" tabindex=\"0\" aria-controls=\"elementor-tab-content-9031\" aria-expanded=\"false\">Datos B\u00e1sicos<\/div>\n\t\t\t\t\t\t\t\t\t<div id=\"elementor-tab-title-9032\" class=\"elementor-tab-title elementor-tab-desktop-title\" aria-selected=\"false\" data-tab=\"2\" role=\"tab\" tabindex=\"-1\" aria-controls=\"elementor-tab-content-9032\" aria-expanded=\"false\">Bibliograf\u00eda e Informaci\u00f3n Web<\/div>\n\t\t\t\t\t\t\t\t\t<div id=\"elementor-tab-title-9033\" class=\"elementor-tab-title elementor-tab-desktop-title\" aria-selected=\"false\" data-tab=\"3\" role=\"tab\" tabindex=\"-1\" aria-controls=\"elementor-tab-content-9033\" aria-expanded=\"false\">Medidas<\/div>\n\t\t\t\t\t\t\t\t\t<div id=\"elementor-tab-title-9034\" class=\"elementor-tab-title elementor-tab-desktop-title\" aria-selected=\"false\" data-tab=\"4\" role=\"tab\" tabindex=\"-1\" aria-controls=\"elementor-tab-content-9034\" aria-expanded=\"false\">Cronolog\u00eda<\/div>\n\t\t\t\t\t\t\t<\/div>\n\t\t\t<div class=\"elementor-tabs-content-wrapper\" role=\"tablist\" aria-orientation=\"vertical\">\n\t\t\t\t\t\t\t\t\t<div class=\"elementor-tab-title elementor-tab-mobile-title\" aria-selected=\"true\" data-tab=\"1\" role=\"tab\" tabindex=\"0\" aria-controls=\"elementor-tab-content-9031\" aria-expanded=\"false\">Datos B\u00e1sicos<\/div>\n\t\t\t\t\t<div id=\"elementor-tab-content-9031\" class=\"elementor-tab-content elementor-clearfix\" data-tab=\"1\" role=\"tabpanel\" aria-labelledby=\"elementor-tab-title-9031\" tabindex=\"0\" hidden=\"false\"><p>Museo Actual: Museo Nazionale Romano<\/p><p>Inventario Museo: 12 45 07<\/p><p>Material: M\u00e1rmol<\/p><\/div>\n\t\t\t\t\t\t\t\t\t<div class=\"elementor-tab-title elementor-tab-mobile-title\" aria-selected=\"false\" data-tab=\"2\" role=\"tab\" tabindex=\"-1\" aria-controls=\"elementor-tab-content-9032\" aria-expanded=\"false\">Bibliograf\u00eda e Informaci\u00f3n Web<\/div>\n\t\t\t\t\t<div id=\"elementor-tab-content-9032\" class=\"elementor-tab-content elementor-clearfix\" data-tab=\"2\" role=\"tabpanel\" aria-labelledby=\"elementor-tab-title-9032\" tabindex=\"0\" hidden=\"hidden\"><p>Bibliograf\u00eda:<\/p><p>STEWART, A. (1993) <em>Faces of Power<\/em> : 429. California.<\/p><p>RIDGWAY, B.S. (1990) <em>Hellenistic Sculpture I. The Styles of ca 331-200 B.C.<\/em> : 123. Madison.<\/p><\/div>\n\t\t\t\t\t\t\t\t\t<div class=\"elementor-tab-title elementor-tab-mobile-title\" aria-selected=\"false\" data-tab=\"3\" role=\"tab\" tabindex=\"-1\" aria-controls=\"elementor-tab-content-9033\" aria-expanded=\"false\">Medidas<\/div>\n\t\t\t\t\t<div id=\"elementor-tab-content-9033\" class=\"elementor-tab-content elementor-clearfix\" data-tab=\"3\" role=\"tabpanel\" aria-labelledby=\"elementor-tab-title-9033\" tabindex=\"0\" hidden=\"hidden\"><p><br><\/p>\n<p>Alto: 32,5 cm<\/p>\n<p><br><\/p><\/div>\n\t\t\t\t\t\t\t\t\t<div class=\"elementor-tab-title elementor-tab-mobile-title\" aria-selected=\"false\" data-tab=\"4\" role=\"tab\" tabindex=\"-1\" aria-controls=\"elementor-tab-content-9034\" aria-expanded=\"false\">Cronolog\u00eda<\/div>\n\t\t\t\t\t<div id=\"elementor-tab-content-9034\" class=\"elementor-tab-content elementor-clearfix\" data-tab=\"4\" role=\"tabpanel\" aria-labelledby=\"elementor-tab-title-9034\" tabindex=\"0\" hidden=\"hidden\"><p>Fecha: 230-200 a.C.<\/p>\n<p>Per\u00edodo: Escipiones-Graco<\/p>\n<p>\u00c9poca de la Pieza: Rep\u00fablica siglo II a.C.<\/p>\n<p><br><\/p><\/div>\n\t\t\t\t\t\t\t<\/div>\n\t\t<\/div>\n\t\t\t\t\t\t<\/div>\n\t\t\t\t<\/div>\n\t\t\t\t\t<\/div>\n\t\t<\/div>\n\t\t\t\t\t<\/div>\n\t\t<\/section>\n\t\t\t\t<section class=\"elementor-section elementor-top-section elementor-element elementor-element-e7cc38d elementor-section-boxed elementor-section-height-default elementor-section-height-default wpr-particle-no wpr-jarallax-no wpr-parallax-no wpr-sticky-section-no\" data-id=\"e7cc38d\" data-element_type=\"section\" data-e-type=\"section\">\n\t\t\t\t\t\t<div class=\"elementor-container elementor-column-gap-default\">\n\t\t\t\t\t<div class=\"elementor-column elementor-col-100 elementor-top-column elementor-element elementor-element-64ba4da\" data-id=\"64ba4da\" data-element_type=\"column\" data-e-type=\"column\">\n\t\t\t<div class=\"elementor-widget-wrap elementor-element-populated\">\n\t\t\t\t\t\t<div class=\"elementor-element elementor-element-47463d8 elementor-widget elementor-widget-text-editor\" data-id=\"47463d8\" data-element_type=\"widget\" data-e-type=\"widget\" data-widget_type=\"text-editor.default\">\n\t\t\t\t<div class=\"elementor-widget-container\">\n\t\t\t\t\t\t\t\t\t\n<p align=\"justify\">Cabeza de M\u00e1rmol con parte del rostro da\u00f1ado, faltando la nariz de la misma. Hallada en en el Santuario de H\u00e9rcules en Tivoli.\nLa escultura tiene rasgos t\u00edpicos de las representaciones de Alejandro: la cabeza ladeada en este caso a la derecha, barbilla redondeada y mejillas planas. El cabello a pesar de no ser rizado que es lo com\u00fan en las representaciones del Magno, nos recuerda a otra conocida escultura de Alejandro, una\u00a0 cabeza hayada en P\u00e9rgamo y que podr\u00eda formar parte del famoso altar , aunque en opini\u00f3n de Stewart (1993): 429, esta escultura habr\u00eda que ponerla en relaci\u00f3n con el Alejandro Schwarzenberg , siendo ambas copias de un original griego <\/p>\t\t\t\t\t\t\t\t<\/div>\n\t\t\t\t<\/div>\n\t\t\t\t<div class=\"elementor-element elementor-element-501eebb elementor-widget elementor-widget-image-gallery\" data-id=\"501eebb\" data-element_type=\"widget\" data-e-type=\"widget\" data-widget_type=\"image-gallery.default\">\n\t\t\t\t<div class=\"elementor-widget-container\">\n\t\t\t\t\t\t\t<div class=\"elementor-image-gallery\">\n\t\t\t<div id='gallery-1' class='gallery galleryid-323 gallery-columns-2 gallery-size-full'><figure class='gallery-item'>\n\t\t\t<div class='gallery-icon landscape'>\n\t\t\t\t<a data-elementor-open-lightbox=\"yes\" data-elementor-lightbox-slideshow=\"501eebb\" data-elementor-lightbox-title=\"Cabeza de Estabul frente\" data-elementor-lightbox-description=\"Cabeza de m\u00e1rmol de 42 cm de altura, hallado cerca de las ruinas del Altar de P\u00e9rgamo consider\u00e1ndose que formar\u00eda parte de este conjunto escult\u00f3rico.\" data-e-action-hash=\"#elementor-action%3Aaction%3Dlightbox%26settings%3DeyJpZCI6MTA3LCJ1cmwiOiJodHRwczpcL1wvaW1hZ29hbGV4YW5kcmkuZXNcL3dwLWNvbnRlbnRcL3VwbG9hZHNcLzIwMTlcLzA4XC9DYWJlemEtZGUtRXN0YW1idWxmcmVudGUucG5nIiwic2xpZGVzaG93IjoiNTAxZWViYiJ9\" href='https:\/\/imagoalexandri.es\/wp-content\/uploads\/2019\/08\/Cabeza-de-Estambulfrente.png'><img decoding=\"async\" width=\"636\" height=\"477\" src=\"https:\/\/imagoalexandri.es\/wp-content\/uploads\/2019\/08\/Cabeza-de-Estambulfrente.png\" class=\"attachment-full size-full\" alt=\"\" aria-describedby=\"gallery-1-107\" srcset=\"https:\/\/imagoalexandri.es\/wp-content\/uploads\/2019\/08\/Cabeza-de-Estambulfrente.png 636w, https:\/\/imagoalexandri.es\/wp-content\/uploads\/2019\/08\/Cabeza-de-Estambulfrente-300x225.png 300w\" sizes=\"(max-width: 636px) 100vw, 636px\" \/><\/a>\n\t\t\t<\/div>\n\t\t\t\t<figcaption class='wp-caption-text gallery-caption' id='gallery-1-107'>\n\t\t\t\tFotograf\u00eda cortes\u00eda de H. Burgos\n\t\t\t\t<\/figcaption><\/figure><figure class='gallery-item'>\n\t\t\t<div class='gallery-icon landscape'>\n\t\t\t\t<a data-elementor-open-lightbox=\"yes\" data-elementor-lightbox-slideshow=\"501eebb\" data-elementor-lightbox-title=\"CabezaEstambullateral\" data-elementor-lightbox-description=\"Cabeza de m\u00e1rmol de 42 cm de altura, hallado cerca de las ruinas del Altar de P\u00e9rgamo consider\u00e1ndose que formar\u00eda parte de este conjunto escult\u00f3rico.\" data-e-action-hash=\"#elementor-action%3Aaction%3Dlightbox%26settings%3DeyJpZCI6MTA4LCJ1cmwiOiJodHRwczpcL1wvaW1hZ29hbGV4YW5kcmkuZXNcL3dwLWNvbnRlbnRcL3VwbG9hZHNcLzIwMTlcLzA4XC9DYWJlemFFc3RhbWJ1bGxhdGVyYWwuanBnIiwic2xpZGVzaG93IjoiNTAxZWViYiJ9\" href='https:\/\/imagoalexandri.es\/wp-content\/uploads\/2019\/08\/CabezaEstambullateral.jpg'><img decoding=\"async\" width=\"636\" height=\"477\" src=\"https:\/\/imagoalexandri.es\/wp-content\/uploads\/2019\/08\/CabezaEstambullateral.jpg\" class=\"attachment-full size-full\" alt=\"\" aria-describedby=\"gallery-1-108\" srcset=\"https:\/\/imagoalexandri.es\/wp-content\/uploads\/2019\/08\/CabezaEstambullateral.jpg 636w, https:\/\/imagoalexandri.es\/wp-content\/uploads\/2019\/08\/CabezaEstambullateral-300x225.jpg 300w\" sizes=\"(max-width: 636px) 100vw, 636px\" \/><\/a>\n\t\t\t<\/div>\n\t\t\t\t<figcaption class='wp-caption-text gallery-caption' id='gallery-1-108'>\n\t\t\t\tFotograf\u00eda cortes\u00eda de H. Burgos\n\t\t\t\t<\/figcaption><\/figure>\n\t\t<\/div>\n\t\t<\/div>\n\t\t\t\t\t\t<\/div>\n\t\t\t\t<\/div>\n\t\t\t\t\t<\/div>\n\t\t<\/div>\n\t\t\t\t\t<\/div>\n\t\t<\/section>\n\t\t\t\t<section class=\"elementor-section elementor-top-section elementor-element elementor-element-575f2d3 elementor-section-boxed elementor-section-height-default elementor-section-height-default wpr-particle-no wpr-jarallax-no wpr-parallax-no wpr-sticky-section-no\" data-id=\"575f2d3\" data-element_type=\"section\" data-e-type=\"section\">\n\t\t\t\t\t\t<div class=\"elementor-container elementor-column-gap-default\">\n\t\t\t\t\t<div class=\"elementor-column elementor-col-100 elementor-top-column elementor-element elementor-element-df83499\" data-id=\"df83499\" data-element_type=\"column\" data-e-type=\"column\">\n\t\t\t<div class=\"elementor-widget-wrap elementor-element-populated\">\n\t\t\t\t\t\t<div class=\"elementor-element elementor-element-f300b2c elementor-widget elementor-widget-text-editor\" data-id=\"f300b2c\" data-element_type=\"widget\" data-e-type=\"widget\" data-widget_type=\"text-editor.default\">\n\t\t\t\t<div class=\"elementor-widget-container\">\n\t\t\t\t\t\t\t\t\t\n<p align=\"justify\">En las fotograf\u00edas correspondientes a la cabeza de P\u00e9rgamo,\u00a0 se puede apreciar el parecido tanto en el peinado, menos rizado y espeso que nos encontramos en otras representaciones del macedonio . Como en la posici\u00f3n de la cabeza que nos observa desde el lateral, las arrugas de expresi\u00f3n que se le marcan en la frente y la boca entre abierta. <\/p>\t\t\t\t\t\t\t\t<\/div>\n\t\t\t\t<\/div>\n\t\t\t\t\t<\/div>\n\t\t<\/div>\n\t\t\t\t\t<\/div>\n\t\t<\/section>\n\t\t\t\t<section class=\"elementor-section elementor-top-section elementor-element elementor-element-0d677a4 elementor-section-boxed elementor-section-height-default elementor-section-height-default wpr-particle-no wpr-jarallax-no wpr-parallax-no wpr-sticky-section-no\" data-id=\"0d677a4\" data-element_type=\"section\" data-e-type=\"section\">\n\t\t\t\t\t\t<div class=\"elementor-container elementor-column-gap-default\">\n\t\t\t\t\t<div class=\"elementor-column elementor-col-100 elementor-top-column elementor-element elementor-element-daa2155\" data-id=\"daa2155\" data-element_type=\"column\" data-e-type=\"column\">\n\t\t\t<div class=\"elementor-widget-wrap elementor-element-populated\">\n\t\t\t\t\t\t<div class=\"elementor-element elementor-element-0bff5e7 elementor-widget elementor-widget-image-gallery\" data-id=\"0bff5e7\" data-element_type=\"widget\" data-e-type=\"widget\" data-widget_type=\"image-gallery.default\">\n\t\t\t\t<div class=\"elementor-widget-container\">\n\t\t\t\t\t\t\t<div class=\"elementor-image-gallery\">\n\t\t\t<div id='gallery-2' class='gallery galleryid-323 gallery-columns-2 gallery-size-full'><figure class='gallery-item'>\n\t\t\t<div class='gallery-icon portrait'>\n\t\t\t\t<a data-elementor-open-lightbox=\"yes\" data-elementor-lightbox-slideshow=\"0bff5e7\" data-elementor-lightbox-title=\"AlejandroSchwarzenberg2\" data-elementor-lightbox-description=\"Alexander the Great. Marble. Copy of the first half of the 2nd century C.E. after a statue by Lysippos ca. 330 B.C.E. Munich, Glyptotek.\" data-e-action-hash=\"#elementor-action%3Aaction%3Dlightbox%26settings%3DeyJpZCI6Mzc1LCJ1cmwiOiJodHRwczpcL1wvaW1hZ29hbGV4YW5kcmkuZXNcL3dwLWNvbnRlbnRcL3VwbG9hZHNcLzIwMTlcLzExXC9BbGVqYW5kcm9TY2h3YXJ6ZW5iZXJnMl9TZXJnZXktU29zbm92c2tpeS1DQy1CWS1TQS00LjAuanBnIiwic2xpZGVzaG93IjoiMGJmZjVlNyJ9\" href='https:\/\/imagoalexandri.es\/wp-content\/uploads\/2019\/11\/AlejandroSchwarzenberg2_Sergey-Sosnovskiy-CC-BY-SA-4.0.jpg'><img loading=\"lazy\" decoding=\"async\" width=\"748\" height=\"1024\" src=\"https:\/\/imagoalexandri.es\/wp-content\/uploads\/2019\/11\/AlejandroSchwarzenberg2_Sergey-Sosnovskiy-CC-BY-SA-4.0.jpg\" class=\"attachment-full size-full\" alt=\"Fotograf\u00eda de Sergey Sosnovskiy\" aria-describedby=\"gallery-2-375\" srcset=\"https:\/\/imagoalexandri.es\/wp-content\/uploads\/2019\/11\/AlejandroSchwarzenberg2_Sergey-Sosnovskiy-CC-BY-SA-4.0.jpg 748w, https:\/\/imagoalexandri.es\/wp-content\/uploads\/2019\/11\/AlejandroSchwarzenberg2_Sergey-Sosnovskiy-CC-BY-SA-4.0-219x300.jpg 219w\" sizes=\"(max-width: 748px) 100vw, 748px\" \/><\/a>\n\t\t\t<\/div>\n\t\t\t\t<figcaption class='wp-caption-text gallery-caption' id='gallery-2-375'>\n\t\t\t\tFotograf\u00eda de Sergey Sosnovskiy\n\t\t\t\t<\/figcaption><\/figure><figure class='gallery-item'>\n\t\t\t<div class='gallery-icon portrait'>\n\t\t\t\t<a data-elementor-open-lightbox=\"yes\" data-elementor-lightbox-slideshow=\"0bff5e7\" data-elementor-lightbox-title=\"AlejandroSchwarzenberg\" data-elementor-lightbox-description=\"Alexander the Great. Marble. Copy of the first half of the 2nd century C.E. after a statue by Lysippos ca. 330 B.C.E. Munich, Glyptotek.\" data-e-action-hash=\"#elementor-action%3Aaction%3Dlightbox%26settings%3DeyJpZCI6Mzc0LCJ1cmwiOiJodHRwczpcL1wvaW1hZ29hbGV4YW5kcmkuZXNcL3dwLWNvbnRlbnRcL3VwbG9hZHNcLzIwMTlcLzExXC9BbGVqYW5kcm9TY2h3YXJ6ZW5iZXJnMV9TZXJnZXktU29zbm92c2tpeS1DQy1CWS1TQS00LjAuanBnIiwic2xpZGVzaG93IjoiMGJmZjVlNyJ9\" href='https:\/\/imagoalexandri.es\/wp-content\/uploads\/2019\/11\/AlejandroSchwarzenberg1_Sergey-Sosnovskiy-CC-BY-SA-4.0.jpg'><img loading=\"lazy\" decoding=\"async\" width=\"759\" height=\"1024\" src=\"https:\/\/imagoalexandri.es\/wp-content\/uploads\/2019\/11\/AlejandroSchwarzenberg1_Sergey-Sosnovskiy-CC-BY-SA-4.0.jpg\" class=\"attachment-full size-full\" alt=\"\" aria-describedby=\"gallery-2-374\" srcset=\"https:\/\/imagoalexandri.es\/wp-content\/uploads\/2019\/11\/AlejandroSchwarzenberg1_Sergey-Sosnovskiy-CC-BY-SA-4.0.jpg 759w, https:\/\/imagoalexandri.es\/wp-content\/uploads\/2019\/11\/AlejandroSchwarzenberg1_Sergey-Sosnovskiy-CC-BY-SA-4.0-222x300.jpg 222w\" sizes=\"(max-width: 759px) 100vw, 759px\" \/><\/a>\n\t\t\t<\/div>\n\t\t\t\t<figcaption class='wp-caption-text gallery-caption' id='gallery-2-374'>\n\t\t\t\tFotograf\u00eda de Sergey Sosnovskiy\n\t\t\t\t<\/figcaption><\/figure>\n\t\t<\/div>\n\t\t<\/div>\n\t\t\t\t\t\t<\/div>\n\t\t\t\t<\/div>\n\t\t\t\t<div class=\"elementor-element elementor-element-36e727c elementor-widget elementor-widget-text-editor\" data-id=\"36e727c\" data-element_type=\"widget\" data-e-type=\"widget\" data-widget_type=\"text-editor.default\">\n\t\t\t\t<div class=\"elementor-widget-container\">\n\t\t\t\t\t\t\t\t\t\n<p align=\"justify\">En las fotograf\u00eda correspondientes al\u00a0Alejandro Schwarzenberg,\u00a0 se observa que no posee las arrugas de expresi\u00f3n y mantiene la boca cerrada, al igual que la cabeza est\u00e1 menos ladeada. Aunque es cierto que el cabello es muy parecido a la obra de T\u00edvoli. <\/p>\t\t\t\t\t\t\t\t<\/div>\n\t\t\t\t<\/div>\n\t\t\t\t\t<\/div>\n\t\t<\/div>\n\t\t\t\t\t<\/div>\n\t\t<\/section>\n\t\t\t\t<\/div>\n\t\t","protected":false},"excerpt":{"rendered":"<p>Fotograf\u00eda en Stewart, A. (1993) fig 126 Datos B\u00e1sicos Bibliograf\u00eda e Informaci\u00f3n Web Medidas Cronolog\u00eda Datos B\u00e1sicos Museo Actual: Museo Nazionale Romano Inventario Museo: 12 45 07 Material: M\u00e1rmol Bibliograf\u00eda e Informaci\u00f3n Web Bibliograf\u00eda: STEWART, A. (1993) Faces of Power : 429. California. RIDGWAY, B.S. (1990) Hellenistic Sculpture I. The Styles of ca 331-200 B.C. : 123. Madison. Medidas Alto: 32,5 cm Cronolog\u00eda Fecha: 230-200 a.C. Per\u00edodo: Escipiones-Graco \u00c9poca de la Pieza: Rep\u00fablica siglo II a.C. Cabeza de M\u00e1rmol con parte del rostro da\u00f1ado, faltando la nariz de la misma. Hallada en en el Santuario de H\u00e9rcules en Tivoli. La escultura tiene rasgos t\u00edpicos de las representaciones de Alejandro: la cabeza ladeada en este caso a la derecha, barbilla redondeada y mejillas planas. El cabello a pesar de no ser rizado que es lo com\u00fan en las representaciones del Magno, nos recuerda a otra conocida escultura de Alejandro, una\u00a0 cabeza hayada en P\u00e9rgamo y que podr\u00eda formar parte del famoso altar , aunque en opini\u00f3n de Stewart (1993): 429, esta escultura habr\u00eda que ponerla en relaci\u00f3n con el Alejandro Schwarzenberg , siendo ambas copias de un original griego Fotograf\u00eda cortes\u00eda de H. Burgos Fotograf\u00eda cortes\u00eda de H. Burgos En las fotograf\u00edas correspondientes a la cabeza de P\u00e9rgamo,\u00a0 se puede apreciar el parecido tanto en el peinado, menos rizado y espeso que nos encontramos en otras representaciones del macedonio . Como en la posici\u00f3n de la cabeza que nos observa desde el lateral, las arrugas de expresi\u00f3n que se le marcan en la frente y la boca entre abierta. Fotograf\u00eda de Sergey Sosnovskiy Fotograf\u00eda de Sergey Sosnovskiy En las fotograf\u00eda correspondientes al\u00a0Alejandro Schwarzenberg,\u00a0 se observa que no posee las arrugas de expresi\u00f3n y mantiene la boca cerrada, al igual que la cabeza est\u00e1 menos ladeada. Aunque es cierto que el cabello es muy parecido a la obra de T\u00edvoli.<\/p>\n","protected":false},"author":2,"featured_media":0,"parent":0,"menu_order":0,"comment_status":"closed","ping_status":"closed","template":"","meta":{"footnotes":""},"class_list":{"0":"post-323","1":"page","2":"type-page","3":"status-publish","5":"materiales-marmol","6":"museo-museo-nazionale-romano","7":"periodo-republica","8":"periodo-republica-siglo-ii-a-c","9":"tipologia-bulto-redondo","10":"tipologia-escultura-relieve"},"_links":{"self":[{"href":"https:\/\/imagoalexandri.es\/index.php?rest_route=\/wp\/v2\/pages\/323","targetHints":{"allow":["GET"]}}],"collection":[{"href":"https:\/\/imagoalexandri.es\/index.php?rest_route=\/wp\/v2\/pages"}],"about":[{"href":"https:\/\/imagoalexandri.es\/index.php?rest_route=\/wp\/v2\/types\/page"}],"author":[{"embeddable":true,"href":"https:\/\/imagoalexandri.es\/index.php?rest_route=\/wp\/v2\/users\/2"}],"replies":[{"embeddable":true,"href":"https:\/\/imagoalexandri.es\/index.php?rest_route=%2Fwp%2Fv2%2Fcomments&post=323"}],"version-history":[{"count":0,"href":"https:\/\/imagoalexandri.es\/index.php?rest_route=\/wp\/v2\/pages\/323\/revisions"}],"wp:attachment":[{"href":"https:\/\/imagoalexandri.es\/index.php?rest_route=%2Fwp%2Fv2%2Fmedia&parent=323"}],"curies":[{"name":"wp","href":"https:\/\/api.w.org\/{rel}","templated":true}]}}