{"id":218,"date":"2019-10-29T14:52:46","date_gmt":"2019-10-29T13:52:46","guid":{"rendered":"https:\/\/imagoalexandri.es\/?page_id=218"},"modified":"2020-11-05T17:12:15","modified_gmt":"2020-11-05T16:12:15","slug":"figura-de-bronce-en-corinto","status":"publish","type":"page","link":"https:\/\/imagoalexandri.es\/?page_id=218","title":{"rendered":"Figura de bronce en Corinto"},"content":{"rendered":"\t\t<div data-elementor-type=\"wp-page\" data-elementor-id=\"218\" class=\"elementor elementor-218\">\n\t\t\t\t\t\t<section class=\"elementor-section elementor-top-section elementor-element elementor-element-bd27223 elementor-section-boxed elementor-section-height-default elementor-section-height-default wpr-particle-no wpr-jarallax-no wpr-parallax-no wpr-sticky-section-no\" data-id=\"bd27223\" data-element_type=\"section\" data-e-type=\"section\">\n\t\t\t\t\t\t<div class=\"elementor-container elementor-column-gap-default\">\n\t\t\t\t\t<div class=\"elementor-column elementor-col-100 elementor-top-column elementor-element elementor-element-9d15394\" data-id=\"9d15394\" data-element_type=\"column\" data-e-type=\"column\">\n\t\t\t<div class=\"elementor-widget-wrap elementor-element-populated\">\n\t\t\t\t\t\t<div class=\"elementor-element elementor-element-185fd32 elementor-widget elementor-widget-image\" data-id=\"185fd32\" data-element_type=\"widget\" data-e-type=\"widget\" data-widget_type=\"image.default\">\n\t\t\t\t<div class=\"elementor-widget-container\">\n\t\t\t\t\t\t\t\t\t\t\t\t<figure class=\"wp-caption\">\n\t\t\t\t\t\t\t\t\t\t\t<a href=\"http:\/\/www.corinth-museum.gr\/en\/collection-item\/bronze-statuette-of-a-general\/\">\n\t\t\t\t\t\t\t<img fetchpriority=\"high\" decoding=\"async\" width=\"768\" height=\"609\" src=\"https:\/\/imagoalexandri.es\/wp-content\/uploads\/2019\/11\/figuradecorinto-768x609.jpg\" class=\"attachment-medium_large size-medium_large wp-image-240\" alt=\"\" srcset=\"https:\/\/imagoalexandri.es\/wp-content\/uploads\/2019\/11\/figuradecorinto-768x609.jpg 768w, https:\/\/imagoalexandri.es\/wp-content\/uploads\/2019\/11\/figuradecorinto-300x238.jpg 300w, https:\/\/imagoalexandri.es\/wp-content\/uploads\/2019\/11\/figuradecorinto-1024x812.jpg 1024w, https:\/\/imagoalexandri.es\/wp-content\/uploads\/2019\/11\/figuradecorinto.jpg 1614w\" sizes=\"(max-width: 768px) 100vw, 768px\" \/>\t\t\t\t\t\t\t\t<\/a>\n\t\t\t\t\t\t\t\t\t\t\t<figcaption class=\"widget-image-caption wp-caption-text\">Fotograf\u00eda de la p\u00e1gina web del Museo de Corinto<\/figcaption>\n\t\t\t\t\t\t\t\t\t\t<\/figure>\n\t\t\t\t\t\t\t\t\t<\/div>\n\t\t\t\t<\/div>\n\t\t\t\t\t<\/div>\n\t\t<\/div>\n\t\t\t\t\t<\/div>\n\t\t<\/section>\n\t\t\t\t<section class=\"elementor-section elementor-top-section elementor-element elementor-element-e78b06b elementor-section-boxed elementor-section-height-default elementor-section-height-default wpr-particle-no wpr-jarallax-no wpr-parallax-no wpr-sticky-section-no\" data-id=\"e78b06b\" data-element_type=\"section\" data-e-type=\"section\">\n\t\t\t\t\t\t<div class=\"elementor-container elementor-column-gap-default\">\n\t\t\t\t\t<div class=\"elementor-column elementor-col-100 elementor-top-column elementor-element elementor-element-a10e5ad\" data-id=\"a10e5ad\" data-element_type=\"column\" data-e-type=\"column\">\n\t\t\t<div class=\"elementor-widget-wrap elementor-element-populated\">\n\t\t\t\t\t\t<div class=\"elementor-element elementor-element-5626642 elementor-tabs-view-horizontal elementor-widget elementor-widget-tabs\" data-id=\"5626642\" data-element_type=\"widget\" data-e-type=\"widget\" data-widget_type=\"tabs.default\">\n\t\t\t\t<div class=\"elementor-widget-container\">\n\t\t\t\t\t\t\t<div class=\"elementor-tabs\">\n\t\t\t<div class=\"elementor-tabs-wrapper\" role=\"tablist\" >\n\t\t\t\t\t\t\t\t\t<div id=\"elementor-tab-title-9031\" class=\"elementor-tab-title elementor-tab-desktop-title\" aria-selected=\"true\" data-tab=\"1\" role=\"tab\" tabindex=\"0\" aria-controls=\"elementor-tab-content-9031\" aria-expanded=\"false\">Datos B\u00e1sicos<\/div>\n\t\t\t\t\t\t\t\t\t<div id=\"elementor-tab-title-9032\" class=\"elementor-tab-title elementor-tab-desktop-title\" aria-selected=\"false\" data-tab=\"2\" role=\"tab\" tabindex=\"-1\" aria-controls=\"elementor-tab-content-9032\" aria-expanded=\"false\">Bibliograf\u00eda e Informaci\u00f3n Web<\/div>\n\t\t\t\t\t\t\t\t\t<div id=\"elementor-tab-title-9033\" class=\"elementor-tab-title elementor-tab-desktop-title\" aria-selected=\"false\" data-tab=\"3\" role=\"tab\" tabindex=\"-1\" aria-controls=\"elementor-tab-content-9033\" aria-expanded=\"false\">Medidas<\/div>\n\t\t\t\t\t\t\t\t\t<div id=\"elementor-tab-title-9034\" class=\"elementor-tab-title elementor-tab-desktop-title\" aria-selected=\"false\" data-tab=\"4\" role=\"tab\" tabindex=\"-1\" aria-controls=\"elementor-tab-content-9034\" aria-expanded=\"false\">Cronolog\u00eda<\/div>\n\t\t\t\t\t\t\t<\/div>\n\t\t\t<div class=\"elementor-tabs-content-wrapper\" role=\"tablist\" aria-orientation=\"vertical\">\n\t\t\t\t\t\t\t\t\t<div class=\"elementor-tab-title elementor-tab-mobile-title\" aria-selected=\"true\" data-tab=\"1\" role=\"tab\" tabindex=\"0\" aria-controls=\"elementor-tab-content-9031\" aria-expanded=\"false\">Datos B\u00e1sicos<\/div>\n\t\t\t\t\t<div id=\"elementor-tab-content-9031\" class=\"elementor-tab-content elementor-clearfix\" data-tab=\"1\" role=\"tabpanel\" aria-labelledby=\"elementor-tab-title-9031\" tabindex=\"0\" hidden=\"false\"><p>Museo Actual: Museo Arqueol\u00f3gico de Corinto<\/p><p>Inventario Museo: \u00a0MF 4016<\/p><p>Material:\u00a0Bronce<\/p><\/div>\n\t\t\t\t\t\t\t\t\t<div class=\"elementor-tab-title elementor-tab-mobile-title\" aria-selected=\"false\" data-tab=\"2\" role=\"tab\" tabindex=\"-1\" aria-controls=\"elementor-tab-content-9032\" aria-expanded=\"false\">Bibliograf\u00eda e Informaci\u00f3n Web<\/div>\n\t\t\t\t\t<div id=\"elementor-tab-content-9032\" class=\"elementor-tab-content elementor-clearfix\" data-tab=\"2\" role=\"tabpanel\" aria-labelledby=\"elementor-tab-title-9032\" tabindex=\"0\" hidden=\"hidden\"><p>Bibliograf\u00eda o Referencias:\u00a0<\/p><p>HILL, B. H. (1926) \u201cExcavations at Corinth 1925: Preliminary Report\u201d AJA 30 : 44-49.<\/p><p>DAVIDSON, G. R. (1952)\u00a0<a href=\"https:\/\/www.ascsa.edu.gr\/uploads\/media\/oa_ebooks\/oa_corinth\/Corinth_XII.pdf\" target=\"_blank\" rel=\"noopener\"><em>Corinth,<\/em> XII, The Minor Objects<\/a>: 66.Princeton .<\/p><p>KAROUZOS , C. (1968). Statuette d&#8217; un strat\u00e8ge en bronze\u00a0\u00a0<i>R A.<\/i>\u00a01: 185-192<\/p><p>MATTUSCH, C. C (1990) A roman mars from Corinth? en F. Burkhalter, J. Arce (coord.) Bronces y religi\u00f3n romana : actas del XI Congreso Internacional de Bronces Antiguos:297-300. Madrid.<\/p><p>MATTUSCH, C. C. (1992)\u201cA bronce warrior from Corinth\u201d Hesperia 61:79-84<\/p><p>Informaci\u00f3n Web:\u00a0<a style=\"background-color: #ffffff;\" href=\"http:\/\/www.corinth-museum.gr\/en\/collection-item\/bronze-statuette-of-a-general\/\" target=\"_blank\" rel=\"noopener\">P\u00e1gina del Museo<\/a>\u00a0<\/p><\/div>\n\t\t\t\t\t\t\t\t\t<div class=\"elementor-tab-title elementor-tab-mobile-title\" aria-selected=\"false\" data-tab=\"3\" role=\"tab\" tabindex=\"-1\" aria-controls=\"elementor-tab-content-9033\" aria-expanded=\"false\">Medidas<\/div>\n\t\t\t\t\t<div id=\"elementor-tab-content-9033\" class=\"elementor-tab-content elementor-clearfix\" data-tab=\"3\" role=\"tabpanel\" aria-labelledby=\"elementor-tab-title-9033\" tabindex=\"0\" hidden=\"hidden\"><p>\u00a0<\/p><p>Alto: 25,5 cm<\/p><p>\u00a0<\/p><\/div>\n\t\t\t\t\t\t\t\t\t<div class=\"elementor-tab-title elementor-tab-mobile-title\" aria-selected=\"false\" data-tab=\"4\" role=\"tab\" tabindex=\"-1\" aria-controls=\"elementor-tab-content-9034\" aria-expanded=\"false\">Cronolog\u00eda<\/div>\n\t\t\t\t\t<div id=\"elementor-tab-content-9034\" class=\"elementor-tab-content elementor-clearfix\" data-tab=\"4\" role=\"tabpanel\" aria-labelledby=\"elementor-tab-title-9034\" tabindex=\"0\" hidden=\"hidden\"><p>Fecha: 146 a.C.<\/p><p>Per\u00edodo:\u00a0Escipiones-Graco<\/p><p>\u00c9poca de la Pieza:\u00a0Rep\u00fablica siglo II a.C.<\/p><p>\u00c9poca de realizaci\u00f3n de la pieza que imita:\u00a0\u00c9poca de Alejandro-Diadocos\u00a0<\/p><\/div>\n\t\t\t\t\t\t\t<\/div>\n\t\t<\/div>\n\t\t\t\t\t\t<\/div>\n\t\t\t\t<\/div>\n\t\t\t\t\t<\/div>\n\t\t<\/div>\n\t\t\t\t\t<\/div>\n\t\t<\/section>\n\t\t\t\t<section class=\"elementor-section elementor-top-section elementor-element elementor-element-e7cc38d elementor-section-boxed elementor-section-height-default elementor-section-height-default wpr-particle-no wpr-jarallax-no wpr-parallax-no wpr-sticky-section-no\" data-id=\"e7cc38d\" data-element_type=\"section\" data-e-type=\"section\">\n\t\t\t\t\t\t<div class=\"elementor-container elementor-column-gap-default\">\n\t\t\t\t\t<div class=\"elementor-column elementor-col-100 elementor-top-column elementor-element elementor-element-64ba4da\" data-id=\"64ba4da\" data-element_type=\"column\" data-e-type=\"column\">\n\t\t\t<div class=\"elementor-widget-wrap elementor-element-populated\">\n\t\t\t\t\t\t<div class=\"elementor-element elementor-element-47463d8 elementor-widget elementor-widget-text-editor\" data-id=\"47463d8\" data-element_type=\"widget\" data-e-type=\"widget\" data-widget_type=\"text-editor.default\">\n\t\t\t\t<div class=\"elementor-widget-container\">\n\t\t\t\t\t\t\t\t\t<p align=\"justify\">Escultura de bronce de 25,5 cent\u00edmetros de altura. Figura masculina ataviada con casco corintio con cimera y armadura decorada con una cabeza de gorgona.<br \/>El brazo izquierdo se conserva hasta la mu\u00f1eca, est\u00e1 en alto y doblado hac\u00eda el lateral, posiblemente sosteniendo un objeto. Mientras que el brazo derecho est\u00e1 adelantado y tambi\u00e9n doblado hacia frente, por la forma de la mano sostendr\u00eda tambi\u00e9n un objeto que no se ha conservado.La\u00a0 pierna derecha doblada hace que la figura presente una leve curva praxiteliana.<\/p><p>En opini\u00f3n de Mattusch\u00a0 estar\u00edamos ante una representaci\u00f3n que imita al Alejandro de la lanza de Lisipo;\u00a0 que fue modelo para representaciones del gobernante en per\u00edodo helen\u00edstico. Argumenta que estar\u00edamos ante una representaci\u00f3n evolucionada donde la figura ya no aparece desnuda, sino ataviada con una armadura decorada con una gorgona y un casco con cimera.<\/p><p>En nuestra opini\u00f3n la adjudicaci\u00f3n de una representaci\u00f3n de Marte\u00a0 propuesta por HILL, B. H. (1926) y DAVIDSON, G. R.(1952) o la actual del museo que ya propus\u00f3 Karouzos\u00a0 (1968) como un general griego, ser\u00edan las m\u00e1s indicadas. Puesto que si bien es cierto que el Alejandro de la lanza se convierte en un modelo para las representaciones del gobernante, para el per\u00edodo de la pieza, no existe un motivo claro para que un pr\u00edncipe helen\u00edstico no aparezca representado con el desnudo heroico al igual que Alejandro. Cuando el problema de la desnudez , podr\u00eda afectar m\u00e1s a los dirigentes romanos, especialmente durante el per\u00edodo de la tardoreplublica e imperio, donde se puede solventar con una desnudez parcial. Aunque como ya documentaron<b>\u00a0<\/b>Stevenson (1998<b>\u00a0<\/b>:45-69) y\u00a0<b>\u00a0 <\/b>Zanker<b> <\/b>(1992)\u00a0<b>,<\/b> existen\u00a0esculturas de retratos romanos que usan el desnudo . De hecho una de las piezas que menciona como ejemplo, es una escultura de bronce con desnudo heroico, que se encuentra en Roma en el\u00a0Palazzo Massimo alle Terme (Gobernante helen\u00edstico\u00a0<a style=\"background-color: #ffffff;\" href=\"https:\/\/imagoalexandri.es\/wp-content\/uploads\/2019\/11\/1024px-Pr\u00edncipe_helen\u00edstico_Massimo_05.jpg\">M.N. 1049<\/a>) ,\u00a0 que ya\u00a0Carpenter (1927:160-168), intent\u00f3 vincular con figuras romanas importantes de fines de la rep\u00fablica.<\/p><p>La cuesti\u00f3n ser\u00eda en que si representa a un personaje romano porqu\u00e9 llevar un casco griego lo har\u00eda m\u00e1s aceptable que una representaci\u00f3n desnuda y si la figura es griega, cu\u00e1l ser\u00eda la necesidad que lleva a que la escultura aparezca vestida y no siguiendo el canon que marc\u00f3 Lisipo.<\/p><p>Con respecto a los rasgos faciales podr\u00edamos observar rasgos de las caracter\u00edsticas de las esculturas de Alejandro, cabeza ladeada, en este caso a la derecha, barbilla redondeada, cabello rizado y mejillas plana<\/p>\t\t\t\t\t\t\t\t<\/div>\n\t\t\t\t<\/div>\n\t\t\t\t<div class=\"elementor-element elementor-element-501eebb elementor-widget elementor-widget-image-gallery\" data-id=\"501eebb\" data-element_type=\"widget\" data-e-type=\"widget\" data-widget_type=\"image-gallery.default\">\n\t\t\t\t<div class=\"elementor-widget-container\">\n\t\t\t\t\t\t\t<div class=\"elementor-image-gallery\">\n\t\t\t<div id='gallery-1' class='gallery galleryid-218 gallery-columns-3 gallery-size-medium'><figure class='gallery-item'>\n\t\t\t<div class='gallery-icon portrait'>\n\t\t\t\t<a data-elementor-open-lightbox=\"yes\" data-elementor-lightbox-slideshow=\"501eebb\" data-elementor-lightbox-title=\"a bronce corint_plate 21a\" data-e-action-hash=\"#elementor-action%3Aaction%3Dlightbox%26settings%3DeyJpZCI6MjUyLCJ1cmwiOiJodHRwczpcL1wvaW1hZ29hbGV4YW5kcmkuZXNcL3dwLWNvbnRlbnRcL3VwbG9hZHNcLzIwMTlcLzExXC9hLWJyb25jZS1jb3JpbnRfcGxhdGUtMjFhLmpwZyIsInNsaWRlc2hvdyI6IjUwMWVlYmIifQ%3D%3D\" href='https:\/\/imagoalexandri.es\/wp-content\/uploads\/2019\/11\/a-bronce-corint_plate-21a.jpg'><img decoding=\"async\" width=\"122\" height=\"300\" src=\"https:\/\/imagoalexandri.es\/wp-content\/uploads\/2019\/11\/a-bronce-corint_plate-21a-122x300.jpg\" class=\"attachment-medium size-medium\" alt=\"\" aria-describedby=\"gallery-1-252\" srcset=\"https:\/\/imagoalexandri.es\/wp-content\/uploads\/2019\/11\/a-bronce-corint_plate-21a-122x300.jpg 122w, https:\/\/imagoalexandri.es\/wp-content\/uploads\/2019\/11\/a-bronce-corint_plate-21a-418x1024.jpg 418w, https:\/\/imagoalexandri.es\/wp-content\/uploads\/2019\/11\/a-bronce-corint_plate-21a.jpg 747w\" sizes=\"(max-width: 122px) 100vw, 122px\" \/><\/a>\n\t\t\t<\/div>\n\t\t\t\t<figcaption class='wp-caption-text gallery-caption' id='gallery-1-252'>\n\t\t\t\tFotograf\u00eda en C. C, Mattusch (1992) plate 21 a\n\t\t\t\t<\/figcaption><\/figure><figure class='gallery-item'>\n\t\t\t<div class='gallery-icon portrait'>\n\t\t\t\t<a data-elementor-open-lightbox=\"yes\" data-elementor-lightbox-slideshow=\"501eebb\" data-elementor-lightbox-title=\"a bronce corint_plate 21b\" data-e-action-hash=\"#elementor-action%3Aaction%3Dlightbox%26settings%3DeyJpZCI6MjUzLCJ1cmwiOiJodHRwczpcL1wvaW1hZ29hbGV4YW5kcmkuZXNcL3dwLWNvbnRlbnRcL3VwbG9hZHNcLzIwMTlcLzExXC9hLWJyb25jZS1jb3JpbnRfcGxhdGUtMjFiLmpwZyIsInNsaWRlc2hvdyI6IjUwMWVlYmIifQ%3D%3D\" href='https:\/\/imagoalexandri.es\/wp-content\/uploads\/2019\/11\/a-bronce-corint_plate-21b.jpg'><img decoding=\"async\" width=\"113\" height=\"300\" src=\"https:\/\/imagoalexandri.es\/wp-content\/uploads\/2019\/11\/a-bronce-corint_plate-21b-113x300.jpg\" class=\"attachment-medium size-medium\" alt=\"\" aria-describedby=\"gallery-1-253\" srcset=\"https:\/\/imagoalexandri.es\/wp-content\/uploads\/2019\/11\/a-bronce-corint_plate-21b-113x300.jpg 113w, https:\/\/imagoalexandri.es\/wp-content\/uploads\/2019\/11\/a-bronce-corint_plate-21b-384x1024.jpg 384w, https:\/\/imagoalexandri.es\/wp-content\/uploads\/2019\/11\/a-bronce-corint_plate-21b.jpg 687w\" sizes=\"(max-width: 113px) 100vw, 113px\" \/><\/a>\n\t\t\t<\/div>\n\t\t\t\t<figcaption class='wp-caption-text gallery-caption' id='gallery-1-253'>\n\t\t\t\tFotograf\u00eda en C. C, Mattusch (1992) plate 21\n\t\t\t\t<\/figcaption><\/figure><figure class='gallery-item'>\n\t\t\t<div class='gallery-icon portrait'>\n\t\t\t\t<a data-elementor-open-lightbox=\"yes\" data-elementor-lightbox-slideshow=\"501eebb\" data-elementor-lightbox-title=\"a bronce corint_plate 21c\" data-e-action-hash=\"#elementor-action%3Aaction%3Dlightbox%26settings%3DeyJpZCI6MjU0LCJ1cmwiOiJodHRwczpcL1wvaW1hZ29hbGV4YW5kcmkuZXNcL3dwLWNvbnRlbnRcL3VwbG9hZHNcLzIwMTlcLzExXC9hLWJyb25jZS1jb3JpbnRfcGxhdGUtMjFjLmpwZyIsInNsaWRlc2hvdyI6IjUwMWVlYmIifQ%3D%3D\" href='https:\/\/imagoalexandri.es\/wp-content\/uploads\/2019\/11\/a-bronce-corint_plate-21c.jpg'><img loading=\"lazy\" decoding=\"async\" width=\"126\" height=\"300\" src=\"https:\/\/imagoalexandri.es\/wp-content\/uploads\/2019\/11\/a-bronce-corint_plate-21c-126x300.jpg\" class=\"attachment-medium size-medium\" alt=\"\" aria-describedby=\"gallery-1-254\" srcset=\"https:\/\/imagoalexandri.es\/wp-content\/uploads\/2019\/11\/a-bronce-corint_plate-21c-126x300.jpg 126w, https:\/\/imagoalexandri.es\/wp-content\/uploads\/2019\/11\/a-bronce-corint_plate-21c-768x1823.jpg 768w, https:\/\/imagoalexandri.es\/wp-content\/uploads\/2019\/11\/a-bronce-corint_plate-21c-432x1024.jpg 432w, https:\/\/imagoalexandri.es\/wp-content\/uploads\/2019\/11\/a-bronce-corint_plate-21c.jpg 772w\" sizes=\"(max-width: 126px) 100vw, 126px\" \/><\/a>\n\t\t\t<\/div>\n\t\t\t\t<figcaption class='wp-caption-text gallery-caption' id='gallery-1-254'>\n\t\t\t\tFotograf\u00eda en C. C, Mattusch (1992) plate 21 c\n\t\t\t\t<\/figcaption><\/figure><figure class='gallery-item'>\n\t\t\t<div class='gallery-icon portrait'>\n\t\t\t\t<a data-elementor-open-lightbox=\"yes\" data-elementor-lightbox-slideshow=\"501eebb\" data-elementor-lightbox-title=\"a bronce corint_plate 22b\" data-e-action-hash=\"#elementor-action%3Aaction%3Dlightbox%26settings%3DeyJpZCI6MjU2LCJ1cmwiOiJodHRwczpcL1wvaW1hZ29hbGV4YW5kcmkuZXNcL3dwLWNvbnRlbnRcL3VwbG9hZHNcLzIwMTlcLzExXC9hLWJyb25jZS1jb3JpbnRfcGxhdGUtMjJiLmpwZyIsInNsaWRlc2hvdyI6IjUwMWVlYmIifQ%3D%3D\" href='https:\/\/imagoalexandri.es\/wp-content\/uploads\/2019\/11\/a-bronce-corint_plate-22b.jpg'><img loading=\"lazy\" decoding=\"async\" width=\"207\" height=\"300\" src=\"https:\/\/imagoalexandri.es\/wp-content\/uploads\/2019\/11\/a-bronce-corint_plate-22b-207x300.jpg\" class=\"attachment-medium size-medium\" alt=\"\" aria-describedby=\"gallery-1-256\" srcset=\"https:\/\/imagoalexandri.es\/wp-content\/uploads\/2019\/11\/a-bronce-corint_plate-22b-207x300.jpg 207w, https:\/\/imagoalexandri.es\/wp-content\/uploads\/2019\/11\/a-bronce-corint_plate-22b-768x1114.jpg 768w, https:\/\/imagoalexandri.es\/wp-content\/uploads\/2019\/11\/a-bronce-corint_plate-22b-706x1024.jpg 706w, https:\/\/imagoalexandri.es\/wp-content\/uploads\/2019\/11\/a-bronce-corint_plate-22b.jpg 814w\" sizes=\"(max-width: 207px) 100vw, 207px\" \/><\/a>\n\t\t\t<\/div>\n\t\t\t\t<figcaption class='wp-caption-text gallery-caption' id='gallery-1-256'>\n\t\t\t\tFotograf\u00eda en C. C, Mattusch (1992) plate 22 b\n\t\t\t\t<\/figcaption><\/figure><figure class='gallery-item'>\n\t\t\t<div class='gallery-icon portrait'>\n\t\t\t\t<a data-elementor-open-lightbox=\"yes\" data-elementor-lightbox-slideshow=\"501eebb\" data-elementor-lightbox-title=\"a bronce corint_plate 22a\" data-e-action-hash=\"#elementor-action%3Aaction%3Dlightbox%26settings%3DeyJpZCI6MjU1LCJ1cmwiOiJodHRwczpcL1wvaW1hZ29hbGV4YW5kcmkuZXNcL3dwLWNvbnRlbnRcL3VwbG9hZHNcLzIwMTlcLzExXC9hLWJyb25jZS1jb3JpbnRfcGxhdGUtMjJhLmpwZyIsInNsaWRlc2hvdyI6IjUwMWVlYmIifQ%3D%3D\" href='https:\/\/imagoalexandri.es\/wp-content\/uploads\/2019\/11\/a-bronce-corint_plate-22a.jpg'><img loading=\"lazy\" decoding=\"async\" width=\"222\" height=\"300\" src=\"https:\/\/imagoalexandri.es\/wp-content\/uploads\/2019\/11\/a-bronce-corint_plate-22a-222x300.jpg\" class=\"attachment-medium size-medium\" alt=\"\" aria-describedby=\"gallery-1-255\" srcset=\"https:\/\/imagoalexandri.es\/wp-content\/uploads\/2019\/11\/a-bronce-corint_plate-22a-222x300.jpg 222w, https:\/\/imagoalexandri.es\/wp-content\/uploads\/2019\/11\/a-bronce-corint_plate-22a-768x1040.jpg 768w, https:\/\/imagoalexandri.es\/wp-content\/uploads\/2019\/11\/a-bronce-corint_plate-22a-756x1024.jpg 756w, https:\/\/imagoalexandri.es\/wp-content\/uploads\/2019\/11\/a-bronce-corint_plate-22a.jpg 827w\" sizes=\"(max-width: 222px) 100vw, 222px\" \/><\/a>\n\t\t\t<\/div>\n\t\t\t\t<figcaption class='wp-caption-text gallery-caption' id='gallery-1-255'>\n\t\t\t\tFotograf\u00eda en C. C, Mattusch (1992) plate 22 a\n\t\t\t\t<\/figcaption><\/figure>\n\t\t<\/div>\n\t\t<\/div>\n\t\t\t\t\t\t<\/div>\n\t\t\t\t<\/div>\n\t\t\t\t\t<\/div>\n\t\t<\/div>\n\t\t\t\t\t<\/div>\n\t\t<\/section>\n\t\t\t\t<section class=\"elementor-section elementor-top-section elementor-element elementor-element-575f2d3 elementor-section-boxed elementor-section-height-default elementor-section-height-default wpr-particle-no wpr-jarallax-no wpr-parallax-no wpr-sticky-section-no\" data-id=\"575f2d3\" data-element_type=\"section\" data-e-type=\"section\">\n\t\t\t\t\t\t<div class=\"elementor-container elementor-column-gap-default\">\n\t\t\t\t\t<div class=\"elementor-column elementor-col-100 elementor-top-column elementor-element elementor-element-df83499\" data-id=\"df83499\" data-element_type=\"column\" data-e-type=\"column\">\n\t\t\t<div class=\"elementor-widget-wrap elementor-element-populated\">\n\t\t\t\t\t\t<div class=\"elementor-element elementor-element-2c98a98 elementor-widget elementor-widget-text-editor\" data-id=\"2c98a98\" data-element_type=\"widget\" data-e-type=\"widget\" data-widget_type=\"text-editor.default\">\n\t\t\t\t<div class=\"elementor-widget-container\">\n\t\t\t\t\t\t\t\t\t\n<p align=\"justify\">Comentar tambi\u00e9n que las primeras fotograf\u00edas de la pieza parecen mostrar un mejor estado de conservaci\u00f3n que el actual.<\/p>\t\t\t\t\t\t\t\t<\/div>\n\t\t\t\t<\/div>\n\t\t\t\t\t<\/div>\n\t\t<\/div>\n\t\t\t\t\t<\/div>\n\t\t<\/section>\n\t\t\t\t<section class=\"elementor-section elementor-top-section elementor-element elementor-element-24d2add elementor-section-boxed elementor-section-height-default elementor-section-height-default wpr-particle-no wpr-jarallax-no wpr-parallax-no wpr-sticky-section-no\" data-id=\"24d2add\" data-element_type=\"section\" data-e-type=\"section\">\n\t\t\t\t\t\t<div class=\"elementor-container elementor-column-gap-default\">\n\t\t\t\t\t<div class=\"elementor-column elementor-col-100 elementor-top-column elementor-element elementor-element-df5453f\" data-id=\"df5453f\" data-element_type=\"column\" data-e-type=\"column\">\n\t\t\t<div class=\"elementor-widget-wrap elementor-element-populated\">\n\t\t\t\t\t\t<div class=\"elementor-element elementor-element-8aba8ce elementor-widget elementor-widget-image-gallery\" data-id=\"8aba8ce\" data-element_type=\"widget\" data-e-type=\"widget\" data-widget_type=\"image-gallery.default\">\n\t\t\t\t<div class=\"elementor-widget-container\">\n\t\t\t\t\t\t\t<div class=\"elementor-image-gallery\">\n\t\t\t<div id='gallery-2' class='gallery galleryid-218 gallery-columns-2 gallery-size-full'><figure class='gallery-item'>\n\t\t\t<div class='gallery-icon portrait'>\n\t\t\t\t<a data-elementor-open-lightbox=\"yes\" data-elementor-lightbox-slideshow=\"8aba8ce\" data-elementor-lightbox-title=\"a bronce corint_plate20\" data-e-action-hash=\"#elementor-action%3Aaction%3Dlightbox%26settings%3DeyJpZCI6MjU5LCJ1cmwiOiJodHRwczpcL1wvaW1hZ29hbGV4YW5kcmkuZXNcL3dwLWNvbnRlbnRcL3VwbG9hZHNcLzIwMTlcLzExXC9hLWJyb25jZS1jb3JpbnRfcGxhdGUyMC1lMTU3Mjg3OTc3MTEyOS5qcGciLCJzbGlkZXNob3ciOiI4YWJhOGNlIn0%3D\" href='https:\/\/imagoalexandri.es\/wp-content\/uploads\/2019\/11\/a-bronce-corint_plate20-e1572879771129.jpg'><img loading=\"lazy\" decoding=\"async\" width=\"1095\" height=\"1804\" src=\"https:\/\/imagoalexandri.es\/wp-content\/uploads\/2019\/11\/a-bronce-corint_plate20-e1572879771129.jpg\" class=\"attachment-full size-full\" alt=\"\" aria-describedby=\"gallery-2-259\" srcset=\"https:\/\/imagoalexandri.es\/wp-content\/uploads\/2019\/11\/a-bronce-corint_plate20-e1572879771129.jpg 1095w, https:\/\/imagoalexandri.es\/wp-content\/uploads\/2019\/11\/a-bronce-corint_plate20-e1572879771129-182x300.jpg 182w, https:\/\/imagoalexandri.es\/wp-content\/uploads\/2019\/11\/a-bronce-corint_plate20-e1572879771129-768x1265.jpg 768w, https:\/\/imagoalexandri.es\/wp-content\/uploads\/2019\/11\/a-bronce-corint_plate20-e1572879771129-622x1024.jpg 622w\" sizes=\"(max-width: 1095px) 100vw, 1095px\" \/><\/a>\n\t\t\t<\/div>\n\t\t\t\t<figcaption class='wp-caption-text gallery-caption' id='gallery-2-259'>\n\t\t\t\tFotograf\u00eda en C. C, Mattusch (1992) plate 20 a\n\t\t\t\t<\/figcaption><\/figure><figure class='gallery-item'>\n\t\t\t<div class='gallery-icon portrait'>\n\t\t\t\t<a data-elementor-open-lightbox=\"yes\" data-elementor-lightbox-slideshow=\"8aba8ce\" data-elementor-lightbox-title=\"a bronce corint_plate20b\" data-e-action-hash=\"#elementor-action%3Aaction%3Dlightbox%26settings%3DeyJpZCI6MjYwLCJ1cmwiOiJodHRwczpcL1wvaW1hZ29hbGV4YW5kcmkuZXNcL3dwLWNvbnRlbnRcL3VwbG9hZHNcLzIwMTlcLzExXC9hLWJyb25jZS1jb3JpbnRfcGxhdGUyMGItZTE1NzI4Nzk4NTExMzUuanBnIiwic2xpZGVzaG93IjoiOGFiYThjZSJ9\" href='https:\/\/imagoalexandri.es\/wp-content\/uploads\/2019\/11\/a-bronce-corint_plate20b-e1572879851135.jpg'><img loading=\"lazy\" decoding=\"async\" width=\"1047\" height=\"1797\" src=\"https:\/\/imagoalexandri.es\/wp-content\/uploads\/2019\/11\/a-bronce-corint_plate20b-e1572879851135.jpg\" class=\"attachment-full size-full\" alt=\"\" aria-describedby=\"gallery-2-260\" srcset=\"https:\/\/imagoalexandri.es\/wp-content\/uploads\/2019\/11\/a-bronce-corint_plate20b-e1572879851135.jpg 1047w, https:\/\/imagoalexandri.es\/wp-content\/uploads\/2019\/11\/a-bronce-corint_plate20b-e1572879851135-175x300.jpg 175w, https:\/\/imagoalexandri.es\/wp-content\/uploads\/2019\/11\/a-bronce-corint_plate20b-e1572879851135-768x1318.jpg 768w, https:\/\/imagoalexandri.es\/wp-content\/uploads\/2019\/11\/a-bronce-corint_plate20b-e1572879851135-597x1024.jpg 597w\" sizes=\"(max-width: 1047px) 100vw, 1047px\" \/><\/a>\n\t\t\t<\/div>\n\t\t\t\t<figcaption class='wp-caption-text gallery-caption' id='gallery-2-260'>\n\t\t\t\tFotograf\u00eda en C. C, Mattusch (1992) plate 20 b\n\t\t\t\t<\/figcaption><\/figure>\n\t\t<\/div>\n\t\t<\/div>\n\t\t\t\t\t\t<\/div>\n\t\t\t\t<\/div>\n\t\t\t\t\t<\/div>\n\t\t<\/div>\n\t\t\t\t\t<\/div>\n\t\t<\/section>\n\t\t\t\t<section class=\"elementor-section elementor-top-section elementor-element elementor-element-57cf008 elementor-section-boxed elementor-section-height-default elementor-section-height-default wpr-particle-no wpr-jarallax-no wpr-parallax-no wpr-sticky-section-no\" data-id=\"57cf008\" data-element_type=\"section\" data-e-type=\"section\">\n\t\t\t\t\t\t<div class=\"elementor-container elementor-column-gap-default\">\n\t\t\t\t\t<div class=\"elementor-column elementor-col-100 elementor-top-column elementor-element elementor-element-071a186\" data-id=\"071a186\" data-element_type=\"column\" data-e-type=\"column\">\n\t\t\t<div class=\"elementor-widget-wrap elementor-element-populated\">\n\t\t\t\t\t\t<div class=\"elementor-element elementor-element-aa362ff elementor-widget elementor-widget-text-editor\" data-id=\"aa362ff\" data-element_type=\"widget\" data-e-type=\"widget\" data-widget_type=\"text-editor.default\">\n\t\t\t\t<div class=\"elementor-widget-container\">\n\t\t\t\t\t\t\t\t\t<h2><span style=\"text-decoration: underline;\">Bibliograf\u00eda Complementaria Citada<\/span><\/h2>\n<div><br><\/div>\n<div>CARPENTER, R. (1927) The \u201cHellenistic Ruler\u201d of the Terme Museum. <i>AJA<\/i> 31:160-168<\/div>\n<div>STEVENSON,T. (1998) The &#8216;Problem with Nude Honorific Statuary and Portraits in Late Republican and Augustan Rome<b>.&nbsp;<\/b><i>G&amp;R<\/i>&nbsp;45:45-69<\/div>\n<div>ZANKER, P. (1992) <i>Augusto y el poder de las im\u00e1genes. <\/i>Alianza. Madrid<\/div>\t\t\t\t\t\t\t\t<\/div>\n\t\t\t\t<\/div>\n\t\t\t\t\t<\/div>\n\t\t<\/div>\n\t\t\t\t\t<\/div>\n\t\t<\/section>\n\t\t\t\t<\/div>\n\t\t","protected":false},"excerpt":{"rendered":"<p>Fotograf\u00eda de la p\u00e1gina web del Museo de Corinto Datos B\u00e1sicos Bibliograf\u00eda e Informaci\u00f3n Web Medidas Cronolog\u00eda Datos B\u00e1sicos Museo Actual: Museo Arqueol\u00f3gico de Corinto Inventario Museo: \u00a0MF 4016 Material:\u00a0Bronce Bibliograf\u00eda e Informaci\u00f3n Web Bibliograf\u00eda o Referencias:\u00a0 HILL, B. H. (1926) \u201cExcavations at Corinth 1925: Preliminary Report\u201d AJA 30 : 44-49. DAVIDSON, G. R. (1952)\u00a0Corinth, XII, The Minor Objects: 66.Princeton . KAROUZOS , C. (1968). Statuette d&#8217; un strat\u00e8ge en bronze\u00a0\u00a0R A.\u00a01: 185-192 MATTUSCH, C. C (1990) A roman mars from Corinth? en F. Burkhalter, J. Arce (coord.) Bronces y religi\u00f3n romana : actas del XI Congreso Internacional de Bronces Antiguos:297-300. Madrid. MATTUSCH, C. C. (1992)\u201cA bronce warrior from Corinth\u201d Hesperia 61:79-84 Informaci\u00f3n Web:\u00a0P\u00e1gina del Museo\u00a0 Medidas \u00a0 Alto: 25,5 cm \u00a0 Cronolog\u00eda Fecha: 146 a.C. Per\u00edodo:\u00a0Escipiones-Graco \u00c9poca de la Pieza:\u00a0Rep\u00fablica siglo II a.C. \u00c9poca de realizaci\u00f3n de la pieza que imita:\u00a0\u00c9poca de Alejandro-Diadocos\u00a0 Escultura de bronce de 25,5 cent\u00edmetros de altura. Figura masculina ataviada con casco corintio con cimera y armadura decorada con una cabeza de gorgona.El brazo izquierdo se conserva hasta la mu\u00f1eca, est\u00e1 en alto y doblado hac\u00eda el lateral, posiblemente sosteniendo un objeto. Mientras que el brazo derecho est\u00e1 adelantado y tambi\u00e9n doblado hacia frente, por la forma de la mano sostendr\u00eda tambi\u00e9n un objeto que no se ha conservado.La\u00a0 pierna derecha doblada hace que la figura presente una leve curva praxiteliana. En opini\u00f3n de Mattusch\u00a0 estar\u00edamos ante una representaci\u00f3n que imita al Alejandro de la lanza de Lisipo;\u00a0 que fue modelo para representaciones del gobernante en per\u00edodo helen\u00edstico. Argumenta que estar\u00edamos ante una representaci\u00f3n evolucionada donde la figura ya no aparece desnuda, sino ataviada con una armadura decorada con una gorgona y un casco con cimera. En nuestra opini\u00f3n la adjudicaci\u00f3n de una representaci\u00f3n de Marte\u00a0 propuesta por HILL, B. H. (1926) y DAVIDSON, G. R.(1952) o la actual del museo que ya propus\u00f3 Karouzos\u00a0 (1968) como un general griego, ser\u00edan las m\u00e1s indicadas. Puesto que si bien es cierto que el Alejandro de la lanza se convierte en un modelo para las representaciones del gobernante, para el per\u00edodo de la pieza, no existe un motivo claro para que un pr\u00edncipe helen\u00edstico no aparezca representado con el desnudo heroico al igual que Alejandro. Cuando el problema de la desnudez , podr\u00eda afectar m\u00e1s a los dirigentes romanos, especialmente durante el per\u00edodo de la tardoreplublica e imperio, donde se puede solventar con una desnudez parcial. Aunque como ya documentaron\u00a0Stevenson (1998\u00a0:45-69) y\u00a0\u00a0 Zanker (1992)\u00a0, existen\u00a0esculturas de retratos romanos que usan el desnudo . De hecho una de las piezas que menciona como ejemplo, es una escultura de bronce con desnudo heroico, que se encuentra en Roma en el\u00a0Palazzo Massimo alle Terme (Gobernante helen\u00edstico\u00a0M.N. 1049) ,\u00a0 que ya\u00a0Carpenter (1927:160-168), intent\u00f3 vincular con figuras romanas importantes de fines de la rep\u00fablica. La cuesti\u00f3n ser\u00eda en que si representa a un personaje romano porqu\u00e9 llevar un casco griego lo har\u00eda m\u00e1s aceptable que una representaci\u00f3n desnuda y si la figura es griega, cu\u00e1l ser\u00eda la necesidad que lleva a que la escultura aparezca vestida y no siguiendo el canon que marc\u00f3 Lisipo. Con respecto a los rasgos faciales podr\u00edamos observar rasgos de las caracter\u00edsticas de las esculturas de Alejandro, cabeza ladeada, en este caso a la derecha, barbilla redondeada, cabello rizado y mejillas plana Fotograf\u00eda en C. C, Mattusch (1992) plate 21 a Fotograf\u00eda en C. C, Mattusch (1992) plate 21 Fotograf\u00eda en C. C, Mattusch (1992) plate 21 c Fotograf\u00eda en C. C, Mattusch (1992) plate 22 b Fotograf\u00eda en C. C, Mattusch (1992) plate 22 a Comentar tambi\u00e9n que las primeras fotograf\u00edas de la pieza parecen mostrar un mejor estado de conservaci\u00f3n que el actual. Fotograf\u00eda en C. C, Mattusch (1992) plate 20 a Fotograf\u00eda en C. C, Mattusch (1992) plate 20 b Bibliograf\u00eda Complementaria Citada CARPENTER, R. (1927) The \u201cHellenistic Ruler\u201d of the Terme Museum. AJA 31:160-168 STEVENSON,T. (1998) The &#8216;Problem with Nude Honorific Statuary and Portraits in Late Republican and Augustan Rome.&nbsp;G&amp;R&nbsp;45:45-69 ZANKER, P. (1992) Augusto y el poder de las im\u00e1genes. Alianza. Madrid<\/p>\n","protected":false},"author":2,"featured_media":0,"parent":0,"menu_order":0,"comment_status":"closed","ping_status":"closed","template":"","meta":{"footnotes":""},"class_list":{"0":"post-218","1":"page","2":"type-page","3":"status-publish","5":"materiales-bronce","6":"museo-museo-arqueologico-de-corinto","7":"periodo-republica","8":"periodo-republica-siglo-ii-a-c","9":"tipologia-escultura-relieve","10":"tipologia-toreutica"},"_links":{"self":[{"href":"https:\/\/imagoalexandri.es\/index.php?rest_route=\/wp\/v2\/pages\/218","targetHints":{"allow":["GET"]}}],"collection":[{"href":"https:\/\/imagoalexandri.es\/index.php?rest_route=\/wp\/v2\/pages"}],"about":[{"href":"https:\/\/imagoalexandri.es\/index.php?rest_route=\/wp\/v2\/types\/page"}],"author":[{"embeddable":true,"href":"https:\/\/imagoalexandri.es\/index.php?rest_route=\/wp\/v2\/users\/2"}],"replies":[{"embeddable":true,"href":"https:\/\/imagoalexandri.es\/index.php?rest_route=%2Fwp%2Fv2%2Fcomments&post=218"}],"version-history":[{"count":0,"href":"https:\/\/imagoalexandri.es\/index.php?rest_route=\/wp\/v2\/pages\/218\/revisions"}],"wp:attachment":[{"href":"https:\/\/imagoalexandri.es\/index.php?rest_route=%2Fwp%2Fv2%2Fmedia&parent=218"}],"curies":[{"name":"wp","href":"https:\/\/api.w.org\/{rel}","templated":true}]}}